{"file_id":"F1","vid":"V105","name":"e18b_rpfg","var_intrvl":"discrete","var_dcml":null,"var_wgt":null,"var_is_wgt":null,"loc_start_pos":null,"loc_end_pos":null,"loc_width":"1","loc_rec_seg_no":null,"labl":"\u00bfAlgunas fueron de entrada gratuita?","var_imputation":"No se gener\u00f3 ning\u00fan proceso de imputaci\u00f3n","var_security":"El acceso a microdatos y Mam-up se considera como de tratamiento especial respecto a la reserva estad\u00edstica por tanto estar\u00e1 sujeto a la reglamentaci\u00f3n que para el efecto defina el Comit\u00e9 de Aseguramiento de la reserva estad\u00edstica. Resoluci\u00f3n 173 de 2008","var_resp_unit":"Informante directo","var_analysis_unit":null,"var_qstn_preqtxt":"Aproximadamente, \u00bfcu\u00e1nto pag\u00f3 usted por entradas en los \u00faltimos 12 meses?","var_qstn_qstnlit":"\u00bfAlgunas fueron de entrada gratuita?\n\n1- S\u00ed\n2- No","var_qstn_postqtxt":"\u00bfUsted asisti\u00f3 a exposiciones, ferias y muestras de fotograf\u00eda, pintura, grabado, dibujo, escultura y artes gr\u00e1ficas en los \u00faltimos 12 meses?\n\na. Si\nb. No","var_qstn_ivuinstr":null,"var_universe":"Poblaci\u00f3n de 12 a\u00f1os y m\u00e1s","var_universe_clusion":"I","var_sumstat":[],"var_txt":null,"var_catgry":[{"value":"1","labl":"S\u00ed","is_missing":null,"stats":[]},{"value":"2.","labl":"No","is_missing":null,"stats":[]}],"var_codinstr":"No hubo recodificaci\u00f3n de las variables y categorias","var_concept":[],"var_format":{"type":"character","schema":"other","category":null,"name":null},"var_notes":null,"var_val_range":{"min":null,"max":null},"fid":"F1","sid":"107","survey_idno":"DANE-DIRPEN-ECC-2008"}