{"file_id":"F1","vid":"V112","name":"e20e_nasi","var_intrvl":"discrete","var_dcml":null,"var_wgt":null,"var_is_wgt":null,"loc_start_pos":null,"loc_end_pos":null,"loc_width":"1","loc_rec_seg_no":null,"labl":"Desinter\u00e9s\/no le gusta","var_imputation":"No se gener\u00f3 ning\u00fan proceso de imputaci\u00f3n.","var_security":"El acceso a microdatos y Mam-up se considera como de tratamiento especial respecto a la reserva estad\u00edstica por tanto estar\u00e1 sujeto a la reglamentaci\u00f3n que para el efecto defina el Comit\u00e9 de Aseguramiento de la reserva estad\u00edstica. Resoluci\u00f3n 173 de 2008.","var_resp_unit":"Informante directo.","var_analysis_unit":null,"var_qstn_preqtxt":"y con qu\u00e9 frecuencia?\n\n1. Por lo menos una vez a la semana\n2. Una vez al mes \n3. Una vez cada tres meses\n4. Una vez cada seis meses\n5. Un a vez al a\u00f1o","var_qstn_qstnlit":"Usted no asisti\u00f3 a exposiciones, ferias y muestras de fotograf\u00eda, pintura, grabado, dibujo, escultura y artes gr\u00e1ficas porque: \n\ne. Desinter\u00e9s\/no le gusta","var_qstn_postqtxt":"En los \u00faltimos 12 meses, \u00bfasisti\u00f3 a ferias y exposiciones artesanales?\n\na. Si\nb. No","var_qstn_ivuinstr":null,"var_universe":"Poblaci\u00f3n de 12 a\u00f1os y m\u00e1s, excepto que hayan contestado 5 (Una vez al a\u00f1o) en e19_fre.","var_universe_clusion":"I","var_sumstat":[],"var_txt":null,"var_catgry":[],"var_codinstr":"No hubo recodificaci\u00f3n de las variables y categorias.","var_concept":[],"var_format":{"type":"character","schema":"other","category":null,"name":null},"var_notes":null,"var_val_range":{"min":null,"max":null},"fid":"F1","sid":"107","survey_idno":"DANE-DIRPEN-ECC-2008"}