{"file_id":"F1","vid":"V248","name":"f44_frec","var_intrvl":"discrete","var_dcml":null,"var_wgt":null,"var_is_wgt":null,"loc_start_pos":null,"loc_end_pos":null,"loc_width":"1","loc_rec_seg_no":null,"labl":"y con qu\u00e9 frecuencia?","var_imputation":"No se gener\u00f3 ning\u00fan proceso de imputaci\u00f3n.","var_security":"El acceso a microdatos y Mam-up se considera como de tratamiento especial respecto a la reserva estad\u00edstica por tanto estar\u00e1 sujeto a la reglamentaci\u00f3n que para el efecto defina el Comit\u00e9 de Aseguramiento de la reserva estad\u00edstica. Resoluci\u00f3n 173 de 2008.","var_resp_unit":"Informante directo para las personas de 12 a\u00f1os y m\u00e1s. En el caso de los menores entre los 5 y 11 a\u00f1os, la informaci\u00f3n ser\u00e1 suministrada por los padres o acudientes (informante id\u00f3neo).","var_analysis_unit":null,"var_qstn_preqtxt":"En los \u00faltimos 12 meses, \u00bfusted fue a cine?\n\n1. Si\n2. No","var_qstn_qstnlit":"con que frecuencia?\n\n1. Por lo menos una vez por semana\n2. Una vez al mes\n3. Una vez cada tes meses \n4. una vez cada seia meses\n5. Una vez al a\u00f1o","var_qstn_postqtxt":"\u00bfUsted por qu\u00e9 no asisti\u00f3 a cine en los \u00faltimos 12 meses? \n\na. Las salas y espacios quedan muy lejos \nb. Prefiere ver pel\u00edculas en video en su DVD, VHS, \nBETAMAX y otros equipos de reproducci\u00f3n  \nc. Falta de dinero \nd. Problemas de salud o discapacidad \ne. Desinter\u00e9s\/no le gusta \nf. No hay o no existen espacios d\u00f3nde ver cine \ng. Porque ve las pel\u00edculas por televisi\u00f3n \nh. Falta de tiempo \ni. No sabe si hay espacios y salas de proyecci\u00f3n","var_qstn_ivuinstr":null,"var_universe":"Poblaci\u00f3n de 5 a\u00f1os y m\u00e1s que haya contestado SI en f44_ac.","var_universe_clusion":"I","var_sumstat":[],"var_txt":null,"var_catgry":[{"value":"1","labl":"Por lo menos una vez por semana","is_missing":null,"stats":[]},{"value":"2","labl":"Una vez al mes","is_missing":null,"stats":[]},{"value":"3","labl":"Una vez cada tres meses","is_missing":null,"stats":[]},{"value":"4","labl":"Una vez cada seis meses","is_missing":null,"stats":[]},{"value":"5","labl":"Una vez al a\u00f1o","is_missing":null,"stats":[]}],"var_codinstr":"No hubo recodificaci\u00f3n de las variables y categorias.","var_concept":[],"var_format":{"type":"character","schema":"other","category":null,"name":null},"var_notes":null,"var_val_range":{"min":null,"max":null},"fid":"F1","sid":"107","survey_idno":"DANE-DIRPEN-ECC-2008"}