{"file_id":"F1","vid":"V346","name":"f63_emg","var_intrvl":"discrete","var_dcml":null,"var_wgt":null,"var_is_wgt":null,"loc_start_pos":null,"loc_end_pos":null,"loc_width":"1","loc_rec_seg_no":null,"labl":"\u00bfUsted escuch\u00f3 m\u00fasica grabada en la \u00faltima semana?","var_imputation":"No se gener\u00f3 ning\u00fan proceso de imputaci\u00f3n.","var_security":"El acceso a microdatos y Mam-up se considera como de tratamiento especial respecto a la reserva estad\u00edstica por tanto estar\u00e1 sujeto a la reglamentaci\u00f3n que para el efecto defina el Comit\u00e9 de Aseguramiento de la reserva estad\u00edstica. Resoluci\u00f3n 173 de 2008.","var_resp_unit":"Informante directo para las personas de 12 a\u00f1os y m\u00e1s. En el caso de los menores entre los 5 y 11 a\u00f1os, la informaci\u00f3n ser\u00e1 suministrada por los padres o acudientes (informante id\u00f3neo).","var_analysis_unit":null,"var_qstn_preqtxt":"\u00bfQu\u00e9 programas de radio escuch\u00f3 en la \u00faltima semana? \n\na. Musicales \nb. De opini\u00f3n\/entrevistas \nc. Informativos\/noticieros \nd. Deportivos \ne. Magazines \nf. Culturales \ng. Radionovelas\nh. Infantiles\ni. Humor\/comedias\nj. Religiosos \nk. Salud\/medicina \nl. Esp\u00e9ctaculo y far\u00e1ndula \nm. Otro","var_qstn_qstnlit":"\u00bfUsted escuch\u00f3 m\u00fasica grabada en la \u00faltima semana?\n\n1- S\u00ed\n2- No","var_qstn_postqtxt":"con qu\u00e9 frecuencia?\n\na. Todos los d\u00edas \nb. Casi todos los d\u00edas de la semana\nc. Varias veces a la semana \nd. Una vez a la semana","var_qstn_ivuinstr":null,"var_universe":"Poblaci\u00f3n de 5 a\u00f1os y m\u00e1s.","var_universe_clusion":"I","var_sumstat":[],"var_txt":"La m\u00fasica grabada es aquella que se almacena, reproduce y circula por medio de dispositivos tecnol\u00f3gicos (CD's, acetatos, cassettes, IPOD, MP3, entre otros). EN ESTE CASO NO SE INCLUYEN LAS PRESENTACIONES EN VIVO. ESTA CATEGOR\u00cdA EST\u00c1 VINCULADA EN EL M\u00d3DULO E DE LA ENCUESTA, as\u00ed mismo tampoco por la que se escucha por medios como la televisi\u00f3n o la radio.","var_catgry":[{"value":"1","labl":"S\u00ed","is_missing":null,"stats":[]},{"value":"2","labl":"No","is_missing":null,"stats":[]}],"var_codinstr":"No hubo recodificaci\u00f3n de las variables y categorias.","var_concept":[],"var_format":{"type":"character","schema":"other","category":null,"name":null},"var_notes":null,"var_val_range":{"min":null,"max":null},"fid":"F1","sid":"107","survey_idno":"DANE-DIRPEN-ECC-2008"}