{"file_id":"F1","vid":"V347","name":"f63_frem","var_intrvl":"discrete","var_dcml":null,"var_wgt":null,"var_is_wgt":null,"loc_start_pos":null,"loc_end_pos":null,"loc_width":"1","loc_rec_seg_no":null,"labl":"y con qu\u00e9 frecuencia?","var_imputation":"No se gener\u00f3 ning\u00fan proceso de imputaci\u00f3n.","var_security":"El acceso a microdatos y Mam-up se considera como de tratamiento especial respecto a la reserva estad\u00edstica por tanto estar\u00e1 sujeto a la reglamentaci\u00f3n que para el efecto defina el Comit\u00e9 de Aseguramiento de la reserva estad\u00edstica. Resoluci\u00f3n 173 de 2008.","var_resp_unit":"Informante directo para las personas de 12 a\u00f1os y m\u00e1s. En el caso de los menores entre los 5 y 11 a\u00f1os, la informaci\u00f3n ser\u00e1 suministrada por los padres o acudientes (informante id\u00f3neo).","var_analysis_unit":null,"var_qstn_preqtxt":"\u00bfUsted escuch\u00f3 m\u00fasica grabada en la \u00faltima semana?\n\na. Si\nb. No","var_qstn_qstnlit":"con qu\u00e9 frecuencia?\n\n1. Todos los dias\n2. Casi todos los dias de la semana\n3. Varias veces a la semana \n4. Una vez a la semana","var_qstn_postqtxt":"\u00bfPor qu\u00e9 no escuch\u00f3 m\u00fasica grabada en la \u00faltima semana? \n\na. Desinter\u00e9s\/no le gusta\nb. Problemas de salud o de discacidad \nc. Falta de riempo\nd. No tiene equipos para escuchar m\u00fasica grabada","var_qstn_ivuinstr":null,"var_universe":"Poblaci\u00f3n de 5 a\u00f1os y m\u00e1s que contest\u00f3 SI en f63_emg.","var_universe_clusion":"I","var_sumstat":[],"var_txt":null,"var_catgry":[{"value":"1.","labl":"Todos los d\u00edas","is_missing":null,"stats":[]},{"value":"2.","labl":"Casi todos los d\u00edas de la semana","is_missing":null,"stats":[]},{"value":"3.","labl":"Varias veces a la semana","is_missing":null,"stats":[]},{"value":"4.","labl":"Una vez a la semana","is_missing":null,"stats":[]}],"var_codinstr":"No hubo recodificaci\u00f3n de las variables y categorias.","var_concept":[],"var_format":{"type":"character","schema":"other","category":null,"name":null},"var_notes":null,"var_val_range":{"min":null,"max":null},"fid":"F1","sid":"107","survey_idno":"DANE-DIRPEN-ECC-2008"}