{"file_id":"F1","vid":"V382","name":"g68_fre","var_intrvl":"discrete","var_dcml":null,"var_wgt":null,"var_is_wgt":null,"loc_start_pos":null,"loc_end_pos":null,"loc_width":"1","loc_rec_seg_no":null,"labl":"y con qu\u00e9 frecuencia?","var_imputation":"No se gener\u00f3 ning\u00fan proceso de imputaci\u00f3n.","var_security":"El acceso a microdatos y Mam-up se considera como de tratamiento especial respecto a la reserva estad\u00edstica por tanto estar\u00e1 sujeto a la reglamentaci\u00f3n que para el efecto defina el Comit\u00e9 de Aseguramiento de la reserva estad\u00edstica. Resoluci\u00f3n 173 de 2008.","var_resp_unit":"Informante directo para las personas de 12 a\u00f1os y m\u00e1s. En el caso de los menores entre los 5 y 11 a\u00f1os, la informaci\u00f3n ser\u00e1 suministrada por los padres o acudientes (informante id\u00f3neo).","var_analysis_unit":null,"var_qstn_preqtxt":"\u00bfAsisti\u00f3 a bibliotecas en los \u00faltimos 12 meses?\n\n1. Si\n2. No","var_qstn_qstnlit":"con qu\u00e9 frecuencia?\n\n1. Varias veces a la semana\n2. Una vez a la semana\n3. Una vez al mes\n4. Una vez cada tres meses\n5. Por lo menos una vez al a\u00f1o","var_qstn_postqtxt":"Usted no asisti\u00f3 a blibliotecas por:\n\na. Falta de dinero \nb. Desinter\u00e9s\/no le gusta \nc. No sabe que existen \nd. Problemas de salud o discapacidad \ne. Falta de tiempo\nf. Problemas de salud o discapacidad  \ng. Est\u00e1n lejos","var_qstn_ivuinstr":null,"var_universe":"Poblaci\u00f3n de 5 a\u00f1os y m\u00e1s que contest\u00f3 SI en g68_asb.","var_universe_clusion":"I","var_sumstat":[],"var_txt":null,"var_catgry":[{"value":"1.","labl":"Varias veces a la semana","is_missing":null,"stats":[]},{"value":"2.","labl":"Una vez a la semana","is_missing":null,"stats":[]},{"value":"3.","labl":"Una vez al mes","is_missing":null,"stats":[]},{"value":"4.","labl":"Una vez cada tres meses","is_missing":null,"stats":[]},{"value":"5.","labl":"Por lo menos una vez al a\u00f1o","is_missing":null,"stats":[]}],"var_codinstr":"No hubo recodificaci\u00f3n de las variables y categorias.","var_concept":[],"var_format":{"type":"character","schema":"other","category":null,"name":null},"var_notes":null,"var_val_range":{"min":null,"max":null},"fid":"F1","sid":"107","survey_idno":"DANE-DIRPEN-ECC-2008"}