{"file_id":"F1","vid":"V459","name":"h83_asal","var_intrvl":"discrete","var_dcml":null,"var_wgt":null,"var_is_wgt":null,"loc_start_pos":null,"loc_end_pos":null,"loc_width":"1","loc_rec_seg_no":null,"labl":"\u00bfUsted desarroll\u00f3 alguna actividad l\u00fadica o de juego en los \u00faltimos 12 meses?","var_imputation":"No se gener\u00f3 ning\u00fan proceso de imputaci\u00f3n.","var_security":"El acceso a microdatos y Mam-up se considera como de tratamiento especial respecto a la reserva estad\u00edstica por tanto estar\u00e1 sujeto a la reglamentaci\u00f3n que para el efecto defina el Comit\u00e9 de Aseguramiento de la reserva estad\u00edstica. Resoluci\u00f3n 173 de 2008","var_resp_unit":"Informante directo para las personas de 12 a\u00f1os y m\u00e1s. En el caso de los menores entre los 5 y 11 a\u00f1os, la informaci\u00f3n ser\u00e1 suministrada por los padres o acudientes (informante id\u00f3neo).","var_analysis_unit":null,"var_qstn_preqtxt":"En los \u00faltimos 12 meses \u00bfhizo alguna pr\u00e1ctica cultural?\n\na. Hizo videos, produjo radios, realiz\u00f3 televisi\u00f3n o particip\u00f3 en producciones de cine\nb. Toc\u00f3 alg\u00fan instrumento, compuso o cant\u00f3\nc. Hizo teatro, practic\u00f3 danza, particip\u00f3 en \u00f3pera\nd. Hizo t\u00edteres, particip\u00f3 en cuenter\u00eda \ne. Tom\u00f3 fotos, pint\u00f3, hizo alguna escultura y\/o grabado, realiz\u00f3 alg\u00fan dibujo o arte gr\u00e1fica \nf. Escribi\u00f3 textos literarios y\/o period\u00edsticos para prensa \ng. Realiz\u00f3 alg\u00fan tipo de artesan\u00eda \nh. Elabor\u00f3 alguna manualidad \ni. Otra pr\u00e1ctica cultural","var_qstn_qstnlit":"\u00bfUsted desarroll\u00f3 alguna actividad l\u00fadica o de juego en los \u00faltimos 12 meses?\n\n1- S\u00ed\n2- No","var_qstn_postqtxt":"con qu\u00e9 frecuencia?\n\n1. Casi todos los d\u00edas de la semana\n2. Varias veces a la semana\n3. Una vez a la semana\n4. Una vez al mes\n5. Una vez cada tres meses\n6. Por lo menos una vez al a\u00f1o","var_qstn_ivuinstr":null,"var_universe":"Poblaci\u00f3n de 5 a\u00f1os y m\u00e1s.","var_universe_clusion":"I","var_sumstat":[],"var_txt":null,"var_catgry":[{"value":"1","labl":"S\u00ed","is_missing":null,"stats":[]},{"value":"2","labl":"No","is_missing":null,"stats":[]}],"var_codinstr":"No hubo recodificaci\u00f3n de las variables y categorias.","var_concept":[],"var_format":{"type":"character","schema":"other","category":null,"name":null},"var_notes":null,"var_val_range":{"min":null,"max":null},"fid":"F1","sid":"107","survey_idno":"DANE-DIRPEN-ECC-2008"}