{"file_id":"F1","vid":"V497","name":"c05_nac","var_intrvl":"discrete","var_dcml":null,"var_wgt":null,"var_is_wgt":null,"loc_start_pos":null,"loc_end_pos":null,"loc_width":"1","loc_rec_seg_no":null,"labl":"\u00bfUsted es colombiano?","var_imputation":"No se gener\u00f3 ning\u00fan proceso de imputaci\u00f3n.","var_security":"El acceso a microdatos y Mam-up se considera como de tratamiento especial respecto a la reserva estad\u00edstica por tanto estar\u00e1 sujeto a la reglamentaci\u00f3n que para el efecto defina el Comit\u00e9 de Aseguramiento de la reserva estad\u00edstica. Resoluci\u00f3n 173 de 2008.","var_resp_unit":"Informante directo para las personas de 12 a\u00f1os y m\u00e1s. En el caso de los menores entre los 5 y 11 a\u00f1os, la informaci\u00f3n ser\u00e1 suministrada por los padres o acudientes (informante id\u00f3neo)","var_analysis_unit":null,"var_qstn_preqtxt":"\u00bfUsted actualmente esta?\n\n1-Soltero(a)\n2-Casado(a)\n3-Uni\u00f3n libre\n4-Viudo(a)\n5-Separado(a)o Divorciado(a)","var_qstn_qstnlit":"\u00bfUsted es colombiano?\n\n1- Si\n2- No","var_qstn_postqtxt":"De acuerdo con su cultura, pueblo o rasgos f\u00edsicos usted se reconoce como:\n\na.\tIndigena\nb.\tGitano - rom\nc.\tRaizal del Archipi\u00e9lago de San Andres y Providencia\nd.\tPalenquero de San Basilo o descendiente\ne.\tNegro(a), mulato(a), afrocolombiano(a) o afrodescendiente\nf.\tMestizo\ng.\tBlanco\nh.\tOtro\ni.\tNo sabe, no responde","var_qstn_ivuinstr":"As\u00ed algunas personas que hayan nacido en otro pa\u00eds, se sientan muy colombianas por el tiempo que llevan viviendo aqu\u00ed, es importante establecer si nacieron en Colombia o en otro pa\u00eds.","var_universe":"Poblaci\u00f3n de 5 a\u00f1os y m\u00e1s.","var_universe_clusion":"I","var_sumstat":[],"var_txt":null,"var_catgry":[{"value":"1","labl":"Si","is_missing":null,"stats":[]},{"value":"2","labl":"No","is_missing":null,"stats":[]}],"var_codinstr":"No hubo recodificaci\u00f3n de las variables y categorias.","var_concept":[],"var_format":{"type":"character","schema":"other","category":null,"name":null},"var_notes":null,"var_val_range":{"min":null,"max":null},"fid":"F1","sid":"107","survey_idno":"DANE-DIRPEN-ECC-2008"}