{"file_id":"F1","vid":"V498","name":"c06_rec","var_intrvl":"discrete","var_dcml":null,"var_wgt":null,"var_is_wgt":null,"loc_start_pos":null,"loc_end_pos":null,"loc_width":"1","loc_rec_seg_no":null,"labl":"De acuerdo con su cultura, pueblo o rasgos f\u00edsicos usted se reconoce como:","var_imputation":"No se gener\u00f3 ning\u00fan proceso de imputaci\u00f3n.","var_security":"El acceso a microdatos y Mam-up se considera como de tratamiento especial respecto a la reserva estad\u00edstica por tanto estar\u00e1 sujeto a la reglamentaci\u00f3n que para el efecto defina el Comit\u00e9 de Aseguramiento de la reserva estad\u00edstica. Resoluci\u00f3n 173 de 2008.","var_resp_unit":"Informante directo.","var_analysis_unit":null,"var_qstn_preqtxt":"\u00bfUsted es colombiano?\n\na. Si\nb. No","var_qstn_qstnlit":"De acuerdo con su cultura, pueblo o rasgos f\u00edsicos usted se reconoce como\n\na.\tIndigena\nb.\tGitano - rom\nc.\tRaizal del Archipi\u00e9lago de San Andres y Providencia\nd.\tPalenquero de San Basilo o descendiente\ne.\tNegro(a), mulato(a), afrocolombiano(a) o afrodescendiente\nf.\tMestizo\ng.\tBlanco\nh.\tOtro\ni.\tNo sabe, no responde","var_qstn_postqtxt":"\u00bfCu\u00e1l es el nivel educativo m\u00e1s alto alcanzado por usted?\n\n1\t(Preescolar - b\u00e1sica)\n2\t(Secundaria)\n3\t(T\u00e9cnico o tecnol\u00f3go-a-)\n4\t(Universitario \/ Superior)\n5\t(Posgrado)\n6\t(Ninguno)\n9\t(No sabe \/ No responde)","var_qstn_ivuinstr":"Esta pregunta no debemos inducirla o asumir la respuesta a partir de lo que vemos. Es esencial basarse en las percepciones que tiene cada persona de s\u00ed misma. Sugerimos leer cada una de las opciones de respuesta y que las personas indiquen con cu\u00e1l de ellas se identifican, as\u00ed la respuesta nos pueda parecer evidente.\n\n!\tLos miembros de un hogar NO necesariamente se reconocen todos con la misma identidad \u00e9tnica\n!\tEl t\u00e9rmino ROM significa gitano, no lo asimilemos como \u201cROLO\u201d.","var_universe":"Poblaci\u00f3n de 12 a\u00f1os y m\u00e1s.","var_universe_clusion":"I","var_sumstat":[],"var_txt":null,"var_catgry":[{"value":"1.","labl":"Indigena","is_missing":null,"stats":[]},{"value":"2.","labl":"Gitano - rom","is_missing":null,"stats":[]},{"value":"3.","labl":"Raizal del Archipi\u00e9lago de San Andr\u00e9s y Providencia","is_missing":null,"stats":[]},{"value":"4.","labl":"Palenquero de San Basilo o descendiente","is_missing":null,"stats":[]},{"value":"5.","labl":"Negro(a), mulato(a), afrocolombiano(a) o afrodescendiente","is_missing":null,"stats":[]},{"value":"6.","labl":"Mestizo","is_missing":null,"stats":[]},{"value":"7.","labl":"Blanco","is_missing":null,"stats":[]},{"value":"8.","labl":"Otro","is_missing":null,"stats":[]},{"value":"9.","labl":"No sabe, no responde","is_missing":null,"stats":[]}],"var_codinstr":"No hubo recodificaci\u00f3n de las variables y categorias.","var_concept":[],"var_format":{"type":"character","schema":"other","category":null,"name":null},"var_notes":null,"var_val_range":{"min":null,"max":null},"fid":"F1","sid":"107","survey_idno":"DANE-DIRPEN-ECC-2008"}