{"file_id":"F41","vid":"V1042","name":"P52a","var_intrvl":"discrete","var_dcml":null,"var_wgt":null,"var_is_wgt":null,"loc_start_pos":"28","loc_end_pos":"29","loc_width":"2","loc_rec_seg_no":"1","labl":"\u00bfcu\u00e1l considera  que es la principal dificultad para conseguir trabajo o para instalar un negocio?","var_imputation":null,"var_security":"El acceso a microdatos y Mam-up se considera como de tratamiento especial respecto a la reserva estad\u00edstica por tanto estar\u00e1 sujeto a la reglamentaci\u00f3n que para el efecto defina el Comit\u00e9 de Aseguramiento de la reserva estad\u00edstica. Resoluci\u00f3n 173 de 2008.","var_resp_unit":"Informante Id\u00f3neo","var_analysis_unit":null,"var_qstn_preqtxt":"52.  Ha buscado trabajo como:\n\n1\tObrero o empleado de empresa particular\n2\tObrero o empleado del gobierno\n3\tEmpleado dom\u00e9stico\n4\tTrabajador por cuenta propia\n5\tPatr\u00f3n o empleador\n6\tOtro\n9\tNo sabe, no informa","var_qstn_qstnlit":"52 A. \u00bfCu\u00e1l considera  que es la principal dificultad para conseguir trabajo o para instalar un negocio?\n\n01\tNo hay trabajo disponible en la ciudad\n02\tEst\u00e1 esperando que lo llamen\n03\tNo sabe c\u00f3mo buscarlo\n04\tEst\u00e1 cansado de buscar\n05\tNo encuentra trabajo en su oficio o profesi\u00f3n\n06\tEst\u00e1 esperando la temporada alta\n07\tCarece de la experiencia necesaria\n08\tNo tiene recursos para instalar un negocio\n09\tLos empleadores lo consideran muy joven o muy viejo\n10\tUsted se considera muy joven o muy viejo\n11\tResponsabilidades familiares\n12\tProblemas de salud\n13\tEst\u00e1 estudiando\n14\tOtra \u00bfcu\u00e1l?","var_qstn_postqtxt":"53. \u00bf ..... ha buscado trabajo por primera vez o hab\u00eda trabajado antes, por lo menos durante 2 semanas consecutivas?\n\n1\tPrimera vez\n2\tTrabaj\u00f3 antes","var_qstn_ivuinstr":"El objetivo de esta pregunta es conocer la opini\u00f3n de las personas desocupadas acerca de los problemas que enfrenta  para conseguir trabajo.\n\nEn esta pregunta se investiga la raz\u00f3n principal  por la cual las personas no consiguen  \ntrabajo, lea la pregunta  y marque con X, la  alternativa que el informante indique.\n\nCuando la respuesta no se asimile a ninguna de las alternativas de la pregunta, marque con X la alternativa 14 (Otro).","var_universe":"En el caso de la Encuesta Continua de Hogares, el universo est\u00e1 conformado por la poblaci\u00f3n civil no institucional residente en viviendas particulares.  Dentro de este contexto, es importante tener en cuenta los siguientes conceptos:\n\n- Segmento. Es un \u00e1rea con l\u00edmites definidos en la cual se encuentran ubicadas las viviendas seleccionadas. Cada segmento tiene doce (12) viviendas en promedio.\n\n- Unidades de la muestra. Son aquellos elementos b\u00e1sicos utilizados para la selecci\u00f3n de la muestra. En este caso es la unidad de vivienda y todos los hogares que viven en una unidad de vivienda se incluyen en la muestra, es decir, se deben investigar.\n\n- Unidades de observaci\u00f3n. Son aquellos conjuntos de elementos que componen el universo con una caracter\u00edstica espec\u00edfica. En este caso la unidad b\u00e1sica de observaci\u00f3n es el hogar.","var_universe_clusion":"I","var_sumstat":[{"value":"3001","type":"vald","wgtd":null},{"value":"0","type":"invd","wgtd":null}],"var_txt":null,"var_catgry":[{"value":"01","labl":"No hay trabajo disponible en la ciudad","is_missing":null,"stats":[{"value":"1830","type":"freq","wgtd":null}]},{"value":"09","labl":"Los empleadores lo consideran muy joven o muy viejo","is_missing":null,"stats":[{"value":"254","type":"freq","wgtd":null}]},{"value":"14","labl":"Otra \u00bfcu\u00e1l?","is_missing":null,"stats":[{"value":"232","type":"freq","wgtd":null}]},{"value":"07","labl":"Carece de la experiencia necesaria","is_missing":null,"stats":[{"value":"198","type":"freq","wgtd":null}]},{"value":"02","labl":"Est\u00e1 esperando que lo llamen","is_missing":null,"stats":[{"value":"172","type":"freq","wgtd":null}]},{"value":"08","labl":"No tiene recursos para instalar un negocio","is_missing":null,"stats":[{"value":"101","type":"freq","wgtd":null}]},{"value":"05","labl":"No encuetra trabajo en su oficio o profesi\u00f3n","is_missing":null,"stats":[{"value":"91","type":"freq","wgtd":null}]},{"value":"10","labl":"Usted se considera muy joven o muy viejo","is_missing":null,"stats":[{"value":"40","type":"freq","wgtd":null}]},{"value":"11","labl":"Responsabilidades familiares","is_missing":null,"stats":[{"value":"31","type":"freq","wgtd":null}]},{"value":"12","labl":"Problemas de salud","is_missing":null,"stats":[{"value":"14","type":"freq","wgtd":null}]},{"value":"06","labl":"Est\u00e1 esperando la temporada alta","is_missing":null,"stats":[{"value":"11","type":"freq","wgtd":null}]},{"value":"04","labl":"Est\u00e1 cansado de buscar","is_missing":null,"stats":[{"value":"11","type":"freq","wgtd":null}]},{"value":"13","labl":"Est\u00e1 estudiando","is_missing":null,"stats":[{"value":"8","type":"freq","wgtd":null}]},{"value":"03","labl":"No sabe c\u00f3mo buscarlo","is_missing":null,"stats":[{"value":"8","type":"freq","wgtd":null}]}],"var_codinstr":null,"var_concept":[],"var_format":{"type":"character","schema":"other","category":null,"name":null},"var_notes":null,"var_val_range":{"min":null,"max":null},"fid":"F41","sid":"116","survey_idno":"DANE-DIMPE-ECH-2006"}