{"file_id":"F43","vid":"V1089","name":"P8a","var_intrvl":"discrete","var_dcml":null,"var_wgt":null,"var_is_wgt":null,"loc_start_pos":"27","loc_end_pos":"27","loc_width":"1","loc_rec_seg_no":"1","labl":"Aunque actualmente.. no estudia, \u00bf estuvo matriculado(a) durante \u00e9ste o el a\u00f1o acad\u00e9mico anterior y se tuvo que retirar?","var_imputation":null,"var_security":"El acceso a microdatos y Mam-up se considera como de tratamiento especial respecto a la reserva estad\u00edstica por tanto estar\u00e1 sujeto a la reglamentaci\u00f3n que para el efecto defina el Comit\u00e9 de Aseguramiento de la reserva estad\u00edstica. Resoluci\u00f3n 173 de 2008.","var_resp_unit":"Informante Id\u00f3neo","var_analysis_unit":null,"var_qstn_preqtxt":"8. \u00bfActualmente .... estudia ? (asiste actualmente a la escuela, colegio o universidad)\n\n1\tS\u00ed\n2\tNo","var_qstn_qstnlit":"8.A.  Aunque actualmente .... no estudia, \u00bfestuvo matriculado(a) durante \u00e9ste \u00f3 el  a\u00f1o acad\u00e9mico anterior y se tuvo que retirar?\n\n1\tS\u00ed\n2\tNo","var_qstn_postqtxt":"8 B.  \u00bfPor qu\u00e9 raz\u00f3n principal ...  no asiste a la escuela, colegio o universidad?\n\n01\tTiene que trabajar o buscar trabajo\n02\tNo tiene dinero para pagar los estudios\n03\tLo padres o acudientes consideran que no esta en edad escolar\n04\tNo hay cupo\n05\tNo hay centro educativo cercano\n06\tNo le gusta\n07\tDebe encargarse de los oficios del  hogar\n08\tCambio de residencia\n09\tProblemas de seguridad\n10\tPor embarazo\n11\tOtra raz\u00f3n \u00bfcu\u00e1l?","var_qstn_ivuinstr":"El objetivo de la pregunta es conocer la deserci\u00f3n escolar de los ni\u00f1os que habiendo estado matriculados durante \u00e9ste o el a\u00f1o acad\u00e9mico anterior, se tuvieron que retirar. \n\nLa deserci\u00f3n a que hace referencia esta pregunta est\u00e1 referida al a\u00f1o acad\u00e9mico 2005 para lo cual tenga en  cuenta los per\u00edodos que conforman el a\u00f1o acad\u00e9mico para  cada calendario (Calendario A de febrero a noviembre de 2005 y  Calendario B de septiembre de 2005 a junio de 2006).\n\nEsta pregunta solo se diligencia para las personas que en pregunta 8 marcaron alternativa 2 (NO).\n\nFormule la pregunta, espere  respuesta y marque con X  la alternativa correspondiente.\n\nTenga en cuenta que si la persona se encuentra en vacaciones escolares, se considera asistiendo, pero si se retir\u00f3 sin haber culminado el a\u00f1o escolar (desert\u00f3) SE DEBE MARCAR LA OPCI\u00d3N 1 (SI).","var_universe":"En el caso de la Encuesta Continua de Hogares, el universo est\u00e1 conformado por la poblaci\u00f3n civil no institucional residente en viviendas particulares.  Dentro de este contexto, es importante tener en cuenta los siguientes conceptos:\n\n- Segmento. Es un \u00e1rea con l\u00edmites definidos en la cual se encuentran ubicadas las viviendas seleccionadas. Cada segmento tiene doce (12) viviendas en promedio.\n\n- Unidades de la muestra. Son aquellos elementos b\u00e1sicos utilizados para la selecci\u00f3n de la muestra. En este caso es la unidad de vivienda y todos los hogares que viven en una unidad de vivienda se incluyen en la muestra, es decir, se deben investigar.\n\n- Unidades de observaci\u00f3n. Son aquellos conjuntos de elementos que componen el universo con una caracter\u00edstica espec\u00edfica. En este caso la unidad b\u00e1sica de observaci\u00f3n es el hogar.","var_universe_clusion":"I","var_sumstat":[{"value":"3963","type":"vald","wgtd":null},{"value":"0","type":"invd","wgtd":null}],"var_txt":null,"var_catgry":[{"value":"2","labl":"No","is_missing":null,"stats":[{"value":"3933","type":"freq","wgtd":null}]},{"value":"1","labl":"S\u00ed","is_missing":null,"stats":[{"value":"30","type":"freq","wgtd":null}]}],"var_codinstr":null,"var_concept":[],"var_format":{"type":"character","schema":"other","category":null,"name":null},"var_notes":null,"var_val_range":{"min":null,"max":null},"fid":"F43","sid":"116","survey_idno":"DANE-DIMPE-ECH-2006"}