{"file_id":"F47","vid":"V1181","name":"P45","var_intrvl":"discrete","var_dcml":null,"var_wgt":null,"var_is_wgt":null,"loc_start_pos":"35","loc_end_pos":"35","loc_width":"1","loc_rec_seg_no":"1","labl":"\u00bf....desea cambiar el trabajo  que  tiene actualmente?","var_imputation":null,"var_security":"El acceso a microdatos y Mam-up se considera como de tratamiento especial respecto a la reserva estad\u00edstica por tanto estar\u00e1 sujeto a la reglamentaci\u00f3n que para el efecto defina el Comit\u00e9 de Aseguramiento de la reserva estad\u00edstica. Resoluci\u00f3n 173 de 2008.","var_resp_unit":"Informante Id\u00f3neo","var_analysis_unit":null,"var_qstn_preqtxt":"40. Adem\u00e1s de las horas que trabaja actualmente, \u00bf...... quiere trabajar m\u00e1s horas? \n\n1\tS\u00ed\n2\tNo","var_qstn_qstnlit":"45. \u00bf ...... desea cambiar el trabajo que tiene actualmente?\n\n1\tS\u00ed\n2\tNo","var_qstn_postqtxt":"46.  \u00bfPor qu\u00e9 motivos ...... desea cambiar de trabajo o empleo?\n\n1\tPara mejorar la utilizaci\u00f3n de sus capacidades o formaci\u00f3n","var_qstn_ivuinstr":"Incluye tanto trabajo principal como secundario.\n\nPara el diligenciamiento de esta pregunta tenga en cuenta que el subempleo, definido como la subutilizaci\u00f3n de las personas ocupadas, por ser una caracter\u00edstica de las personas y no de los empleos, puede presentarse en relaci\u00f3n con el empleo principal o secundario, o en ambos.  \n\nMarque alternativa 1 (Si), cuando la persona manifieste el deseo de cambiar cualquiera de sus empleos o trabajos actuales. \n\nA esta pregunta algunos informantes responden que no hay donde conseguir empleo. Ante este tipo de  respuestas, el recolector, debe pedir al encuestado que independientemente de la facilidad o posibilidad de cambiar de empleo, se refiera al deseo de cambiar su situaci\u00f3n  actual de empleo.\n\nSi la persona contesta alternativa 1 (Si) debe continuar, si responde 2 (No) debe terminar el m\u00f3dulo para esa persona.","var_universe":"En el caso de la Encuesta Continua de Hogares, el universo est\u00e1 conformado por la poblaci\u00f3n civil no institucional residente en viviendas particulares.  Dentro de este contexto, es importante tener en cuenta los siguientes conceptos:\n\n- Segmento. Es un \u00e1rea con l\u00edmites definidos en la cual se encuentran ubicadas las viviendas seleccionadas. Cada segmento tiene doce (12) viviendas en promedio.\n\n- Unidades de la muestra. Son aquellos elementos b\u00e1sicos utilizados para la selecci\u00f3n de la muestra. En este caso es la unidad de vivienda y todos los hogares que viven en una unidad de vivienda se incluyen en la muestra, es decir, se deben investigar.\n\n- Unidades de observaci\u00f3n. Son aquellos conjuntos de elementos que componen el universo con una caracter\u00edstica espec\u00edfica. En este caso la unidad b\u00e1sica de observaci\u00f3n es el hogar.","var_universe_clusion":"I","var_sumstat":[{"value":"2336","type":"vald","wgtd":null},{"value":"0","type":"invd","wgtd":null}],"var_txt":null,"var_catgry":[{"value":"2","labl":"No","is_missing":null,"stats":[{"value":"1683","type":"freq","wgtd":null}]},{"value":"1","labl":"S\u00ed","is_missing":null,"stats":[{"value":"653","type":"freq","wgtd":null}]}],"var_codinstr":null,"var_concept":[],"var_format":{"type":"character","schema":"other","category":null,"name":null},"var_notes":null,"var_val_range":{"min":null,"max":null},"fid":"F47","sid":"116","survey_idno":"DANE-DIMPE-ECH-2006"}