{"file_id":"F16","vid":"V406","name":"P18","var_intrvl":"discrete","var_dcml":null,"var_wgt":null,"var_is_wgt":null,"loc_start_pos":"28","loc_end_pos":"29","loc_width":"2","loc_rec_seg_no":"1","labl":"Aunque... Desea trabajar \u00bfpor qu\u00e9 motivo principa no hizo diligencias en la ultimas 4 semanas?","var_imputation":null,"var_security":"El acceso a microdatos y Mam-up se considera como de tratamiento especial respecto a la reserva estad\u00edstica por tanto estar\u00e1 sujeto a la reglamentaci\u00f3n que para el efecto defina el Comit\u00e9 de Aseguramiento de la reserva estad\u00edstica. Resoluci\u00f3n 173 de 2008.","var_resp_unit":"Informante Id\u00f3neo","var_analysis_unit":null,"var_qstn_preqtxt":"17. \u00bf..... desea conseguir un trabajo remunerado o instalar un negocio?\n\n1\tS\u00ed\n2\tNo","var_qstn_qstnlit":"18. Aunque ......desea trabajar, \u00bfpor qu\u00e9 motivo principal no hizo diligencias en las ULTIMAS 4 SEMANAS? \n\n01\tYa encontr\u00f3 trabajo\n02\tNo hay trabajo disponible en la ciudad o regi\u00f3n\n03\tEst\u00e1 esperando a que lo llamen\n04\tNo sabe c\u00f3mo buscarlo\n05\tEsta cansado de buscar\n06\tNo encuentra trabajo en su oficio o profesi\u00f3n\n07\tEst\u00e1 esperando la temporada alta\n08\tCarece de la experiencia necesaria\n09\tNo tiene recursos para instalar un negocio\n10\tLos empleadores lo consideran muy joven o muy viejo\n11\tUsted se considera muy joven o muy viejo\n12\tResponsabilidades familiares\n13\tProblemas de salud\n14\tEsta estudiando\n15\tOtro. \u00bfcual?_","var_qstn_postqtxt":"19.  Durante los \u00faltimos 12 meses (\u00faltimas 52 semanas), \u00bf ..... trabaj\u00f3 por lo menos 2 semanas consecutivas?\n\n1\tS\u00ed\n2\tNo","var_qstn_ivuinstr":"Esta pregunta est\u00e1 dirige a quienes deseando trabajar no efectuaron en las \u00faltimas 4 (cuatro) semanas  alguna acci\u00f3n para encontrar empleo o trabajo, e indaga la raz\u00f3n por la cual no lo hicieron. Las alternativas 2 a 10 se consideran razones v\u00e1lidas para haber abandonado la b\u00fasqueda y por lo tanto contin\u00fae   con la  pregunta 19. Las alternativas 11 a 15 son razones no v\u00e1lidas y por tanto estas personas son inactivas, y pasan a pregunta 60","var_universe":"En el caso de la Encuesta Continua de Hogares, el universo est\u00e1 conformado por la poblaci\u00f3n civil no institucional residente en viviendas particulares.  Dentro de este contexto, es importante tener en cuenta los siguientes conceptos:\n\n- Segmento. Es un \u00e1rea con l\u00edmites definidos en la cual se encuentran ubicadas las viviendas seleccionadas. Cada segmento tiene doce (12) viviendas en promedio.\n\n- Unidades de la muestra. Son aquellos elementos b\u00e1sicos utilizados para la selecci\u00f3n de la muestra. En este caso es la unidad de vivienda y todos los hogares que viven en una unidad de vivienda se incluyen en la muestra, es decir, se deben investigar.\n\n- Unidades de observaci\u00f3n. Son aquellos conjuntos de elementos que componen el universo con una caracter\u00edstica espec\u00edfica. En este caso la unidad b\u00e1sica de observaci\u00f3n es el hogar.","var_universe_clusion":"I","var_sumstat":[{"value":"2218","type":"vald","wgtd":null},{"value":"0","type":"invd","wgtd":null}],"var_txt":null,"var_catgry":[{"value":"12","labl":"Reseponsabilidades familiares","is_missing":null,"stats":[{"value":"666","type":"freq","wgtd":null}]},{"value":"14","labl":"Esta estudiando","is_missing":null,"stats":[{"value":"464","type":"freq","wgtd":null}]},{"value":"13","labl":"Problemas de salud","is_missing":null,"stats":[{"value":"238","type":"freq","wgtd":null}]},{"value":"11","labl":"Usted se considera muy joven o muy viejo","is_missing":null,"stats":[{"value":"188","type":"freq","wgtd":null}]},{"value":"02","labl":"No hay trabajo disponible en la ciudad o regi\u00f3n","is_missing":null,"stats":[{"value":"165","type":"freq","wgtd":null}]},{"value":"15","labl":"Otro. \u00bfcual?_","is_missing":null,"stats":[{"value":"149","type":"freq","wgtd":null}]},{"value":"09","labl":"No tiene recursos para instalar un negocio","is_missing":null,"stats":[{"value":"116","type":"freq","wgtd":null}]},{"value":"10","labl":"Los empleadores lo consideran muy joven o muy viejo","is_missing":null,"stats":[{"value":"104","type":"freq","wgtd":null}]},{"value":"05","labl":"Esta cansado de buscar","is_missing":null,"stats":[{"value":"44","type":"freq","wgtd":null}]},{"value":"08","labl":"Carece de la experiencia necesaria","is_missing":null,"stats":[{"value":"33","type":"freq","wgtd":null}]},{"value":"03","labl":"Est\u00e1 esperando a que lo llamen","is_missing":null,"stats":[{"value":"28","type":"freq","wgtd":null}]},{"value":"04","labl":"No sabe c\u00f3mo buscarlo","is_missing":null,"stats":[{"value":"10","type":"freq","wgtd":null}]},{"value":"07","labl":"Est\u00e1 esperando la temporada alta","is_missing":null,"stats":[{"value":"5","type":"freq","wgtd":null}]},{"value":"06","labl":"No encuentra trabajo en su oficio o prefesi\u00f3n","is_missing":null,"stats":[{"value":"5","type":"freq","wgtd":null}]},{"value":"01","labl":"Ya encontr\u00f3 trabajo","is_missing":null,"stats":[{"value":"3","type":"freq","wgtd":null}]}],"var_codinstr":null,"var_concept":[],"var_format":{"type":"character","schema":"other","category":null,"name":null},"var_notes":null,"var_val_range":{"min":null,"max":null},"fid":"F16","sid":"116","survey_idno":"DANE-DIMPE-ECH-2006"}