{"file_id":"F28","vid":"V727","name":"P60","var_intrvl":"discrete","var_dcml":null,"var_wgt":null,"var_is_wgt":null,"loc_start_pos":"19","loc_end_pos":"19","loc_width":"1","loc_rec_seg_no":"1","labl":"....Ha trabajado alguna vez por lo menos durante dos...","var_imputation":null,"var_security":"El acceso a microdatos y Mam-up se considera como de tratamiento especial respecto a la reserva estad\u00edstica por tanto estar\u00e1 sujeto a la reglamentaci\u00f3n que para el efecto defina el Comit\u00e9 de Aseguramiento de la reserva estad\u00edstica. Resoluci\u00f3n 173 de 2008.","var_resp_unit":"Informante Id\u00f3neo","var_analysis_unit":null,"var_qstn_preqtxt":"21.  Durante los \u00faltimos 12 meses, (\u00faltimas 52 semanas), \u00bf...... ha hecho alguna  diligencia para conseguir trabajo o instalar un negocio?\n\n1\tS\u00ed\n2\tNo","var_qstn_qstnlit":"60.  \u00bf....ha trabajado alguna vez por lo menos durante dos semanas consecutivas?\n\n1\tS\u00ed\n2\tNo","var_qstn_postqtxt":"61. \u00bfCu\u00e1nto hace que ..... trabaj\u00f3 por \u00faltima vez?\n\n1\tMenos de un a\u00f1o\n2\tEntre 1 y menos de 2 a\u00f1os\n3\tEntre 2 y menos de 5 a\u00f1os\n4\t5 a\u00f1os y m\u00e1s\n9\tNo sabe, no informa","var_qstn_ivuinstr":"El objeto de esta pregunta es investigar  si la poblaci\u00f3n inactiva   ha trabajado alguna vez.\n\nEl t\u00e9rmino \"durante dos semanas consecutivas\" hace referencia a la continuidad del trabajo sin tener en cuenta la jornada diaria o semanal del trabajo.\n\n Si el informante manifiesta que s\u00ed ha trabajado alguna vez marque alternativa 1 (Si) y contin\u00fae, si informa que no ha trabajado marque alternativa 2 (No) y pase a pregunta 63.","var_universe":"la Encuesta Continua de Hogares, el universo est\u00e1 conformado por la poblaci\u00f3n civil no institucional residente en viviendas particulares. para todas las personas registradas.","var_universe_clusion":"I","var_sumstat":[{"value":"2220","type":"vald","wgtd":null},{"value":"0","type":"invd","wgtd":null}],"var_txt":null,"var_catgry":[{"value":"2","labl":"No","is_missing":null,"stats":[{"value":"1610","type":"freq","wgtd":null}]},{"value":"1","labl":"S\u00ed","is_missing":null,"stats":[{"value":"610","type":"freq","wgtd":null}]}],"var_codinstr":null,"var_concept":[],"var_format":{"type":"character","schema":"other","category":null,"name":null},"var_notes":null,"var_val_range":{"min":null,"max":null},"fid":"F28","sid":"116","survey_idno":"DANE-DIMPE-ECH-2006"}