{"file_id":"F28","vid":"V728","name":"P61","var_intrvl":"discrete","var_dcml":null,"var_wgt":null,"var_is_wgt":null,"loc_start_pos":"20","loc_end_pos":"20","loc_width":"1","loc_rec_seg_no":"1","labl":"Cuanto hace que... Trabajo por ultima vez,?","var_imputation":null,"var_security":"El acceso a microdatos y Mam-up se considera como de tratamiento especial respecto a la reserva estad\u00edstica por tanto estar\u00e1 sujeto a la reglamentaci\u00f3n que para el efecto defina el Comit\u00e9 de Aseguramiento de la reserva estad\u00edstica. Resoluci\u00f3n 173 de 2008.","var_resp_unit":"Informante Id\u00f3neo","var_analysis_unit":null,"var_qstn_preqtxt":"60.  \u00bf....ha trabajado alguna vez por lo menos durante dos semanas consecutivas?\n\n1\tS\u00ed\n2\tNo","var_qstn_qstnlit":"61. \u00bfCu\u00e1nto hace que ..... trabaj\u00f3 por \u00faltima vez?\n\n1\tMenos de un a\u00f1o\n2\tEntre 1 y menos de 2 a\u00f1os\n3\tEntre 2 y menos de 5 a\u00f1os\n4\t5 a\u00f1os y m\u00e1s\n9\tNo sabe, no informa","var_qstn_postqtxt":"61. A. \u00bfPor que motivo o raz\u00f3n principal ....dej\u00f3 este trabajo?\n\n1\tPor despido\n2\tPara dedicarse a estudiar\n3\tResponsabilidades familiares\n4\tEnfermedad o accidente\n5\tJubilaci\u00f3n o retiro\n6\tCondiciones de trabajo insatisfactorias\n7\tCierre o dificultades de la empresa\n8\tTrabajo temporal terminado\n0\tOtro. \u00bfcu\u00e1l?","var_qstn_ivuinstr":"El objetivo de esta pregunta es determinar cu\u00e1nto tiempo hace que el informante se retir\u00f3 de la fuerza de trabajo.\n\nEspere respuesta y marque la alternativa que corresponda.","var_universe":"la Encuesta Continua de Hogares, el universo est\u00e1 conformado por la poblaci\u00f3n civil no institucional residente en viviendas particulares. para todas las personas registradas.","var_universe_clusion":"I","var_sumstat":[{"value":"610","type":"vald","wgtd":null},{"value":"0","type":"invd","wgtd":null}],"var_txt":null,"var_catgry":[{"value":"4","labl":"5 a\u00f1os y m\u00e1s","is_missing":null,"stats":[{"value":"296","type":"freq","wgtd":null}]},{"value":"1","labl":"Menos de un a\u00f1o","is_missing":null,"stats":[{"value":"153","type":"freq","wgtd":null}]},{"value":"3","labl":"Entre 2 y menos de 5 a\u00f1os","is_missing":null,"stats":[{"value":"94","type":"freq","wgtd":null}]},{"value":"2","labl":"Entre 1 y menos de 2 a\u00f1os","is_missing":null,"stats":[{"value":"67","type":"freq","wgtd":null}]},{"value":"9","labl":"No sabe, no informa","is_missing":null,"stats":[{"value":"0","type":"freq","wgtd":null}]}],"var_codinstr":null,"var_concept":[],"var_format":{"type":"character","schema":"other","category":null,"name":null},"var_notes":"Para diligenciar las preguntas 61 y 62  el recolector debe referirse a las caracter\u00edsticas del \u00faltimo trabajo por lo menos de 2 semanas consecutivas, que desempe\u00f1\u00f3 la persona.","var_val_range":{"min":null,"max":null},"fid":"F28","sid":"116","survey_idno":"DANE-DIMPE-ECH-2006"}