{"file_id":"F28","vid":"V732","name":"P64","var_intrvl":"discrete","var_dcml":null,"var_wgt":null,"var_is_wgt":null,"loc_start_pos":"24","loc_end_pos":"24","loc_width":"1","loc_rec_seg_no":"1","labl":"Cuanto hace que...... busco trabajo por ultima ..","var_imputation":null,"var_security":"El acceso a microdatos y Mam-up se considera como de tratamiento especial respecto a la reserva estad\u00edstica por tanto estar\u00e1 sujeto a la reglamentaci\u00f3n que para el efecto defina el Comit\u00e9 de Aseguramiento de la reserva estad\u00edstica. Resoluci\u00f3n 173 de 2008.","var_resp_unit":"Informante Id\u00f3neo","var_analysis_unit":null,"var_qstn_preqtxt":"63.   \u00bf...... ha buscado trabajo alguna vez?\n\n1\tS\u00ed\n2\tNo","var_qstn_qstnlit":"64.  \u00bfCu\u00e1nto hace que .... busc\u00f3 trabajo por \u00faltima vez?\n\n1\tMenos de un a\u00f1o\n2\tEntre 1 y menos de 2 a\u00f1os\n3\tEntre 2 y menos de 5 a\u00f1os\n4\t5 a\u00f1os y m\u00e1s\n9\tNo sabe, no informa","var_qstn_postqtxt":"64.A .\u00bf Por que raz\u00f3n principal.....dej\u00f3 de buscar trabajo?\n\n01\tNo hay trabajo disponible en la ciudad o regi\u00f3n\n02\tPara dedicarse a estudiar\n03\tNo sabe c\u00f3mo buscarlo\n04\tPor enfermedad\n05\tEst\u00e1 cansado de buscar\n06\tNo encuentra el trabajo apropiado\n07\tConsidera que no est\u00e1 calificado\n08\tPor la edad\n09\tResponsabilidades familiares\n10\tJubilaci\u00f3n o retiro\n11\tNo desea trabajar\n12\tOtra raz\u00f3n \u00bfcu\u00e1l?","var_qstn_ivuinstr":"El objetivo de esta pregunta es determinar  cu\u00e1nto  tiempo  hace que las personas inactivas buscaron trabajo por \u00faltima vez.","var_universe":"la Encuesta Continua de Hogares, el universo est\u00e1 conformado por la poblaci\u00f3n civil no institucional residente en viviendas particulares. para todas las personas registradas.","var_universe_clusion":"I","var_sumstat":[{"value":"31","type":"vald","wgtd":null},{"value":"0","type":"invd","wgtd":null}],"var_txt":null,"var_catgry":[{"value":"1","labl":"Menos de un a\u00f1o","is_missing":null,"stats":[{"value":"10","type":"freq","wgtd":null}]},{"value":"3","labl":"Entre 2 y menos de 5 a\u00f1os","is_missing":null,"stats":[{"value":"8","type":"freq","wgtd":null}]},{"value":"2","labl":"Entre 1 y menos de 2 a\u00f1os","is_missing":null,"stats":[{"value":"8","type":"freq","wgtd":null}]},{"value":"4","labl":"5 a\u00f1os y m\u00e1s","is_missing":null,"stats":[{"value":"5","type":"freq","wgtd":null}]},{"value":"9","labl":"No sabe, no informa","is_missing":null,"stats":[{"value":"0","type":"freq","wgtd":null}]}],"var_codinstr":null,"var_concept":[],"var_format":{"type":"character","schema":"other","category":null,"name":null},"var_notes":null,"var_val_range":{"min":null,"max":null},"fid":"F28","sid":"116","survey_idno":"DANE-DIMPE-ECH-2006"}