{"file_id":"F28","vid":"V733","name":"P64a","var_intrvl":"discrete","var_dcml":null,"var_wgt":null,"var_is_wgt":null,"loc_start_pos":"25","loc_end_pos":"26","loc_width":"2","loc_rec_seg_no":"1","labl":"\u00bfpor qu\u00e9 razon.... dejo de buscar trabajo?","var_imputation":null,"var_security":"El acceso a microdatos y Mam-up se considera como de tratamiento especial respecto a la reserva estad\u00edstica por tanto estar\u00e1 sujeto a la reglamentaci\u00f3n que para el efecto defina el Comit\u00e9 de Aseguramiento de la reserva estad\u00edstica. Resoluci\u00f3n 173 de 2008.","var_resp_unit":"Informante Id\u00f3neo","var_analysis_unit":null,"var_qstn_preqtxt":"64.  \u00bfCu\u00e1nto hace que .... busc\u00f3 trabajo por \u00faltima vez?\n\n1\tMenos de un a\u00f1o\n2\tEntre 1 y menos de 2 a\u00f1os\n3\tEntre 2 y menos de 5 a\u00f1os\n4\t5 a\u00f1os y m\u00e1s\n9\tNo sabe, no informa","var_qstn_qstnlit":"64.A .\u00bf Por que raz\u00f3n principal.....dej\u00f3 de buscar trabajo?\n\n01\tNo hay trabajo disponible en la ciudad o regi\u00f3n\n02\tPara dedicarse a estudiar\n03\tNo sabe c\u00f3mo buscarlo\n04\tPor enfermedad\n05\tEst\u00e1 cansado de buscar\n06\tNo encuentra el trabajo apropiado\n07\tConsidera que no est\u00e1 calificado\n08\tPor la edad\n09\tResponsabilidades familiares\n10\tJubilaci\u00f3n o retiro\n11\tNo desea trabajar\n12\tOtra raz\u00f3n \u00bfcu\u00e1l?","var_qstn_postqtxt":"65.  ...... recibi\u00f3 pagos el mes pasado por concepto de: \n\na. Trabajo\n\n1\tS\u00ed\n2\tNo\n9\tNo sabe, no informa","var_qstn_ivuinstr":"El objetivo de esta pregunta es conocer  los motivos por los cuales las personas inactivas dejaron de buscar trabajo.\n\nEsta pregunta es excluyente. Marque alternativa 12 (Otra raz\u00f3n, \u00bfcu\u00e1l?), cuando la respuesta del informante no se asimile a las alternativas anteriores.","var_universe":"la Encuesta Continua de Hogares, el universo est\u00e1 conformado por la poblaci\u00f3n civil no institucional residente en viviendas particulares. para todas las personas registradas.","var_universe_clusion":"I","var_sumstat":[{"value":"31","type":"vald","wgtd":null},{"value":"0","type":"invd","wgtd":null}],"var_txt":null,"var_catgry":[{"value":"01","labl":"No hay trabajo disponible en la ciudad","is_missing":null,"stats":[{"value":"13","type":"freq","wgtd":null}]},{"value":"09","labl":"Responsabilidades familiares","is_missing":null,"stats":[{"value":"11","type":"freq","wgtd":null}]},{"value":"08","labl":"Por la edad","is_missing":null,"stats":[{"value":"2","type":"freq","wgtd":null}]},{"value":"02","labl":"Para dedicarse a estudiar","is_missing":null,"stats":[{"value":"2","type":"freq","wgtd":null}]},{"value":"07","labl":"Considera que no est\u00e1 calificado","is_missing":null,"stats":[{"value":"1","type":"freq","wgtd":null}]},{"value":"05","labl":"Est\u00e1 cansado de buscar","is_missing":null,"stats":[{"value":"1","type":"freq","wgtd":null}]},{"value":"04","labl":"Por enfermedad","is_missing":null,"stats":[{"value":"1","type":"freq","wgtd":null}]},{"value":"12","labl":"Otra raz\u00f3n. \u00bfcu\u00e1l?__","is_missing":null,"stats":[{"value":"0","type":"freq","wgtd":null}]},{"value":"11","labl":"No desea trabajar","is_missing":null,"stats":[{"value":"0","type":"freq","wgtd":null}]},{"value":"10","labl":"Jubilaci\u00f3n o retiro","is_missing":null,"stats":[{"value":"0","type":"freq","wgtd":null}]},{"value":"06","labl":"No encuentra el trabajo apropiado","is_missing":null,"stats":[{"value":"0","type":"freq","wgtd":null}]},{"value":"03","labl":"No sabe c\u00f3mo buscarlo","is_missing":null,"stats":[{"value":"0","type":"freq","wgtd":null}]}],"var_codinstr":null,"var_concept":[],"var_format":{"type":"character","schema":"other","category":null,"name":null},"var_notes":null,"var_val_range":{"min":null,"max":null},"fid":"F28","sid":"116","survey_idno":"DANE-DIMPE-ECH-2006"}