{"file_id":"F34","vid":"V886","name":"P57","var_intrvl":"discrete","var_dcml":null,"var_wgt":null,"var_is_wgt":null,"loc_start_pos":"44","loc_end_pos":"44","loc_width":"1","loc_rec_seg_no":"1","labl":"En este \u00faltimo trabajo... Era:","var_imputation":null,"var_security":"El acceso a microdatos y Mam-up se considera como de tratamiento especial respecto a la reserva estad\u00edstica por tanto estar\u00e1 sujeto a la reglamentaci\u00f3n que para el efecto defina el Comit\u00e9 de Aseguramiento de la reserva estad\u00edstica. Resoluci\u00f3n 173 de 2008.","var_resp_unit":"Informante Id\u00f3neo","var_analysis_unit":null,"var_qstn_preqtxt":"56. \u00bfA qu\u00e9 actividad se dedicaba principalmente la empresa o negocio  en la que   .....  realiz\u00f3 su \u00faltimo trabajo?","var_qstn_qstnlit":"57.   En este \u00faltimo trabajo... era:\n\n1\tObrero o empleado de empresa particular\n2\tObrero o empleado del gobierno\n3\tEmpleado dom\u00e9stico\n4\tTrabajador por cuenta propia\n5\tPatr\u00f3n o empleador\n6\tTrabajador familiar sin remuneraci\u00f3n","var_qstn_postqtxt":"57.A.  Por que motivo o raz\u00f3n principal ....dej\u00f3 ese trabajo\n\n1\tPor despido\n2\tPara dedicarse a estudiar\n3\tResponsabilidades familiares\n4\tEnfermedad o accidente\n5\tJubilaci\u00f3n o retiro\n6\tCondiciones de trabajo insatisfactorias\n7\tCierre o dificultad de la empresa\n8\tTrabajo temporal terminado\n0\tOtro \u00bfcu\u00e1l?","var_qstn_ivuinstr":"El objeto de esta pregunta es obtener informaci\u00f3n sobre la posici\u00f3n ocupacional que ten\u00eda el encuestado en su \u00faltimo trabajo. \n\nMarque X en la casilla a la que corresponde la informaci\u00f3n suministrada por el encuestado. Para mayor claridad, vea las definiciones dadas para  la pregunta 27 del Cap\u00edtulo  - Ocupados.","var_universe":"En el caso de la Encuesta Continua de Hogares, el universo est\u00e1 conformado por la poblaci\u00f3n civil no institucional residente en viviendas particulares.  Dentro de este contexto, es importante tener en cuenta los siguientes conceptos:\n\n- Segmento. Es un \u00e1rea con l\u00edmites definidos en la cual se encuentran ubicadas las viviendas seleccionadas. Cada segmento tiene doce (12) viviendas en promedio.\n\n- Unidades de la muestra. Son aquellos elementos b\u00e1sicos utilizados para la selecci\u00f3n de la muestra. En este caso es la unidad de vivienda y todos los hogares que viven en una unidad de vivienda se incluyen en la muestra, es decir, se deben investigar.\n\n- Unidades de observaci\u00f3n. Son aquellos conjuntos de elementos que componen el universo con una caracter\u00edstica espec\u00edfica. En este caso la unidad b\u00e1sica de observaci\u00f3n es el hogar.","var_universe_clusion":"I","var_sumstat":[{"value":"2117","type":"vald","wgtd":null},{"value":"0","type":"invd","wgtd":null}],"var_txt":null,"var_catgry":[{"value":"1","labl":"Obrero o empleado de empresa particular","is_missing":null,"stats":[{"value":"1505","type":"freq","wgtd":null}]},{"value":"4","labl":"Trabajador por cuenta propia","is_missing":null,"stats":[{"value":"357","type":"freq","wgtd":null}]},{"value":"3","labl":"Empleado dom\u00e9stico","is_missing":null,"stats":[{"value":"152","type":"freq","wgtd":null}]},{"value":"2","labl":"Obrero o empleado del gobierno","is_missing":null,"stats":[{"value":"62","type":"freq","wgtd":null}]},{"value":"5","labl":"Patr\u00f3n o empleador","is_missing":null,"stats":[{"value":"30","type":"freq","wgtd":null}]},{"value":"6","labl":"Trabajador familiar sin remuneraci\u00f3n","is_missing":null,"stats":[{"value":"11","type":"freq","wgtd":null}]}],"var_codinstr":null,"var_concept":[],"var_format":{"type":"character","schema":"other","category":null,"name":null},"var_notes":null,"var_val_range":{"min":null,"max":null},"fid":"F34","sid":"116","survey_idno":"DANE-DIMPE-ECH-2006"}