{"file_id":"F1","vid":"V66","name":"GPPGPA","var_intrvl":"discrete","var_dcml":"0","var_wgt":null,"var_is_wgt":null,"loc_start_pos":null,"loc_end_pos":null,"loc_width":"15","loc_rec_seg_no":null,"labl":"Gastos causados por el personal aprendiz","var_imputation":null,"var_security":"El acceso a microdatos y Mam-up se considera como de tratamiento especial respecto a la reserva estad\u00edstica por tanto estar\u00e1 sujeto a la reglamentaci\u00f3n que para el efecto defina el Comit\u00e9 de Aseguramiento de la reserva estad\u00edstica. Resoluci\u00f3n 173 de 2008","var_resp_unit":"informante directo","var_analysis_unit":null,"var_qstn_preqtxt":"Causados en el trimestre (en miles de pesos)\n\nSueldos y salarios causados (Valor cobrado por estas empresas)\n\n5. Temporales contratados a trav\u00e9s de otras empresas.","var_qstn_qstnlit":"Causados en el trimestre (en miles de pesos)\n\nSueldos y salarios causados \n\n6. Aprendices y pasantes","var_qstn_postqtxt":"Causados en el trimestre (en miles de pesos)\n\nSueldos y salarios causados\n\nTotal (sume renglones 1 al 6)","var_qstn_ivuinstr":"Indique en este rengl\u00f3n el gasto causado, en miles de pesos, durante el trimestre, por el personal universitario, tecn\u00f3logo o t\u00e9cnico, vinculado mediante contrato de aprendizaje o a trav\u00e9s de convenio con el ente que imparte la capacitaci\u00f3n. .Incluya tambi\u00e9n el valor de los aportes a salud y ARP, de este personal.","var_universe":"Est\u00e1 conformado por las empresas formalmente establecidas, residentes en el territorio nacional, cuya principal actividad es la prestaci\u00f3n de servicios excluyendo las empresas del Estado.","var_universe_clusion":"I","var_sumstat":[{"value":"0","type":"vald","wgtd":null},{"value":"0","type":"invd","wgtd":null}],"var_txt":"Gastos causados por aprendices o estudiantes por convenio (universitario,\ntecn\u00f3logo o t\u00e9cnico): gasto causado por el personal universitario, tecn\u00f3logo o t\u00e9cnico,vinculado mediante contrato de aprendizaje o a trav\u00e9s de convenio con el ente que imparte la capacitaci\u00f3n.","var_catgry":[],"var_codinstr":null,"var_concept":[],"var_format":{"type":"numeric","schema":"other","category":null,"name":null},"var_notes":null,"var_val_range":{"min":null,"max":null},"fid":"F1","sid":"146","survey_idno":"DANE-DIMPE-MTS-2011"}