{"file_id":"F1","vid":"V114","name":"E23B_mdf","var_intrvl":"discrete","var_dcml":null,"var_wgt":null,"var_is_wgt":null,"loc_start_pos":null,"loc_end_pos":null,"loc_width":"1","loc_rec_seg_no":null,"labl":"A los dem\u00e1s directivos.","var_imputation":null,"var_security":"El acceso a microdatos y Mam-up se considera como de tratamiento especial respecto a la reserva estad\u00edstica por tanto estar\u00e1 sujeto a la reglamentaci\u00f3n que para el efecto defina el Comit\u00e9 de Aseguramiento de la reserva estad\u00edstica. Resoluci\u00f3n 173 de 2008","var_resp_unit":"Informante Directo.","var_analysis_unit":null,"var_qstn_preqtxt":"Si usted conociera una pr\u00e1ctica irregular, se sentir\u00eda c\u00f3modo report\u00e1ndola:\n\na. A la autoridad m\u00e1xima de la entidad.\n\n5\tTotalmente de acuerdo\n4\tDe acuerdo\n2\tEn desacuerdo\n1\tTotalmente en desacuerdo","var_qstn_qstnlit":"Si usted conociera una pr\u00e1ctica irregular, se sentir\u00eda c\u00f3modo report\u00e1ndola:\n\nb. A los dem\u00e1s directivos.\n\n5\tTotalmente de acuerdo\n4\tDe acuerdo\n2\tEn desacuerdo\n1\tTotalmente en desacuerdo","var_qstn_postqtxt":"Si usted conociera una pr\u00e1ctica irregular, se sentir\u00eda c\u00f3modo report\u00e1ndola:\n\nc. Al jefe inmediato.\n\n5\tTotalmente de acuerdo\n4\tDe acuerdo\n2\tEn desacuerdo\n1\tTotalmente en desacuerdo","var_qstn_ivuinstr":"La pregunta busca establecer la percepci\u00f3n de los funcionarios frente a la existencia o no de un ambiente que estimula la denuncia interna de situaciones irregulares en las entidades. \n\nAdicionalmente busca establecer la instancia de denuncia que genera mayor nivel de confianza para los funcionarios. Las instancias incluidas son:\n\nb. A los dem\u00e1s directivos: se refiere a la cabeza o jefes que siguen al jefe m\u00e1ximo de cada entidad o de las dependencias en las que el funcionario se desempe\u00f1a.","var_universe":"Son los servidores p\u00fablicos territoriales, con una antig\u00fcedad superior a seis meses, que laboran en las 32 Gobernaciones Departamentales y Distrito Capital.","var_universe_clusion":"I","var_sumstat":[{"value":"0","type":"vald","wgtd":null},{"value":"0","type":"invd","wgtd":null}],"var_txt":null,"var_catgry":[{"value":"1","labl":"Totalmente en desacuerdo","is_missing":null,"stats":[]},{"value":"2","labl":"En desacuerdo","is_missing":null,"stats":[]},{"value":"4","labl":"De acuerdo","is_missing":null,"stats":[]},{"value":"5","labl":"Totalmente de acuerdo","is_missing":null,"stats":[]}],"var_codinstr":null,"var_concept":[],"var_format":{"type":"character","schema":"other","category":null,"name":null},"var_notes":null,"var_val_range":{"min":null,"max":null},"fid":"F1","sid":"176","survey_idno":"DANE-DIRPEN-EDID-2009"}