{"file_id":"F1","vid":"V122","name":"E25B_mdf","var_intrvl":"discrete","var_dcml":null,"var_wgt":null,"var_is_wgt":null,"loc_start_pos":null,"loc_end_pos":null,"loc_width":"1","loc_rec_seg_no":null,"labl":"Falta de control administrativo.","var_imputation":null,"var_security":"El acceso a microdatos y Mam-up se considera como de tratamiento especial respecto a la reserva estad\u00edstica por tanto estar\u00e1 sujeto a la reglamentaci\u00f3n que para el efecto defina el Comit\u00e9 de Aseguramiento de la reserva estad\u00edstica. Resoluci\u00f3n 173 de 2008","var_resp_unit":"Informante Directo.","var_analysis_unit":null,"var_qstn_preqtxt":"Durante el 2009, los siguientes factores \u00bfqu\u00e9  tanto podr\u00edan permitir el desarrollo de pr\u00e1cticas irregulares?: \n\na. Bajos salarios.\n\n1\tMucho\n2\tAlgo\n3\tPoco\n4\tNada","var_qstn_qstnlit":"Durante el 2009, los siguientes factores \u00bfqu\u00e9  tanto podr\u00edan permitir el desarrollo de pr\u00e1cticas irregulares?: \n\nb. Falta de control administrativo. \n\n1\tMucho\n2\tAlgo\n3\tPoco\n4\tNada","var_qstn_postqtxt":"Durante el 2009, los siguientes factores \u00bfqu\u00e9  tanto podr\u00edan permitir el desarrollo de pr\u00e1cticas irregulares?: \n\nc. Falta de sanci\u00f3n.\n\n1\tMucho\n2\tAlgo\n3\tPoco\n4\tNada","var_qstn_ivuinstr":"La pregunta indaga la percepci\u00f3n de los funcionarios al respecto de la importancia de los factores listados, en la ocurrencia de pr\u00e1cticas irregulares al interior de cada entidad.\n\nLos factores elegidos son aquellos que emp\u00edricamente y conceptualmente se han identificado como los de mayor influencia en la ocurrencia de pr\u00e1cticas irregulares por parte de los funcionarios p\u00fablicos:\n\nb. Falta de control administrativo: se refiere a la ausencia de mecanismos internos de auditor\u00eda y control sobre el desempe\u00f1o de los funcionarios.","var_universe":"Son los servidores p\u00fablicos territoriales, con una antig\u00fcedad superior a seis meses, que laboran en las 32 Gobernaciones Departamentales y Distrito Capital.","var_universe_clusion":"I","var_sumstat":[{"value":"0","type":"vald","wgtd":null},{"value":"0","type":"invd","wgtd":null}],"var_txt":null,"var_catgry":[{"value":"1","labl":"Mucho","is_missing":null,"stats":[]},{"value":"2","labl":"Algo","is_missing":null,"stats":[]},{"value":"3","labl":"Poco","is_missing":null,"stats":[]},{"value":"4","labl":"Nada","is_missing":null,"stats":[]}],"var_codinstr":null,"var_concept":[],"var_format":{"type":"character","schema":"other","category":null,"name":null},"var_notes":null,"var_val_range":{"min":null,"max":null},"fid":"F1","sid":"176","survey_idno":"DANE-DIRPEN-EDID-2009"}