{"file_id":"F1","vid":"V67","name":"D15A_mdf","var_intrvl":"discrete","var_dcml":null,"var_wgt":null,"var_is_wgt":null,"loc_start_pos":null,"loc_end_pos":null,"loc_width":"1","loc_rec_seg_no":null,"labl":"Fue de conocimiento p\u00fablico.","var_imputation":null,"var_security":"El acceso a microdatos y Mam-up se considera como de tratamiento especial respecto a la reserva estad\u00edstica por tanto estar\u00e1 sujeto a la reglamentaci\u00f3n que para el efecto defina el Comit\u00e9 de Aseguramiento de la reserva estad\u00edstica. Resoluci\u00f3n 173 de 2008","var_resp_unit":"Informante Directo.","var_analysis_unit":null,"var_qstn_preqtxt":"Durante el 2009, en la entidad:\n\nb. Las ayudas tecnol\u00f3gicas y de comunicaci\u00f3n fueron suficientes para las tareas encomendadas.\n\n5\tTotalmente de acuerdo\n4\tDe acuerdo\n2\tEn desacuerdo\n1\tTotalmente en desacuerdo","var_qstn_qstnlit":"Durante el 2009, la contrataci\u00f3n de bienes y servicios:\n\na. Fue de conocimiento p\u00fablico.\n\n5\tTotalmente de acuerdo\n4\tDe acuerdo\n2\tEn desacuerdo\n1\tTotalmente en desacuerdo","var_qstn_postqtxt":"Durante el 2009, la contrataci\u00f3n de bienes y servicios:\n\nb. Se bas\u00f3 en v\u00ednculos personales, familiares o de amistad.\n\n1\tTotalmente de acuerdo\n2\tDe acuerdo\n4\tEn desacuerdo\n5\tTotalmente en desacuerdo","var_qstn_ivuinstr":"Con esta pregunta se conocen los principales factores que explican la contrataci\u00f3n de bienes y servicios, con el fin de saber qu\u00e9 tanto el proceso estuvo influido por pr\u00e1cticas irregulares.\n\nDe esta forma los literales de esta pregunta indagan el grado de conformidad con que se toman en cuenta diversos factores en este proceso contractual.\n\na. Fue de conocimiento p\u00fablico. Por conocimiento p\u00fablico en este proceso se entiende que prima el acceso oportuno y sin obstrucci\u00f3n a la informaci\u00f3n p\u00fablica relacionada con procedimientos, costos y recursos.","var_universe":"Son los servidores p\u00fablicos territoriales, con una antig\u00fcedad superior a seis meses, que laboran en las 32 Gobernaciones Departamentales y Distrito Capital.","var_universe_clusion":"I","var_sumstat":[{"value":"0","type":"vald","wgtd":null},{"value":"0","type":"invd","wgtd":null}],"var_txt":null,"var_catgry":[{"value":"1","labl":"Totalmente en desacuerdo","is_missing":null,"stats":[]},{"value":"2","labl":"En desacuerdo","is_missing":null,"stats":[]},{"value":"4","labl":"De acuerdo","is_missing":null,"stats":[]},{"value":"5","labl":"Totalmente de acuerdo","is_missing":null,"stats":[]}],"var_codinstr":null,"var_concept":[],"var_format":{"type":"character","schema":"other","category":null,"name":null},"var_notes":null,"var_val_range":{"min":null,"max":null},"fid":"F1","sid":"176","survey_idno":"DANE-DIRPEN-EDID-2009"}