{"file_id":"F1","vid":"V75","name":"D16_mdf","var_intrvl":"discrete","var_dcml":null,"var_wgt":null,"var_is_wgt":null,"loc_start_pos":null,"loc_end_pos":null,"loc_width":"1","loc_rec_seg_no":null,"labl":"Durante el 2008, \u00bfUsted conoci\u00f3 la realizaci\u00f3n de alg\u00fan  proceso de contrataci\u00f3n de bienes y servicios en la entidad?","var_imputation":null,"var_security":"El acceso a microdatos y Mam-up se considera como de tratamiento especial respecto a la reserva estad\u00edstica por tanto estar\u00e1 sujeto a la reglamentaci\u00f3n que para el efecto defina el Comit\u00e9 de Aseguramiento de la reserva estad\u00edstica. Resoluci\u00f3n 173 de 2008","var_resp_unit":"Informante Directo.","var_analysis_unit":null,"var_qstn_preqtxt":"Durante el 2009, la contrataci\u00f3n de bienes y servicios:\n\nh. Se bas\u00f3 en el m\u00e9rito de las propuestas.\n\n5\tTotalmente de acuerdo\n4\tDe acuerdo\n2\tEn desacuerdo\n1\tTotalmente en desacuerdo","var_qstn_qstnlit":"Durante el 2008, \u00bfUsted conoci\u00f3 la realizaci\u00f3n de alg\u00fan  proceso de contrataci\u00f3n de bienes y servicios en la entidad?\n\n1\tSi\n2\tNo","var_qstn_postqtxt":"Durante el 2009, el proceso de contrataci\u00f3n:\n\na. Sigui\u00f3 el cronograma establecido.\n\n5\tTotalmente de acuerdo\n4\tDe acuerdo\n2\tEn desacuerdo\n1\tTotalmente en desacuerdo","var_qstn_ivuinstr":"Tenga en cuenta que la pregunta D16, representa un filtro de informaci\u00f3n, relacionado con el conocimiento de alg\u00fan proceso de contrataci\u00f3n, durante al a\u00f1o de referencia.\n\nRecuerde que debe dar ejemplos relacionados con la pregunta, con el fin de inducir una respuesta afirmativa en el filtro. En estos ejemplos se puede hacer referencia a contratos relacionados con la compra de equipos, servicios generales, personas con especificidades de conocimiento.\n\nSi a esta pregunta contesta la opci\u00f3n 1(SI) Contin\u00fae con la pregunta D17, si por el contrario marca la opci\u00f3n 2(NO) pase a la pregunta E18.","var_universe":"Son los servidores p\u00fablicos territoriales, con una antig\u00fcedad superior a seis meses, que laboran en las 32 Gobernaciones Departamentales y Distrito Capital.","var_universe_clusion":"I","var_sumstat":[{"value":"0","type":"vald","wgtd":null},{"value":"0","type":"invd","wgtd":null}],"var_txt":null,"var_catgry":[{"value":"1","labl":"Si","is_missing":null,"stats":[]},{"value":"2","labl":"No","is_missing":null,"stats":[]}],"var_codinstr":null,"var_concept":[],"var_format":{"type":"character","schema":"other","category":null,"name":null},"var_notes":null,"var_val_range":{"min":null,"max":null},"fid":"F1","sid":"176","survey_idno":"DANE-DIRPEN-EDID-2009"}