{"file_id":"F1","vid":"V81","name":"D17A_mdf","var_intrvl":"discrete","var_dcml":null,"var_wgt":null,"var_is_wgt":null,"loc_start_pos":null,"loc_end_pos":null,"loc_width":"1","loc_rec_seg_no":null,"labl":"Sigui\u00f3 el cronograma establecido.","var_imputation":null,"var_security":"El acceso a microdatos y Mam-up se considera como de tratamiento especial respecto a la reserva estad\u00edstica por tanto estar\u00e1 sujeto a la reglamentaci\u00f3n que para el efecto defina el Comit\u00e9 de Aseguramiento de la reserva estad\u00edstica. Resoluci\u00f3n 173 de 2008","var_resp_unit":"Informante Directo.","var_analysis_unit":null,"var_qstn_preqtxt":"Durante el 2008, \u00bfUsted conoci\u00f3 la realizaci\u00f3n de alg\u00fan  proceso de contrataci\u00f3n de bienes y servicios en la entidad?\n\n1\tSi\n2\tNo","var_qstn_qstnlit":"Durante el 2009, el proceso de contrataci\u00f3n:\n\na. Sigui\u00f3 el cronograma establecido.\n\n5\tTotalmente de acuerdo\n4\tDe acuerdo\n2\tEn desacuerdo\n1\tTotalmente en desacuerdo","var_qstn_postqtxt":"Durante el 2009, el proceso de contrataci\u00f3n:\n\nb. Sigui\u00f3 los lineamientos de los organismos de control.\n\n5\tTotalmente de acuerdo\n4\tDe acuerdo\n2\tEn desacuerdo\n1\tTotalmente en desacuerdo","var_qstn_ivuinstr":"Esta pregunta se responde siempre y cuando se haya marcado la opci\u00f3n 1(SI) en la pregunta D16.\n\nEsta pregunta hace referencia a caracter\u00edsticas que se presentaron en el desarrollo de los procesos de contrataci\u00f3n, con el fin de conocer hasta donde la entidad ha cumplido con la normatividad vigente.\n \nLos literales de \u00e9sta pregunta se valoran en funci\u00f3n del grado de conformidad o inconformidad que tenga el funcionario frente a diferentes condiciones que deben cumplirse en el proceso contractual en cuesti\u00f3n.\n\na.\tSigui\u00f3 el cronograma establecido: cumpli\u00f3 con los tiempos establecidos asignados para el cumplimiento de la labor asignada.","var_universe":"Son los servidores p\u00fablicos territoriales, con una antig\u00fcedad superior a seis meses, que laboran en las 32 Gobernaciones Departamentales y Distrito Capital que hayan marcado la opci\u00f3n 1(SI) en la pregunta D16.","var_universe_clusion":"I","var_sumstat":[{"value":"0","type":"vald","wgtd":null},{"value":"0","type":"invd","wgtd":null}],"var_txt":null,"var_catgry":[{"value":"1","labl":"Totalmente en desacuerdo","is_missing":null,"stats":[]},{"value":"2","labl":"En desacuerdo","is_missing":null,"stats":[]},{"value":"4","labl":"De acuerdo","is_missing":null,"stats":[]},{"value":"5","labl":"Totalmente de acuerdo","is_missing":null,"stats":[]}],"var_codinstr":null,"var_concept":[],"var_format":{"type":"character","schema":"other","category":null,"name":null},"var_notes":null,"var_val_range":{"min":null,"max":null},"fid":"F1","sid":"176","survey_idno":"DANE-DIRPEN-EDID-2009"}