{"file_id":"F13","vid":"V1253","name":"P1087s3","var_intrvl":"discrete","var_dcml":"0","var_wgt":null,"var_is_wgt":null,"loc_start_pos":"136","loc_end_pos":"136","loc_width":"1","loc_rec_seg_no":"1","labl":"\u00bfdurante los \u00faltimos 12 meses recibi\u00f3 prima de vacaciones?","var_imputation":null,"var_security":"El acceso a microdatos y Mam-up se considera como de tratamiento especial respecto a la reserva estad\u00edstica por tanto estar\u00e1 sujeto a la reglamentaci\u00f3n que para el efecto defina el Comit\u00e9 de Aseguramiento de la reserva estad\u00edstica. Resoluci\u00f3n 173 de 2008.","var_resp_unit":"La informaci\u00f3n de este cap\u00edtulo ser\u00e1 suministrada directamente por cada una de las personas de 10 a\u00f1os y m\u00e1s. \nCuando no se encuentren en el hogar algunas de las personas de 10 a\u00f1os y m\u00e1s, se proceder\u00e1 a establecer a qu\u00e9 hora se pueden encontrar para regresar y tomar los datos. \nAsimismo, cuando la persona tenga alg\u00fan problema grave de salud, discapacidad o problema mental, se puede tomar los datos al miembro del hogar, mayor de 18 a\u00f1os que mejor conozca la informaci\u00f3n de esa persona.","var_analysis_unit":null,"var_qstn_preqtxt":"H.40.\u00bfDurante los \u00faltimos 12 MESES recibi\u00f3 prima de navidad?\n\nValor $","var_qstn_qstnlit":"H.40.\u00bfDurante los \u00faltimos 12 MESES recibi\u00f3 prima de vacaciones?\n\n1\tS\u00ed\n2\tNo\n9\tNo sabe\/ no responde","var_qstn_postqtxt":"H.40.\u00bfDurante los \u00faltimos 12 MESES recibi\u00f3 prima de vacaciones?\n\nValor $","var_qstn_ivuinstr":"Si recibi\u00f3 cualquiera de las primas, bonificaciones, indemnizaciones y dem\u00e1s, registre la opci\u00f3n 1 (Si) y se debe registrar el valor recibido por cada concepto\nSi no recibi\u00f3 nada, registre c\u00f3digo 2 en cada una de ellas\nSi recibi\u00f3 y no sabe el monto escriba el c\u00f3digo 1 y escriba 98 en valor\nSi no sabe o no informa registre c\u00f3digo 9\nUna vez diligenciada esta pregunta pasa a la pregunta 43","var_universe":"El universo para la Encuesta Longitudinal de Protecci\u00f3n Social est\u00e1 conformado por la poblaci\u00f3n civil no institucional resi\u00addente en todo el territorio nacional.\n\nEste cap\u00edtulo va dirigido a personas de 10 a\u00f1os y m\u00e1s.","var_universe_clusion":"I","var_sumstat":[{"value":"0","type":"vald","wgtd":null},{"value":"0","type":"invd","wgtd":null}],"var_txt":"Primas. Es un pago adicional a sueldos y salarios que las empresas hacen a sus trabajadores en reconocimiento a sus servicios. No se consideran como salario pero equivalen a un salario o parte de \u00e9ste, por a\u00f1o.\n\n\u00a7\tPrima de servicios. En el sector privado es el pago que se hace a los trabajadores que laboren todo el  semestre o proporcionalmente por fracci\u00f3n, de acuerdo al promedio mensual de lo devengado en el respectivo semestre, corresponde a 15 d\u00edas de salario. En los contratos a t\u00e9rmino fijo inferior a un a\u00f1o se paga en proporci\u00f3n al tiempo de servicio.\no\tEn el sector p\u00fablico es una remuneraci\u00f3n que se paga anualmente equivalente a 15 d\u00edas de remuneraci\u00f3n.\n\u00a7\tPrima de navidad. Remuneraci\u00f3n a que tienen derecho todos los trabajadores, en el sector p\u00fablico es equivalente a un mes del salario que devengue a 30 de noviembre de cada a\u00f1o. Se paga en la primera quincena de diciembre. Si la persona no ha trabajado todo el a\u00f1o, tiene derecho a esta prima en proporci\u00f3n al tiempo laborado a raz\u00f3n de 1\/12 por cada mes completo de servicios.\n\u00a7\tPrima de vacaciones. Pago en dinero a que tienen derecho los empleados p\u00fablicos que prestan sus servicios durante un a\u00f1o y corresponde a 15 d\u00edas h\u00e1biles consecutivos, se liquida con base al salario que se devengue el d\u00eda en que se inicie el disfrute de sus vacaciones, en los contratos a t\u00e9rmino fijo inferior  a un a\u00f1o se paga en proporci\u00f3n al tiempo de servicio\n\u00a7\tBonificaciones anuales. Corresponde al dinero que el empleado recibe anualmente, en el sector p\u00fablico \u00e9stas se reconocen y pagan al empleado que cumpla un a\u00f1o continuo de labor en una misma entidad oficial.","var_catgry":[{"value":"9","labl":"No sabe\/ no responde","is_missing":null,"stats":[]},{"value":"2","labl":"No","is_missing":null,"stats":[]},{"value":"1","labl":"S\u00ed","is_missing":null,"stats":[]}],"var_codinstr":null,"var_concept":[],"var_format":{"type":"numeric","schema":"other","category":null,"name":null},"var_notes":null,"var_val_range":{"min":"1","max":"9"},"fid":"F13","sid":"194","survey_idno":"DANE-DIMPE-ELPS-2012"}