{"file_id":"F20","vid":"V1570","name":"P308s2","var_intrvl":"contin","var_dcml":"0","var_wgt":null,"var_is_wgt":null,"loc_start_pos":"40","loc_end_pos":"48","loc_width":"9","loc_rec_seg_no":"1","labl":"Valor $","var_imputation":null,"var_security":"El acceso a microdatos y Mam-up se considera como de tratamiento especial respecto a la reserva estad\u00edstica por tanto estar\u00e1 sujeto a la reglamentaci\u00f3n que para el efecto defina el Comit\u00e9 de Aseguramiento de la reserva estad\u00edstica. Resoluci\u00f3n 173 de 2008.","var_resp_unit":"La persona responsable de responder este cap\u00edtulo ser\u00e1 el jefe de hogar o el c\u00f3nyuge.","var_analysis_unit":null,"var_qstn_preqtxt":"K.4a. \u00bfEsta vivienda fue comprada o construida entre 2010 y 2012?\n\nA\u00f1o de compra o de construcci\u00f3n","var_qstn_qstnlit":"K.4a. \u00bfEsta vivienda fue comprada o construida entre 2010 y 2012?\n\nValor $","var_qstn_postqtxt":"K.5. \u00bfCu\u00e1les de las siguientes fuentes utilizaron para la compra o construcci\u00f3n de \u00e9sta vivienda?","var_qstn_ivuinstr":"Formule la pregunta y se\u00f1ale la alternativa correspondiente a la respuesta de la persona encuestada. Si la respuesta es 1 (SI) indague sobre el a\u00f1o exacto y el valor de compra o los costos en que incurri\u00f3 el hogar por la construcci\u00f3n. \nSi hay dificultad en precisar el a\u00f1o de construcci\u00f3n, porque se hizo en varios a\u00f1os, escriba el a\u00f1o en el que fue habitada.\nSi la respuesta es 2 (NO), pase a pregunta 6\n\nTenga en cuenta que si entre 2010 y 2012 el hogar compr\u00f3 el lote y construy\u00f3 la vivienda, en esta pregunta se debe registrar la sumatoria del valor de compra del lote y los costos de construcci\u00f3n. Pero, si el lote fue comprado antes del 2010 y la vivienda fue construida entre 2010 y 2012, s\u00f3lo registre el valor correspondiente a los costos de construcci\u00f3n. Si la persona no conoce el valor del monto registre 99.","var_universe":"El universo para la Encuesta Longitudinal de Protecci\u00f3n Social est\u00e1 conformado por la poblaci\u00f3n civil no institucional residente en todo el territorio nacional. \n\nEste cap\u00edtulo va dirigido a todod los hogares.","var_universe_clusion":"I","var_sumstat":[{"value":"0","type":"vald","wgtd":null},{"value":"0","type":"invd","wgtd":null}],"var_txt":null,"var_catgry":[],"var_codinstr":null,"var_concept":[],"var_format":{"type":"numeric","schema":"other","category":null,"name":null},"var_notes":null,"var_val_range":{"min":"99","max":"780000000"},"fid":"F20","sid":"194","survey_idno":"DANE-DIMPE-ELPS-2012"}