{"file_id":"F4","vid":"V686","name":"P6080","var_intrvl":"discrete","var_dcml":"0","var_wgt":null,"var_is_wgt":null,"loc_start_pos":"70","loc_end_pos":"70","loc_width":"1","loc_rec_seg_no":"1","labl":"\u00bfde acuerdo con su cultura, pueblo o rasgos f\u00edsicos, es o se reconoce como:","var_imputation":null,"var_security":null,"var_resp_unit":"La informaci\u00f3n la suministraran directamente las personas de 18 a\u00f1os o m\u00e1s y las personas entre 10 y 17 a\u00f1os que trabajen o sean estudiantes en los niveles t\u00e9cnico, tecnol\u00f3gico y universitario. \nPara las personas menores de 18 a\u00f1os que no se encuentren trabajando o estudiando en los niveles, t\u00e9cnico, tecnol\u00f3gico o superior, la informaci\u00f3n la dar\u00e1 el padre, madre o persona a cargo (excluyendo al servicio dom\u00e9stico).","var_analysis_unit":null,"var_qstn_preqtxt":"C.21. \u00bfCu\u00e1l fue la raz\u00f3n principal para cambiar la residencia al muncipio actual?\n\n1\tEl centro urbano donde est\u00e1 la alcald\u00eda\n2\tUn corregimiento, inspecci\u00f3n de polic\u00eda, caser\u00edo, vereda o campo","var_qstn_qstnlit":"C.22. \u00bfDe acuerdo con su cultura, pueblo o rasgos f\u00edsicos, es o se reconoce como:\n\n1\tInd\u00edgena\n2\tGitano (rom)\n3\tRaizal \n4\tPalenquero\n5\tNegro, mulato (afrodescendiente)\n6\tNinguno de los anteriores","var_qstn_postqtxt":"C.1.1. \u00bf____ tiene tel\u00e9fono de contacto?\n\n1\tS\u00ed\n2\tNo","var_qstn_ivuinstr":"Lea la pregunta y cada una de las alternativas de respuesta. Registre el c\u00f3digo de la respuesta correspondiente. \n\nNo suponga la respuesta, formule siempre esta pregunta para que todas las personas se reconozcan a s\u00ed mismas como pertenecientes a alguna de las opciones dadas, aunque a simple vista le parezca, por sus rasgos f\u00edsicos o el color de su piel, que usted las puede definir. \nPara los menores de 10 a\u00f1os permita que sea la madre, el padre o la persona encardad de su cuidado que indique la respuesta a esta pregunta.","var_universe":"El universo para la Encuesta Longitudinal de Protecci\u00f3n Social est\u00e1 conformado por la poblaci\u00f3n civil no institucional residente en todo el territorio nacional.","var_universe_clusion":"I","var_sumstat":[{"value":"0","type":"vald","wgtd":null},{"value":"0","type":"invd","wgtd":null}],"var_txt":null,"var_catgry":[{"value":"6","labl":"Ninguno de los anteriores","is_missing":null,"stats":[]},{"value":"5","labl":"Negro, mulato (afrodescendiente)","is_missing":null,"stats":[]},{"value":"4","labl":"Palenquero","is_missing":null,"stats":[]},{"value":"3","labl":"Raizal","is_missing":null,"stats":[]},{"value":"2","labl":"Gitano (rom)","is_missing":null,"stats":[]},{"value":"1","labl":"Ind\u00edgena","is_missing":null,"stats":[]}],"var_codinstr":null,"var_concept":[],"var_format":{"type":"numeric","schema":"other","category":null,"name":null},"var_notes":null,"var_val_range":{"min":"1","max":"6"},"fid":"F4","sid":"194","survey_idno":"DANE-DIMPE-ELPS-2012"}