{"file_id":"F6","vid":"V825","name":"P8614","var_intrvl":"discrete","var_dcml":"0","var_wgt":null,"var_is_wgt":null,"loc_start_pos":"156","loc_end_pos":"156","loc_width":"1","loc_rec_seg_no":"1","labl":"Durante este a\u00f1o escolar \u00bf___ ha recibido cr\u00e9dito educativo?","var_imputation":null,"var_security":"El acceso a microdatos y Mam-up se considera como de tratamiento especial respecto a la reserva estad\u00edstica por tanto estar\u00e1 sujeto a la reglamentaci\u00f3n que para el efecto defina el Comit\u00e9 de Aseguramiento de la reserva estad\u00edstica. Resoluci\u00f3n 173 de 2008.","var_resp_unit":"Para los mayores de 18 a\u00f1os la informaci\u00f3n ser\u00e1 suministrada directamente por la persona. \nLas personas que tengan entre 12 y 18 a\u00f1os y trabajen o sean estudiantes de nivel t\u00e9cnico, tecnol\u00f3gico o universitario, deben suministrar directamente su informaci\u00f3n. \nSi no trabajan ni estudian la informaci\u00f3n ser\u00e1 suministrada por los padres. En todos los casos, la informaci\u00f3n para menores de 12 a\u00f1os la dar\u00e1 el padre, la madre.","var_analysis_unit":null,"var_qstn_preqtxt":"E. 21. Durante este A\u00d1O ESCOLAR \u00bf___ recibi\u00f3 subsidio en dinero o en especie para estudiar?\n\n\u00bfCon qu\u00e9 frecuencia lo recibe? \n\nValor $","var_qstn_qstnlit":"E. 22. Durante este A\u00d1O ESCOLAR \u00bf___ ha recibido cr\u00e9dito educativo?\n\n1\tS\u00ed\n2\tNo","var_qstn_postqtxt":"E. 22. Durante este A\u00d1O ESCOLAR \u00bf___ ha recibido cr\u00e9dito educativo?\n\n\u00bfCon qu\u00e9 frecuencia lo recibe? \n\n1\tMensual\n2\tBimestral\n3\tSemestral\n4\tAnual","var_qstn_ivuinstr":"Registre el valor del cr\u00e9dito y el c\u00f3digo correspondiente a la frecuencia en que es recibido.\nSi la periodicidad informada no corresponde a las que figuran en las opciones de respuesta, haga la conversi\u00f3n a mensual.\n\nSe quiere establecer si el estudiante se ha beneficiado de cr\u00e9ditos o pr\u00e9stamos para su educaci\u00f3n, es decir, si recibe o recibi\u00f3 alg\u00fan tipo de financiaci\u00f3n para la cancelaci\u00f3n de la matr\u00edcula y\/o pensiones. Tambi\u00e9n identificar la cuant\u00eda del cr\u00e9dito educativo otorgado y la periodicidad con que es recibido.","var_universe":"El universo para la Encuesta Longitudinal de Protecci\u00f3n Social est\u00e1 conformado por la poblaci\u00f3n civil no institucional residente en todo el territorio nacional. \n\nEste cap\u00edtulo va dirigido a todas las personas las personas de 5 a\u00f1os y m\u00e1s.","var_universe_clusion":"I","var_sumstat":[{"value":"0","type":"vald","wgtd":null},{"value":"0","type":"invd","wgtd":null}],"var_txt":null,"var_catgry":[{"value":"2","labl":"No","is_missing":null,"stats":[]},{"value":"1","labl":"S\u00ed","is_missing":null,"stats":[]}],"var_codinstr":null,"var_concept":[],"var_format":{"type":"numeric","schema":"other","category":null,"name":null},"var_notes":null,"var_val_range":{"min":"1","max":"2"},"fid":"F6","sid":"194","survey_idno":"DANE-DIMPE-ELPS-2012"}