{"file_id":"F19","vid":"V1326","name":"P8520S1","var_intrvl":"discrete","var_dcml":"0","var_wgt":null,"var_is_wgt":null,"loc_start_pos":"21","loc_end_pos":"21","loc_width":"1","loc_rec_seg_no":"1","labl":"Energ\u00eda El\u00e9ctrica","var_imputation":null,"var_security":"El acceso a microdatos y Mam-up se considera como de tratamiento especial respecto a la reserva estad\u00edstica por tanto estar\u00e1 sujeto a la reglamentaci\u00f3n que para el efecto defina el Comit\u00e9 de Aseguramiento de la reserva estad\u00edstica. Resoluci\u00f3n 173 de 2008.","var_resp_unit":"Directo.","var_analysis_unit":null,"var_qstn_preqtxt":"4. \u00bfCon cu\u00e1les de los siguientes servicios p\u00fablicos, privados o comunales cuenta la vivienda?","var_qstn_qstnlit":"4. \u00bfCon cu\u00e1les de los siguientes servicios p\u00fablicos, privados o comunales cuenta la vivienda?\n\nEnerg\u00eda el\u00e9ctrica\n\n1\tS\u00ed\n2\tNo","var_qstn_postqtxt":"4. \u00bfCon cu\u00e1les de los siguientes servicios p\u00fablicos, privados o comunales cuenta la vivienda?\n\nEnerg\u00eda el\u00e9ctrica\n\nEstrato para tarifa\n\n1\tBajo - Bajo\n2\tBajo\n3\tMedio - Bajo\n4\tMedio\n5\tMedio - Alto\n6\tAlto\n9\tNo conoce el estrato o no cuenta con recibo de pago.\n0\tRecibos sin estrato o el servicio es pirata","var_qstn_ivuinstr":"Si la respuesta a esta pregunta es la alternativa 1(S\u00ed), debe preguntar por el estrato para la tarifa.\n\nEsta pregunta busca indagar por el acceso a los servicios domiciliarios. La vivienda puede disponer del servicio a trav\u00e9s de una conexi\u00f3n legal o ilegal y el servicio puede ser administrado o dirigido por una empresa p\u00fablica, privada o de propiedad de la comunidad, aunque en el momento de la entrevista no se puedan usar o no est\u00e9n funcionando. \n\nPara el diligenciamiento de estas preguntas tenga en cuenta: \n\n\u00b7\tEnerg\u00eda el\u00e9ctrica: Conexi\u00f3n a una red el\u00e9ctrica p\u00fablica o de propiedad de particulares. Aunque, la conexi\u00f3n sea pirata se considera que la vivienda cuenta con energ\u00eda el\u00e9ctrica, igualmente si cuenta con planta el\u00e9ctrica.","var_universe":"El universo para la Encuesta de Calidad de Vida est\u00e1 conformado por la poblaci\u00f3n civil no institucional residente en todo el territorio nacional. \n\neste cap\u00edtulo va dirigido a todas las viviendas","var_universe_clusion":"I","var_sumstat":[{"value":"24557","type":"vald","wgtd":null},{"value":"0","type":"invd","wgtd":null}],"var_txt":"Energ\u00eda el\u00e9ctrica: Conexi\u00f3n a una red el\u00e9ctrica p\u00fablica o de propiedad de particulares.","var_catgry":[{"value":"1","labl":"S\u00ed","is_missing":null,"stats":[{"value":"23140","type":"freq","wgtd":null}]},{"value":"2","labl":"No","is_missing":null,"stats":[{"value":"1417","type":"freq","wgtd":null}]}],"var_codinstr":null,"var_concept":[],"var_format":{"type":"numeric","schema":"other","category":null,"name":null},"var_notes":null,"var_val_range":{"min":null,"max":null},"fid":"F19","sid":"196","survey_idno":"DANE-DIRPEN-ENCV-2011"}