{"file_id":"F20","vid":"V1374","name":"P5666","var_intrvl":"discrete","var_dcml":"0","var_wgt":null,"var_is_wgt":null,"loc_start_pos":"27","loc_end_pos":"27","loc_width":"1","loc_rec_seg_no":"1","labl":"\u00bfEn Este Hogar Tienen Servicio De Gas Natural Conectado A Red P\u00fablica?","var_imputation":null,"var_security":"El acceso a microdatos y Mam-up se considera como de tratamiento especial respecto a la reserva estad\u00edstica por tanto estar\u00e1 sujeto a la reglamentaci\u00f3n que para el efecto defina el Comit\u00e9 de Aseguramiento de la reserva estad\u00edstica. Resoluci\u00f3n 173 de 2008.","var_resp_unit":"Directo","var_analysis_unit":null,"var_qstn_preqtxt":"4. \u00bfCu\u00e1nto pagaron EL MES PASADO o la \u00faltima vez por la electricidad consumida?\n\n\u00bfA cu\u00e1ntos meses corresponde ese pago?","var_qstn_qstnlit":"5. En este hogar tienen servicio de gas natural conectado a red p\u00fablica?\n\na. S\u00ed\nb. No","var_qstn_postqtxt":"6. \u00bfPagan en este hogar por servicio de gas natural conectado a red p\u00fablica?\n\na. S\u00ed\nb. S\u00ed, con el arriendo\nc. No pagan","var_qstn_ivuinstr":"Esta pregunta busca indagar si el hogar tiene conexi\u00f3n a una red de gas natural por ducto.","var_universe":"El universo para la Encuesta de Calidad de Vida est\u00e1 conformado por la poblaci\u00f3n civil no institucional residente en todo el territorio nacional.\n\nLas preguntas de este cap\u00edtulo se diligencian para todos y cada uno de los hogares existentes en la vivienda.","var_universe_clusion":"I","var_sumstat":[{"value":"25332","type":"vald","wgtd":null},{"value":"32","type":"invd","wgtd":null}],"var_txt":null,"var_catgry":[{"value":"2","labl":"No","is_missing":null,"stats":[{"value":"17930","type":"freq","wgtd":null}]},{"value":"1","labl":"S\u00ed","is_missing":null,"stats":[{"value":"7402","type":"freq","wgtd":null}]},{"value":"Sysmiss","labl":null,"is_missing":"Y","stats":[{"value":"32","type":"freq","wgtd":null}]}],"var_codinstr":null,"var_concept":[],"var_format":{"type":"numeric","schema":"other","category":null,"name":null},"var_notes":null,"var_val_range":{"min":null,"max":null},"fid":"F20","sid":"196","survey_idno":"DANE-DIRPEN-ENCV-2011"}