{"file_id":"F20","vid":"V1404","name":"P5310","var_intrvl":"discrete","var_dcml":"0","var_wgt":null,"var_is_wgt":null,"loc_start_pos":"82","loc_end_pos":"82","loc_width":"1","loc_rec_seg_no":"1","labl":"El Servicio Telef\u00f3nico Corriente Del Hogar, Es:","var_imputation":null,"var_security":"El acceso a microdatos y Mam-up se considera como de tratamiento especial respecto a la reserva estad\u00edstica por tanto estar\u00e1 sujeto a la reglamentaci\u00f3n que para el efecto defina el Comit\u00e9 de Aseguramiento de la reserva estad\u00edstica. Resoluci\u00f3n 173 de 2008.","var_resp_unit":"Directo","var_analysis_unit":null,"var_qstn_preqtxt":"26. \u00bfEn este hogar tienen servicio tel\u00e9fonico corriente (tradicional)?\n\na. \tS\u00ed\nb.\tNo","var_qstn_qstnlit":"27. El servicio tel\u00e9fonico corriente del hogar, es:\n\na.\tDe uso exclusivo de las personas del hogar \nb.\tCompartido con personas de otros hogares","var_qstn_postqtxt":"28. \u00bfPagan en este hogar por servicio telef\u00f3nico corriente?\n\na.\tS\u00ed\nb.\tS\u00ed, con el arriendo\nc.\tNo pagan","var_qstn_ivuinstr":"La pregunta pretende establecer la exclusividad del hogar en el uso del servicio telef\u00f3nico. Si varios hogares viven en una misma vivienda y tienen acceso a una misma l\u00ednea de tel\u00e9fono, se considera que estos hogares tienen servicio de tel\u00e9fono y el uso es compartido.","var_universe":"El universo para la Encuesta de Calidad de Vida est\u00e1 conformado por la poblaci\u00f3n civil no institucional residente en todo el territorio nacional.\n\nLas preguntas de este cap\u00edtulo se diligencian para todos y cada uno de los hogares existentes en la vivienda.","var_universe_clusion":"I","var_sumstat":[{"value":"4404","type":"vald","wgtd":null},{"value":"20960","type":"invd","wgtd":null}],"var_txt":null,"var_catgry":[{"value":"1","labl":"De uso exclusivo de las personas del hogar","is_missing":null,"stats":[{"value":"4177","type":"freq","wgtd":null}]},{"value":"2","labl":"Compartido con personas de otros hogares","is_missing":null,"stats":[{"value":"227","type":"freq","wgtd":null}]},{"value":"Sysmiss","labl":null,"is_missing":"Y","stats":[{"value":"20960","type":"freq","wgtd":null}]}],"var_codinstr":null,"var_concept":[],"var_format":{"type":"numeric","schema":"other","category":null,"name":null},"var_notes":null,"var_val_range":{"min":null,"max":null},"fid":"F20","sid":"196","survey_idno":"DANE-DIRPEN-ENCV-2011"}