{"file_id":"F21","vid":"V1482","name":"P6121","var_intrvl":"discrete","var_dcml":"0","var_wgt":null,"var_is_wgt":null,"loc_start_pos":"44","loc_end_pos":"44","loc_width":"1","loc_rec_seg_no":"1","labl":"\u00bfEn los \u00faltimos doce meses, alg\u00fan miembro del hogar ha tenido alg\u00fan tipo de seguro?","var_imputation":null,"var_security":"El acceso a microdatos y Mam-up se considera como de tratamiento especial respecto a la reserva estad\u00edstica por tanto estar\u00e1 sujeto a la reglamentaci\u00f3n que para el efecto defina el Comit\u00e9 de Aseguramiento de la reserva estad\u00edstica. Resoluci\u00f3n 173 de 2008.","var_resp_unit":"Informante directo","var_analysis_unit":null,"var_qstn_preqtxt":"8. El uso que le da a esta (s) cuenta (s) es para:\n\n- Esta inactiva o no la usa","var_qstn_qstnlit":"9. \u00bfEn los \u00faltimos doce meses, alg\u00fan miembro del hogar ha tenido alg\u00fan tipo de seguro?\n\n1\tS\u00ed\n2\tNo","var_qstn_postqtxt":"10. \u00bfQu\u00e9 tipo de seguro?","var_qstn_ivuinstr":"Esta pregunta permite establecer la previsi\u00f3n y capacidad del hogar para enfrentar situaciones adversas imprevistas, tanto a nivel familiar como productivo.","var_universe":"Est\u00e1 conformado por la poblaci\u00f3n civil no institucional resi\u00addente en todo el territorio nacional. Este cap\u00edtulo es solo para el componente rural.\n\nEste cap\u00edtulo va dirigido a todos y cada uno de los hogares existentes en la vivienda.","var_universe_clusion":"I","var_sumstat":[{"value":"4604","type":"vald","wgtd":null},{"value":"20760","type":"invd","wgtd":null},{"value":"1","type":"min","wgtd":null},{"value":"2","type":"max","wgtd":null},{"value":"1.957","type":"mean","wgtd":null},{"value":"0.202","type":"stdev","wgtd":null}],"var_txt":null,"var_catgry":[{"value":"1","labl":"Si","is_missing":null,"stats":[{"value":"197","type":"freq","wgtd":null}]},{"value":"2","labl":"No","is_missing":null,"stats":[{"value":"4407","type":"freq","wgtd":null}]},{"value":"Sysmiss","labl":null,"is_missing":"Y","stats":[{"value":"20760","type":"freq","wgtd":null}]}],"var_codinstr":null,"var_concept":[],"var_format":{"type":"numeric","schema":"other","category":null,"name":null},"var_notes":null,"var_val_range":{"min":"1","max":"2"},"fid":"F21","sid":"196","survey_idno":"DANE-DIRPEN-ENCV-2011"}