{"file_id":"F21","vid":"V1511","name":"P7915","var_intrvl":"discrete","var_dcml":"0","var_wgt":null,"var_is_wgt":null,"loc_start_pos":"84","loc_end_pos":"84","loc_width":"1","loc_rec_seg_no":"1","labl":"Del total de fincas, tierras o parcelas en propiedad, posesi\u00f3n, aparcer\u00eda, usufructo o arrendadas por favor liste los costos monetarios asociados a la producci\u00f3n pecuaria, forestal y agr\u00edcola en los \u00faltimos 12 meses, pagados por el hogar","var_imputation":null,"var_security":"El acceso a microdatos y Mam-up se considera como de tratamiento especial respecto a la reserva estad\u00edstica por tanto estar\u00e1 sujeto a la reglamentaci\u00f3n que para el efecto defina el Comit\u00e9 de Aseguramiento de la reserva estad\u00edstica. Resoluci\u00f3n 173 de 2008.","var_resp_unit":"Informante directo","var_analysis_unit":null,"var_qstn_preqtxt":null,"var_qstn_qstnlit":"51. Del total de fincas, tierras o parcelas en propiedad, posesi\u00f3n, aparcer\u00eda, usufructo o arrendadas por favor liste los costos monetarios asociados a la producci\u00f3n pecuaria, forestal y agr\u00edcola en los \u00faltimos 12 meses, pagados por el hogar","var_qstn_postqtxt":"51. Del total de fincas, tierras o parcelas en propiedad, posesi\u00f3n, aparcer\u00eda, usufructo o arrendadas por favor liste los costos monetarios asociados a la producci\u00f3n pecuaria, forestal y agr\u00edcola en los \u00faltimos 12 meses, pagados por el hogar\n\n- Pago de arriendos","var_qstn_ivuinstr":"Con esta pregunta se busca obtener todos los gastos relacionados con la explotaci\u00f3n, para as\u00ed poder establecer los ingresos netos de la explotaci\u00f3n. Se relaciona cada uno de los costos de la producci\u00f3n agr\u00edcola, pecuaria y forestal de los productos relacionados en las preguntas 36 y 45.\n\nNota: Excluya los costos que fueron asumidos por otras personas fuera del hogar y\/o por las otras partes en arreglos de medianer\u00eda, aparcer\u00eda o asociaci\u00f3n.","var_universe":"Est\u00e1 conformado por la poblaci\u00f3n civil no institucional resi\u00addente en todo el territorio nacional. Este cap\u00edtulo es solo para el componente rural.\n\nEste cap\u00edtulo va dirigido a todos y cada uno de los hogares existentes en la vivienda.","var_universe_clusion":"I","var_sumstat":[{"value":"0","type":"vald","wgtd":null},{"value":"25364","type":"invd","wgtd":null}],"var_txt":null,"var_catgry":[{"value":"Sysmiss","labl":null,"is_missing":"Y","stats":[{"value":"25364","type":"freq","wgtd":null}]}],"var_codinstr":null,"var_concept":[],"var_format":{"type":"numeric","schema":"other","category":null,"name":null},"var_notes":null,"var_val_range":{"min":null,"max":null},"fid":"F21","sid":"196","survey_idno":"DANE-DIRPEN-ENCV-2011"}