{"file_id":"F30","vid":"V2262","name":"P6992S1","var_intrvl":"discrete","var_dcml":null,"var_wgt":null,"var_is_wgt":null,"loc_start_pos":"18","loc_end_pos":"97","loc_width":"80","loc_rec_seg_no":"1","labl":"Cu\u00e1l?","var_imputation":null,"var_security":"El acceso a microdatos y Mam-up se considera como de tratamiento especial respecto a la reserva estad\u00edstica por tanto estar\u00e1 sujeto a la reglamentaci\u00f3n que para el efecto defina el Comit\u00e9 de Aseguramiento de la reserva estad\u00edstica. Resoluci\u00f3n 173 de 2008","var_resp_unit":"Directo.","var_analysis_unit":null,"var_qstn_preqtxt":"2. \u00bfPor qu\u00e9 raz\u00f3n principal no est\u00e1 afiliado o no es beneficiario de una entidad de seguridad social en salud? (Entidad promotora de salud -EPS o Administradora de R\u00e9gimen Subsidiado -ARS)\n\na.\tPor falta de dinero\nb.\tMuchos tr\u00e1mites\nc.\tNo le interesa o descuido\nd.\tNo sabe que debe afiliarse\ne.\tNo \u00e9sta vinculado laboralmente a una empresa o entidad \nf.\tEst\u00e1 en tramite de afiliaci\u00f3n \ng.\tNo hay entidad cercana\nh.\tOtra raz\u00f3n, \u00bfcu\u00e1l?","var_qstn_qstnlit":"2. \u00bfPor qu\u00e9 raz\u00f3n principal no est\u00e1 afiliado o no es beneficiario de una entidad de seguridad social en salud? (Entidad promotora de salud -EPS o Administradora de R\u00e9gimen Subsidiado -ARS)\n\nh.\t\u00bfcu\u00e1l? _______________","var_qstn_postqtxt":"3. \u00bfA cu\u00e1l de los siguientes reg\u00edmenes de seguridad social en salud est\u00e1 afiliado?\u00e7\n\na. Contributivo (EPS)\nb. Especial (Fuerzas armadas, Ecopetrol, universidades p\u00fablicas, magisterio)\nc. Subsidiado (EPS-S)\nd. No sabe, no informa","var_qstn_ivuinstr":null,"var_universe":"El universo para la Encuesta de Calidad de Vida est\u00e1 conformado por la poblaci\u00f3n civil no institucional residente en todo el territorio nacional. \n\nEste cap\u00edtulo va dirigido a todas las personas del hogar.","var_universe_clusion":"I","var_sumstat":[{"value":"1094","type":"vald","wgtd":null},{"value":"0","type":"invd","wgtd":null}],"var_txt":null,"var_catgry":[{"value":"SOLO TIENE SISBEN","labl":null,"is_missing":null,"stats":[{"value":"9","type":"freq","wgtd":null}]},{"value":"CAMBIO DE RESIDENCIA","labl":null,"is_missing":null,"stats":[{"value":"9","type":"freq","wgtd":null}]},{"value":"FALTA DE TIEMPO","labl":null,"is_missing":null,"stats":[{"value":"8","type":"freq","wgtd":null}]},{"value":"NO ESTA REGISTRADO","labl":null,"is_missing":null,"stats":[{"value":"7","type":"freq","wgtd":null}]},{"value":"RECIEN NACIDA","labl":null,"is_missing":null,"stats":[{"value":"6","type":"freq","wgtd":null}]},{"value":"NO TIENE REGISTRO CIVIL","labl":null,"is_missing":null,"stats":[{"value":"6","type":"freq","wgtd":null}]},{"value":"ESTA EN TRAMITE","labl":null,"is_missing":null,"stats":[{"value":"6","type":"freq","wgtd":null}]},{"value":"SE LE PERDIO","labl":null,"is_missing":null,"stats":[{"value":"5","type":"freq","wgtd":null}]},{"value":"RECIEN NACIDO","labl":null,"is_missing":null,"stats":[{"value":"5","type":"freq","wgtd":null}]},{"value":"NO APARECE EN EL SISTEMA","labl":null,"is_missing":null,"stats":[{"value":"5","type":"freq","wgtd":null}]},{"value":"CAMBIO DE DOMICILIO","labl":null,"is_missing":null,"stats":[{"value":"5","type":"freq","wgtd":null}]},{"value":"TIENE UN CARNET DE ASOCIACION MUTUAL DE BARRIOS UNIDOS OTORGADO POR LA JAC","labl":null,"is_missing":null,"stats":[{"value":"4","type":"freq","wgtd":null}]},{"value":"TIENE SOLO SISBEN","labl":null,"is_missing":null,"stats":[{"value":"4","type":"freq","wgtd":null}]},{"value":"SISBEN","labl":null,"is_missing":null,"stats":[{"value":"4","type":"freq","wgtd":null}]},{"value":"POR QUE SE ENCUENTRA EN OTRO DEPARTAMENTO","labl":null,"is_missing":null,"stats":[{"value":"4","type":"freq","wgtd":null}]},{"value":"NO HAY CUPOS","labl":null,"is_missing":null,"stats":[{"value":"4","type":"freq","wgtd":null}]},{"value":"NO HAY COBERTURA","labl":null,"is_missing":null,"stats":[{"value":"4","type":"freq","wgtd":null}]},{"value":"NO APARECE EN LA BASE DE DATOS","labl":null,"is_missing":null,"stats":[{"value":"4","type":"freq","wgtd":null}]},{"value":"LO SACARON DEL SISTEMA","labl":null,"is_missing":null,"stats":[{"value":"4","type":"freq","wgtd":null}]},{"value":"CARNET DE OTRO DEPARTAMENTO","labl":null,"is_missing":null,"stats":[{"value":"4","type":"freq","wgtd":null}]},{"value":"TRASLADO DE RESIDENCIA","labl":null,"is_missing":null,"stats":[{"value":"3","type":"freq","wgtd":null}]},{"value":"TIENE CARNET DE BARRIOS UNIDOS OTORGADO POR LA ALCALDIA","labl":null,"is_missing":null,"stats":[{"value":"3","type":"freq","wgtd":null}]},{"value":"SE TRASLADO DE RESIDENCIA","labl":null,"is_missing":null,"stats":[{"value":"3","type":"freq","wgtd":null}]},{"value":"PORQUE SON DEL ECUADOR","labl":null,"is_missing":null,"stats":[{"value":"3","type":"freq","wgtd":null}]},{"value":"NO TIENE DOCUMENTO DE IDENTIDAD","labl":null,"is_missing":null,"stats":[{"value":"3","type":"freq","wgtd":null}]},{"value":"NO HAY AFILIACIONES EN EL MOMENTO","labl":null,"is_missing":null,"stats":[{"value":"3","type":"freq","wgtd":null}]},{"value":"NO HA REALIZADO TRAMITES DE AFILIACION","labl":null,"is_missing":null,"stats":[{"value":"3","type":"freq","wgtd":null}]},{"value":"NO HA REALIZADO EL TRAMITE","labl":null,"is_missing":null,"stats":[{"value":"3","type":"freq","wgtd":null}]},{"value":"NO ESTA REGISTRADA","labl":null,"is_missing":null,"stats":[{"value":"3","type":"freq","wgtd":null}]},{"value":"LOS PAPAS NO ESTAN AFILIADOS","labl":null,"is_missing":null,"stats":[{"value":"3","type":"freq","wgtd":null}]},{"value":"LE LLEGO MUY ALTO EL NIVEL DE LA ARS Y POR ESO DECIDIO ENTREGARLO","labl":null,"is_missing":null,"stats":[{"value":"3","type":"freq","wgtd":null}]},{"value":"LA SACARON DEL SISTEMA","labl":null,"is_missing":null,"stats":[{"value":"3","type":"freq","wgtd":null}]},{"value":"ESTA RECIEN NACIDA","labl":null,"is_missing":null,"stats":[{"value":"3","type":"freq","wgtd":null}]},{"value":"ESTA ESPERANDO UNA NUEVA COBERTURA","labl":null,"is_missing":null,"stats":[{"value":"3","type":"freq","wgtd":null}]},{"value":"ESTA EN PROCESO DE AFILIACION","labl":null,"is_missing":null,"stats":[{"value":"3","type":"freq","wgtd":null}]},{"value":"ESPERANDO COBERTURA","labl":null,"is_missing":null,"stats":[{"value":"3","type":"freq","wgtd":null}]},{"value":"DOBLE AFILIACION","labl":null,"is_missing":null,"stats":[{"value":"3","type":"freq","wgtd":null}]},{"value":"CARTA DEL SISBEN","labl":null,"is_missing":null,"stats":[{"value":"3","type":"freq","wgtd":null}]},{"value":"CAMBIO DE EPS","labl":null,"is_missing":null,"stats":[{"value":"3","type":"freq","wgtd":null}]},{"value":"VINCULADO","labl":null,"is_missing":null,"stats":[{"value":"2","type":"freq","wgtd":null}]},{"value":"VIAJE AL EXTERIOR EN PROXIMOS DIAS","labl":null,"is_missing":null,"stats":[{"value":"2","type":"freq","wgtd":null}]},{"value":"TRAMITES DE AFILIACION","labl":null,"is_missing":null,"stats":[{"value":"2","type":"freq","wgtd":null}]},{"value":"TIENE CARTA DE DESPLAZADA","labl":null,"is_missing":null,"stats":[{"value":"2","type":"freq","wgtd":null}]},{"value":"TIENE CARNET DE ASOCIACION MUTUAL DE BARRIOS UNIDOS OTORGADO POR LA JAC","labl":null,"is_missing":null,"stats":[{"value":"2","type":"freq","wgtd":null}]},{"value":"TIENE CARNET DE ASOCIACION DE BARRIOS UNIDOS OTORGADO POR LA ALCALDIA","labl":null,"is_missing":null,"stats":[{"value":"2","type":"freq","wgtd":null}]},{"value":"SUSPENSION DEL SISBEN POR PUNTAJE","labl":null,"is_missing":null,"stats":[{"value":"2","type":"freq","wgtd":null}]},{"value":"REGISTRA SISBEN EN OTRO MUNICIPIO","labl":null,"is_missing":null,"stats":[{"value":"2","type":"freq","wgtd":null}]},{"value":"POR FALTA DE TIEMPO","labl":null,"is_missing":null,"stats":[{"value":"2","type":"freq","wgtd":null}]},{"value":"PERDIO AFILIACION POR DESPLAZAMIENTO","labl":null,"is_missing":null,"stats":[{"value":"2","type":"freq","wgtd":null}]},{"value":"PERDIDA DE AFILIACION POR DESPLAZAMIENTO","labl":null,"is_missing":null,"stats":[{"value":"2","type":"freq","wgtd":null}]},{"value":"NO TIENE COBERTURA","labl":null,"is_missing":null,"stats":[{"value":"2","type":"freq","wgtd":null}]},{"value":"NO SALIO SELECCIONADA","labl":null,"is_missing":null,"stats":[{"value":"2","type":"freq","wgtd":null}]},{"value":"NO QUEDO FAVORECIDA POR EL SISBEN","labl":null,"is_missing":null,"stats":[{"value":"2","type":"freq","wgtd":null}]},{"value":"NO LE GUSTA EL TRATO QUE LE DAN A LOS USUARIOS","labl":null,"is_missing":null,"stats":[{"value":"2","type":"freq","wgtd":null}]},{"value":"NO LA NECESITA","labl":null,"is_missing":null,"stats":[{"value":"2","type":"freq","wgtd":null}]},{"value":"NO HAN PASADO CENSANDO","labl":null,"is_missing":null,"stats":[{"value":"2","type":"freq","wgtd":null}]},{"value":"NO HA SIDO VENEFICIADO","labl":null,"is_missing":null,"stats":[{"value":"2","type":"freq","wgtd":null}]},{"value":"NO HA REALIZADO LOS TRAMITES","labl":null,"is_missing":null,"stats":[{"value":"2","type":"freq","wgtd":null}]},{"value":"NO HA REALIZADO LA TRANSFERENCIA","labl":null,"is_missing":null,"stats":[{"value":"2","type":"freq","wgtd":null}]},{"value":"NO ESTABA EL DIA DEL CENSO","labl":null,"is_missing":null,"stats":[{"value":"2","type":"freq","wgtd":null}]},{"value":"NO A HECHO LOS TRAMITES","labl":null,"is_missing":null,"stats":[{"value":"2","type":"freq","wgtd":null}]},{"value":"LOS PADRES NO ESTAN AFILIADOS A NINGUNA EPS","labl":null,"is_missing":null,"stats":[{"value":"2","type":"freq","wgtd":null}]},{"value":"LA SACARON DEL REGIMEN SUBSIDIADO","labl":null,"is_missing":null,"stats":[{"value":"2","type":"freq","wgtd":null}]},{"value":"LA MAMA NO HA PODIDO TRAMITAR ARS","labl":null,"is_missing":null,"stats":[{"value":"2","type":"freq","wgtd":null}]},{"value":"HIZO LA DILIGENCIA PERO NO LE HAN ASIGNADO A UNA EPS.","labl":null,"is_missing":null,"stats":[{"value":"2","type":"freq","wgtd":null}]},{"value":"FUERA DE COBERTURA","labl":null,"is_missing":null,"stats":[{"value":"2","type":"freq","wgtd":null}]},{"value":"FUE DESAFILIADO SIN MOTIVO ESPECIFICO","labl":null,"is_missing":null,"stats":[{"value":"2","type":"freq","wgtd":null}]},{"value":"FUE DESAFILIADA SIN PREVIO AVISO","labl":null,"is_missing":null,"stats":[{"value":"2","type":"freq","wgtd":null}]},{"value":"FALTA DE CUPO","labl":null,"is_missing":null,"stats":[{"value":"2","type":"freq","wgtd":null}]},{"value":"ESTAN RECIEN LLEGADOS A ESTE MUNICIPIO","labl":null,"is_missing":null,"stats":[{"value":"2","type":"freq","wgtd":null}]},{"value":"ESTA RECIEN NACIDO","labl":null,"is_missing":null,"stats":[{"value":"2","type":"freq","wgtd":null}]},{"value":"ESTA HACIENDO PAPELES PARA RENOVAR INFORMACION EN EL REGIMEN CONTRIBUTIVO","labl":null,"is_missing":null,"stats":[{"value":"2","type":"freq","wgtd":null}]},{"value":"ESTA HACIENDO LOS TRAMITES","labl":null,"is_missing":null,"stats":[{"value":"2","type":"freq","wgtd":null}]},{"value":"ESTA EN TRAMITES PARA AFILIARSE","labl":null,"is_missing":null,"stats":[{"value":"2","type":"freq","wgtd":null}]},{"value":"ESTA EN TRAMITES","labl":null,"is_missing":null,"stats":[{"value":"2","type":"freq","wgtd":null}]},{"value":"ESTA EN TRAMITE LA AFILIACION","labl":null,"is_missing":null,"stats":[{"value":"2","type":"freq","wgtd":null}]},{"value":"ESTA EN TRAMITE EN ESPERA DE QUE LE ASIGNEN A UNA IPS.","labl":null,"is_missing":null,"stats":[{"value":"2","type":"freq","wgtd":null}]},{"value":"ESTA DESVINCULADO","labl":null,"is_missing":null,"stats":[{"value":"2","type":"freq","wgtd":null}]},{"value":"ESTA A LA ESPERA DE UNA NUEVA COBERTURA","labl":null,"is_missing":null,"stats":[{"value":"2","type":"freq","wgtd":null}]},{"value":"ES UN RECIEN NACIDO","labl":null,"is_missing":null,"stats":[{"value":"2","type":"freq","wgtd":null}]},{"value":"EN ESPERA","labl":null,"is_missing":null,"stats":[{"value":"2","type":"freq","wgtd":null}]},{"value":"CARTA SISBEN","labl":null,"is_missing":null,"stats":[{"value":"2","type":"freq","wgtd":null}]},{"value":"CARTA DE SISBEN","labl":null,"is_missing":null,"stats":[{"value":"2","type":"freq","wgtd":null}]},{"value":"CARTA DE DESPLAZADOS","labl":null,"is_missing":null,"stats":[{"value":"2","type":"freq","wgtd":null}]},{"value":"CAMBIO DE LOCALIDAD","labl":null,"is_missing":null,"stats":[{"value":"2","type":"freq","wgtd":null}]},{"value":"CAMBIO DE EPS HUMANA VIVIR","labl":null,"is_missing":null,"stats":[{"value":"2","type":"freq","wgtd":null}]},{"value":"AFILIACION EN TRAMITE","labl":null,"is_missing":null,"stats":[{"value":"2","type":"freq","wgtd":null}]},{"value":"no se le ha presentado la oportunidad DE AFILIARSE","labl":null,"is_missing":null,"stats":[{"value":"1","type":"freq","wgtd":null}]},{"value":"no le dieron carnet por parte el estado","labl":null,"is_missing":null,"stats":[{"value":"1","type":"freq","wgtd":null}]},{"value":"no esta registrado","labl":null,"is_missing":null,"stats":[{"value":"1","type":"freq","wgtd":null}]},{"value":"falta de registro","labl":null,"is_missing":null,"stats":[{"value":"1","type":"freq","wgtd":null}]},{"value":"esta afiliado a plan complementario","labl":null,"is_missing":null,"stats":[{"value":"1","type":"freq","wgtd":null}]},{"value":"el padre no tiene emleo","labl":null,"is_missing":null,"stats":[{"value":"1","type":"freq","wgtd":null}]},{"value":"VOTO LA CEDULA Y NO SE HA PODIDO AFILIAR","labl":null,"is_missing":null,"stats":[{"value":"1","type":"freq","wgtd":null}]},{"value":"VIVIA EN OTRO PAIS Y NO A PODIDO AFILIARSE","labl":null,"is_missing":null,"stats":[{"value":"1","type":"freq","wgtd":null}]},{"value":"VINO  MAL  EL  NUMERO  DE  SU  CEDULA","labl":null,"is_missing":null,"stats":[{"value":"1","type":"freq","wgtd":null}]},{"value":"VIENE DE OTRO PAIS Y NO SABE COMO AFILIARSE","labl":null,"is_missing":null,"stats":[{"value":"1","type":"freq","wgtd":null}]},{"value":"VENCIMIENTO DE CARNE","labl":null,"is_missing":null,"stats":[{"value":"1","type":"freq","wgtd":null}]},{"value":"VA HACER SOLICITU DE CARNET","labl":null,"is_missing":null,"stats":[{"value":"1","type":"freq","wgtd":null}]},{"value":"VA  A PARTICULAR","labl":null,"is_missing":null,"stats":[{"value":"1","type":"freq","wgtd":null}]},{"value":"UTILIZA MEDICO PARTICULAR","labl":null,"is_missing":null,"stats":[{"value":"1","type":"freq","wgtd":null}]},{"value":"UN HIJO LA TENIA AFILIADA PERO SE CASO Y LA SACARON","labl":null,"is_missing":null,"stats":[{"value":"1","type":"freq","wgtd":null}]},{"value":"TRASLADO DE VIENDA","labl":null,"is_missing":null,"stats":[{"value":"1","type":"freq","wgtd":null}]},{"value":"TRASLADO DE LOCALIDAD","labl":null,"is_missing":null,"stats":[{"value":"1","type":"freq","wgtd":null}]},{"value":"TRASLADO DE CIUDAD","labl":null,"is_missing":null,"stats":[{"value":"1","type":"freq","wgtd":null}]},{"value":"TRASLADO  DE CIUDAD","labl":null,"is_missing":null,"stats":[{"value":"1","type":"freq","wgtd":null}]},{"value":"TRAJA  EN CONSTRUCCION Y CUANDO  TIENE CONTRATO  SE  TIENE  QUE VINCULAR A EPS","labl":null,"is_missing":null,"stats":[{"value":"1","type":"freq","wgtd":null}]},{"value":"TODAVIA REGISRADA EN EL CONTRIBUTIVO","labl":null,"is_missing":null,"stats":[{"value":"1","type":"freq","wgtd":null}]},{"value":"TODAVIA NO TIENE REGISTRO CIVIL.","labl":null,"is_missing":null,"stats":[{"value":"1","type":"freq","wgtd":null}]},{"value":"TODAVIA NO TIENE DOCUMENTO (REGISTRO CIVIL).","labl":null,"is_missing":null,"stats":[{"value":"1","type":"freq","wgtd":null}]},{"value":"TIENEN QUE PERMANECER 3 A\u00d1OS EN EL MUNICIPIO PARA QUE LOS AFILIEN AL SISBEN","labl":null,"is_missing":null,"stats":[{"value":"1","type":"freq","wgtd":null}]},{"value":"TIENEN LA CARTA DEL SISBEN Y HAN HECHO EL TRAMITE Y NO LES SALE TODAVIA","labl":null,"is_missing":null,"stats":[{"value":"1","type":"freq","wgtd":null}]},{"value":"TIENE UN PROBLEMA EN EL SISTEMA QUE SU NUMERO DE CEDULA APARECE CON OTRO NOMBRE","labl":null,"is_missing":null,"stats":[{"value":"1","type":"freq","wgtd":null}]},{"value":"TIENE UN PROBLEMA EN EL SISTEMA DE LA ARS QUE NO LA DEJA AFILIARSE","labl":null,"is_missing":null,"stats":[{"value":"1","type":"freq","wgtd":null}]},{"value":"TIENE UN PROBLEMA CON LA CEDULA","labl":null,"is_missing":null,"stats":[{"value":"1","type":"freq","wgtd":null}]},{"value":"TIENE UN PROBLEMA CON EL SISTEMA DE LA ARS NO SE HA PODIDO AFILIAR","labl":null,"is_missing":null,"stats":[{"value":"1","type":"freq","wgtd":null}]},{"value":"TIENE UN INCONVENIENTE QUE NO APARECE EN SISTEMA","labl":null,"is_missing":null,"stats":[{"value":"1","type":"freq","wgtd":null}]},{"value":"TIENE UN DIA DE NACIDO","labl":null,"is_missing":null,"stats":[{"value":"1","type":"freq","wgtd":null}]},{"value":"TIENE UN CARNET DE LA ALCALDIA","labl":null,"is_missing":null,"stats":[{"value":"1","type":"freq","wgtd":null}]},{"value":"TIENE UN CARNET DE ASOCIACION  MUTUAL DE BARRIOS UNIDOS OTORGADO POR LA JAC","labl":null,"is_missing":null,"stats":[{"value":"1","type":"freq","wgtd":null}]},{"value":"TIENE UN CARNET ASOCIACION MUTUAL DE BARRIOS UNIDOS NO ES DE REGIMEN SUBSIDIADO","labl":null,"is_missing":null,"stats":[{"value":"1","type":"freq","wgtd":null}]},{"value":"TIENE SU SEGURIDAD SOCIAL EN SALUD EN OTRO PAIS VENEZUELA","labl":null,"is_missing":null,"stats":[{"value":"1","type":"freq","wgtd":null}]},{"value":"TIENE SISBEN SIN RENOVAR","labl":null,"is_missing":null,"stats":[{"value":"1","type":"freq","wgtd":null}]},{"value":"TIENE SIETE DIAS DE NACIDA","labl":null,"is_missing":null,"stats":[{"value":"1","type":"freq","wgtd":null}]},{"value":"TIENE SERVICIO POR EL SISBEN","labl":null,"is_missing":null,"stats":[{"value":"1","type":"freq","wgtd":null}]},{"value":"TIENE SERICIO DE SAUD ATRAVEZ DEL SISBEN","labl":null,"is_missing":null,"stats":[{"value":"1","type":"freq","wgtd":null}]},{"value":"TIENE SEGURO DE LA UNIVERSIDAD DONDE ESTUDIA","labl":null,"is_missing":null,"stats":[{"value":"1","type":"freq","wgtd":null}]},{"value":"TIENE PROBLEMAS CON SU REGISTRO DE NACIMIENTO POR ESO NO LO HAN VINCULADO.","labl":null,"is_missing":null,"stats":[{"value":"1","type":"freq","wgtd":null}]},{"value":"TIENE PROBLEMAS CON LA EPS ANTERIOR","labl":null,"is_missing":null,"stats":[{"value":"1","type":"freq","wgtd":null}]},{"value":"TIENE PROBLEMAS CON LA ANTERIOR EPS","labl":null,"is_missing":null,"stats":[{"value":"1","type":"freq","wgtd":null}]},{"value":"TIENE PLAN COMPLEMENTARIO DE SALUD","labl":null,"is_missing":null,"stats":[{"value":"1","type":"freq","wgtd":null}]},{"value":"TIENE MEDICINA PREPAGADA","labl":null,"is_missing":null,"stats":[{"value":"1","type":"freq","wgtd":null}]},{"value":"TIENE LA CARTA DE DESPLAZADO CON ELLA LO ATIENDEN EN CUALQUIER PARTE","labl":null,"is_missing":null,"stats":[{"value":"1","type":"freq","wgtd":null}]},{"value":"TIENE LA CARTA DE DESPLAZADDO QUE LO ATIENDEN  EN CUALQUIER PARTE","labl":null,"is_missing":null,"stats":[{"value":"1","type":"freq","wgtd":null}]},{"value":"TIENE ERRORES EN SU REGISTRO DE NACIMIENTO","labl":null,"is_missing":null,"stats":[{"value":"1","type":"freq","wgtd":null}]},{"value":"TIENE ERROR  EN  EL REGISTRO CIVIL","labl":null,"is_missing":null,"stats":[{"value":"1","type":"freq","wgtd":null}]},{"value":"TIENE EL SERVICIO DE SALUD A TRAVEZ DEL SISBEN","labl":null,"is_missing":null,"stats":[{"value":"1","type":"freq","wgtd":null}]},{"value":"TIENE DOS DIAS DE NACIDA","labl":null,"is_missing":null,"stats":[{"value":"1","type":"freq","wgtd":null}]},{"value":"TIENE DERECHOS MEDICOS EN LA UNIVERSIDAD","labl":null,"is_missing":null,"stats":[{"value":"1","type":"freq","wgtd":null}]},{"value":"TIENE CARTA DEL SISBEN NO LE HAN DADO INFORMACION","labl":null,"is_missing":null,"stats":[{"value":"1","type":"freq","wgtd":null}]},{"value":"TIENE CARTA DE DSPLAZADA","labl":null,"is_missing":null,"stats":[{"value":"1","type":"freq","wgtd":null}]},{"value":"TIENE CARTA DE DESPLAZADO Y NO HA HECHO LAS VUELTAS","labl":null,"is_missing":null,"stats":[{"value":"1","type":"freq","wgtd":null}]},{"value":"TIENE CARTA DE DESPLAZADO","labl":null,"is_missing":null,"stats":[{"value":"1","type":"freq","wgtd":null}]},{"value":"TIENE CARNET SUBSIDIADO EN BARRANQUILLA , PERO NOTIENE COBERTURA EN LA GUAJIRA","labl":null,"is_missing":null,"stats":[{"value":"1","type":"freq","wgtd":null}]},{"value":"TIENE CARNET DE SISBEN, PERO NO HA HECHO TRAMITES.","labl":null,"is_missing":null,"stats":[{"value":"1","type":"freq","wgtd":null}]},{"value":"TIENE CARNET DE OTRO MUNICIPIO","labl":null,"is_missing":null,"stats":[{"value":"1","type":"freq","wgtd":null}]},{"value":"TIENE CARNET DE OTRO DEPARTAMENTO Y NO LA ATIENDEN EN LA GUAJIRA","labl":null,"is_missing":null,"stats":[{"value":"1","type":"freq","wgtd":null}]},{"value":"TIENE CAPRECON DE OTRA CIUDAD","labl":null,"is_missing":null,"stats":[{"value":"1","type":"freq","wgtd":null}]},{"value":"TIENE BARRIOS UNIDOS UN CARNET DE LA ALCALDIA","labl":null,"is_missing":null,"stats":[{"value":"1","type":"freq","wgtd":null}]},{"value":"TIENE  EL CARNET  DE CARTAGENA","labl":null,"is_missing":null,"stats":[{"value":"1","type":"freq","wgtd":null}]},{"value":"TIENE  CARNET DE ASOCIACION DE BARRIOS UNIDOS OTORGADO POR LA ALCALDIA","labl":null,"is_missing":null,"stats":[{"value":"1","type":"freq","wgtd":null}]},{"value":"TIENE    PROBLEMAS   CON   LA   AFILIACION  POR  PROCESOS   DE   LA  PENSION","labl":null,"is_missing":null,"stats":[{"value":"1","type":"freq","wgtd":null}]},{"value":"TERMINO ESTUDIOS","labl":null,"is_missing":null,"stats":[{"value":"1","type":"freq","wgtd":null}]},{"value":"TERMINO DE TRABAJAR HACE POCO Y NO HA HECHO VUELTAS EN EL SISBEN","labl":null,"is_missing":null,"stats":[{"value":"1","type":"freq","wgtd":null}]},{"value":"TERMINACION DEL CONTRATO Y ACTUALMENTE NO ESTA TRABAJANDO","labl":null,"is_missing":null,"stats":[{"value":"1","type":"freq","wgtd":null}]},{"value":"TERMINACION DEL CONTRATO LABORAL","labl":null,"is_missing":null,"stats":[{"value":"1","type":"freq","wgtd":null}]},{"value":"TERMINACION DE CONTRATO","labl":null,"is_missing":null,"stats":[{"value":"1","type":"freq","wgtd":null}]},{"value":"TENIA REGIMEN CONTRIBUTIVO Y YA NO.","labl":null,"is_missing":null,"stats":[{"value":"1","type":"freq","wgtd":null}]},{"value":"TENIA PERO SE LO SUSPENDIERON POR  NO UTILIZARLO","labl":null,"is_missing":null,"stats":[{"value":"1","type":"freq","wgtd":null}]},{"value":"TENIA LA CEDULA PERDIDA","labl":null,"is_missing":null,"stats":[{"value":"1","type":"freq","wgtd":null}]},{"value":"TENIA DOBLE AFILIACION Y LE SUSPENDIERO EL SERVICIO","labl":null,"is_missing":null,"stats":[{"value":"1","type":"freq","wgtd":null}]},{"value":"TENIA  DEL SUBSIDIADO Y DEL CONTRIBUTIVO POR ESO LE ANULARON AMBOS.","labl":null,"is_missing":null,"stats":[{"value":"1","type":"freq","wgtd":null}]},{"value":"Sus padres no estan afiliados","labl":null,"is_missing":null,"stats":[{"value":"1","type":"freq","wgtd":null}]},{"value":"SUSPENSION DEL SISBEN  POR PUNTAJE","labl":null,"is_missing":null,"stats":[{"value":"1","type":"freq","wgtd":null}]},{"value":"SUSPENSION DEL SISBEN","labl":null,"is_missing":null,"stats":[{"value":"1","type":"freq","wgtd":null}]},{"value":"SUSPENCION","labl":null,"is_missing":null,"stats":[{"value":"1","type":"freq","wgtd":null}]},{"value":"SUS PADRES NO LO TIENEN AFILIADO","labl":null,"is_missing":null,"stats":[{"value":"1","type":"freq","wgtd":null}]},{"value":"SUS PADRES NO ESTAN LABORANDO","labl":null,"is_missing":null,"stats":[{"value":"1","type":"freq","wgtd":null}]},{"value":"SUS PADRES NO ESTAN AFILIADOS","labl":null,"is_missing":null,"stats":[{"value":"1","type":"freq","wgtd":null}]},{"value":"SUS PADRES ESTAN RECIEN LLEGADOS A ESTA VEREDA","labl":null,"is_missing":null,"stats":[{"value":"1","type":"freq","wgtd":null}]},{"value":"SU PADRE SE QUEDO SIN TRABAJO","labl":null,"is_missing":null,"stats":[{"value":"1","type":"freq","wgtd":null}]},{"value":"SU PADRE PERDIO EMPLEO","labl":null,"is_missing":null,"stats":[{"value":"1","type":"freq","wgtd":null}]},{"value":"SU MAMA NO  ESTA TRABAJANDO","labl":null,"is_missing":null,"stats":[{"value":"1","type":"freq","wgtd":null}]},{"value":"SU MADRE HIZO LA DILIGENCIA DE VINCULACION Y ESTA EN ESPERA.","labl":null,"is_missing":null,"stats":[{"value":"1","type":"freq","wgtd":null}]},{"value":"SU CONYUGUE NO HA PODIDO IR A TRAMITARLO","labl":null,"is_missing":null,"stats":[{"value":"1","type":"freq","wgtd":null}]},{"value":"SU CONYUGE PERDIO EL EMPLEO","labl":null,"is_missing":null,"stats":[{"value":"1","type":"freq","wgtd":null}]},{"value":"SU CARNET ES DE OTRO MUNICIPIO","labl":null,"is_missing":null,"stats":[{"value":"1","type":"freq","wgtd":null}]},{"value":"SON MUY MALAS LAS ENTIDADES PRESTADORAS DEL SERVICIO","labl":null,"is_missing":null,"stats":[{"value":"1","type":"freq","wgtd":null}]},{"value":"SOLUCIONANDO INCONVENIENTE PARA SER BENEFICIARIO DE LA HIJA","labl":null,"is_missing":null,"stats":[{"value":"1","type":"freq","wgtd":null}]},{"value":"SOLO TIENEN SISBEN","labl":null,"is_missing":null,"stats":[{"value":"1","type":"freq","wgtd":null}]},{"value":"SOLO TIENE CARTA DEL  SISBEN","labl":null,"is_missing":null,"stats":[{"value":"1","type":"freq","wgtd":null}]},{"value":"SOLO CARTA SISBEN","labl":null,"is_missing":null,"stats":[{"value":"1","type":"freq","wgtd":null}]},{"value":"SOLICITO EL SERVICIO AL SISBEN PERO AUN NO HA TENIDO RESPUESTA","labl":null,"is_missing":null,"stats":[{"value":"1","type":"freq","wgtd":null}]},{"value":"SEPARACION CON EL MARIDO Y LA DESAFILIO","labl":null,"is_missing":null,"stats":[{"value":"1","type":"freq","wgtd":null}]},{"value":"SE TRASLADO DE CIUDAD","labl":null,"is_missing":null,"stats":[{"value":"1","type":"freq","wgtd":null}]},{"value":"SE TRANSLADO DE MUNICIPIO","labl":null,"is_missing":null,"stats":[{"value":"1","type":"freq","wgtd":null}]},{"value":"SE SEPARO Y QUEDO DESAFILIADA","labl":null,"is_missing":null,"stats":[{"value":"1","type":"freq","wgtd":null}]},{"value":"SE SEPARO DE LA MUJER Y LO DESAFILIO DE LA EPS","labl":null,"is_missing":null,"stats":[{"value":"1","type":"freq","wgtd":null}]},{"value":"SE RETIRO POR MALA ATENCION","labl":null,"is_missing":null,"stats":[{"value":"1","type":"freq","wgtd":null}]},{"value":"SE RETIRO PARA CAMBIARSE","labl":null,"is_missing":null,"stats":[{"value":"1","type":"freq","wgtd":null}]},{"value":"SE RETIRO HACE 3 A\u00d1OS DE HUMANA VIVIR PERO NO PAGABA NADA","labl":null,"is_missing":null,"stats":[{"value":"1","type":"freq","wgtd":null}]},{"value":"SE RETIRO DEL SISBEN Y ESTA TRAMITANDO AFILIACION EN EPS","labl":null,"is_missing":null,"stats":[{"value":"1","type":"freq","wgtd":null}]},{"value":"SE QUEDO SIN EMPLEO","labl":null,"is_missing":null,"stats":[{"value":"1","type":"freq","wgtd":null}]},{"value":"SE LOQUITARON","labl":null,"is_missing":null,"stats":[{"value":"1","type":"freq","wgtd":null}]},{"value":"SE LES PERDIERON LOS DOCUMENTOS DE IDENTIFICACION","labl":null,"is_missing":null,"stats":[{"value":"1","type":"freq","wgtd":null}]},{"value":"SE LE PERDIO LA CEDULA Y POR ESO NO HA HECHO LA DILIGENCIA.","labl":null,"is_missing":null,"stats":[{"value":"1","type":"freq","wgtd":null}]},{"value":"SE LE PERDIO EL CARNET","labl":null,"is_missing":null,"stats":[{"value":"1","type":"freq","wgtd":null}]},{"value":"SE LE EXTRAVIO EL CARNET","labl":null,"is_missing":null,"stats":[{"value":"1","type":"freq","wgtd":null}]},{"value":"SE LE EXTRAVIO DOCUMENTO DE IDENTIDAD","labl":null,"is_missing":null,"stats":[{"value":"1","type":"freq","wgtd":null}]},{"value":"SE LE ACABO EL CONTRATO","labl":null,"is_missing":null,"stats":[{"value":"1","type":"freq","wgtd":null}]},{"value":"SE LE  PERDIO","labl":null,"is_missing":null,"stats":[{"value":"1","type":"freq","wgtd":null}]},{"value":"SE ESTAN HACIENDO TRAMITE","labl":null,"is_missing":null,"stats":[{"value":"1","type":"freq","wgtd":null}]},{"value":"SE ESTAN DESAFILIANDO EN PASCA PARA PODER REGISTRARSE EN BOGOTA","labl":null,"is_missing":null,"stats":[{"value":"1","type":"freq","wgtd":null}]},{"value":"SE ESTA DESVINCULANDO EN PASCA PARA PODER AFILIARSE EN BOGOTA","labl":null,"is_missing":null,"stats":[{"value":"1","type":"freq","wgtd":null}]},{"value":"SE ESPOSO LOS HABIA AFILIADO, PERO EL ESTA SIN EMPLEO","labl":null,"is_missing":null,"stats":[{"value":"1","type":"freq","wgtd":null}]},{"value":"SE ENCUETRA INACTIVO","labl":null,"is_missing":null,"stats":[{"value":"1","type":"freq","wgtd":null}]},{"value":"SE ENCUENTRA EN TRAMITE LA AFILICION","labl":null,"is_missing":null,"stats":[{"value":"1","type":"freq","wgtd":null}]},{"value":"SE ENCUENTRA EN OTRO MUNICIPIO","labl":null,"is_missing":null,"stats":[{"value":"1","type":"freq","wgtd":null}]},{"value":"SE ENCUENTRA EN EL REGIMEN SUBSIDIADO DE OTRO MUNICIPIO","labl":null,"is_missing":null,"stats":[{"value":"1","type":"freq","wgtd":null}]},{"value":"SE DESVINCULO RECIENTEMENTE","labl":null,"is_missing":null,"stats":[{"value":"1","type":"freq","wgtd":null}]},{"value":"SE DESAFILIO PARA CAMBIAR  DE EPS","labl":null,"is_missing":null,"stats":[{"value":"1","type":"freq","wgtd":null}]},{"value":"SE DESAFILIARON PARA CAMBIAR DE EPS","labl":null,"is_missing":null,"stats":[{"value":"1","type":"freq","wgtd":null}]},{"value":"SE ACABO LA ENTIDAD A LA QUE ESTABA AFILIADA","labl":null,"is_missing":null,"stats":[{"value":"1","type":"freq","wgtd":null}]},{"value":"SE  LE PERDIO","labl":null,"is_missing":null,"stats":[{"value":"1","type":"freq","wgtd":null}]},{"value":"SE  LE  PERDIO","labl":null,"is_missing":null,"stats":[{"value":"1","type":"freq","wgtd":null}]},{"value":"SE  LE  ESTRAVIO","labl":null,"is_missing":null,"stats":[{"value":"1","type":"freq","wgtd":null}]},{"value":"RETIRO VOLUNTARIO DEL REGIMEN SUBSIDIADO","labl":null,"is_missing":null,"stats":[{"value":"1","type":"freq","wgtd":null}]},{"value":"RETIRADA DEL SISTEMA POR ESTAR AFILIADA A DOS EPS AL MISMO TIEMPO","labl":null,"is_missing":null,"stats":[{"value":"1","type":"freq","wgtd":null}]},{"value":"RESIEN NACIDA","labl":null,"is_missing":null,"stats":[{"value":"1","type":"freq","wgtd":null}]},{"value":"RENUNCIO A EMPLEO ANTERIOR HACE 15 DIAS Y AUN NO SE AFILIA","labl":null,"is_missing":null,"stats":[{"value":"1","type":"freq","wgtd":null}]},{"value":"REGISTRO CIVIL ERRADO","labl":null,"is_missing":null,"stats":[{"value":"1","type":"freq","wgtd":null}]},{"value":"REGISTRA SISBEN EN PANDI CUNDINAMARCA Y NO SE REALIZO EL TRASLADO","labl":null,"is_missing":null,"stats":[{"value":"1","type":"freq","wgtd":null}]},{"value":"RECIEN YEGADO ALMUNICIPIO","labl":null,"is_missing":null,"stats":[{"value":"1","type":"freq","wgtd":null}]},{"value":"RECIEN YEGADA ALMUNIIPIO","labl":null,"is_missing":null,"stats":[{"value":"1","type":"freq","wgtd":null}]},{"value":"RECIEN LLEGO AL MUNICIPIO DE BUESACO","labl":null,"is_missing":null,"stats":[{"value":"1","type":"freq","wgtd":null}]},{"value":"RECIEN  YEGADA AL MUNICIPIO","labl":null,"is_missing":null,"stats":[{"value":"1","type":"freq","wgtd":null}]},{"value":"RECIBEN ATENCION POR MEDIO DEL SISBEN","labl":null,"is_missing":null,"stats":[{"value":"1","type":"freq","wgtd":null}]},{"value":"REALIZARA LOS TRAMITES LA PROXIAMA SEMANA","labl":null,"is_missing":null,"stats":[{"value":"1","type":"freq","wgtd":null}]},{"value":"REALIZANDO TRAMITES","labl":null,"is_missing":null,"stats":[{"value":"1","type":"freq","wgtd":null}]},{"value":"QUEDO DESEMPLEADA","labl":null,"is_missing":null,"stats":[{"value":"1","type":"freq","wgtd":null}]},{"value":"Problema de afiliacion","labl":null,"is_missing":null,"stats":[{"value":"1","type":"freq","wgtd":null}]},{"value":"PROVIENE DE VENEZUELA Y NO TIENE DOCUMENTOS COLOMBIANOS","labl":null,"is_missing":null,"stats":[{"value":"1","type":"freq","wgtd":null}]},{"value":"PROBLEMAS ENLOS PAPELES","labl":null,"is_missing":null,"stats":[{"value":"1","type":"freq","wgtd":null}]},{"value":"PROBLEMAS EN LOS PAPELES","labl":null,"is_missing":null,"stats":[{"value":"1","type":"freq","wgtd":null}]},{"value":"PROBLEMAS DE DOCUMENTACION","labl":null,"is_missing":null,"stats":[{"value":"1","type":"freq","wgtd":null}]},{"value":"PROBLEMAS DE DOBLE AFILIACION Y APARARECEN COMO CABEZA DE FAMILIA","labl":null,"is_missing":null,"stats":[{"value":"1","type":"freq","wgtd":null}]},{"value":"PROBLEMAS CON LOS PAPELES","labl":null,"is_missing":null,"stats":[{"value":"1","type":"freq","wgtd":null}]},{"value":"PROBLEMAS CON LA EPS","labl":null,"is_missing":null,"stats":[{"value":"1","type":"freq","wgtd":null}]},{"value":"PROBLEMAS CON IDENTIFICACION EN EL SISTEMA","labl":null,"is_missing":null,"stats":[{"value":"1","type":"freq","wgtd":null}]},{"value":"PROBLEMAS CON EL NUMERO DE TARJETA","labl":null,"is_missing":null,"stats":[{"value":"1","type":"freq","wgtd":null}]},{"value":"PRESISBEN","labl":null,"is_missing":null,"stats":[{"value":"1","type":"freq","wgtd":null}]},{"value":"PREFIEREN PAGAR MEDICO PARTICULAR","labl":null,"is_missing":null,"stats":[{"value":"1","type":"freq","wgtd":null}]},{"value":"PREFIERE PARTICULAR YPAGAR POR CADA CITA","labl":null,"is_missing":null,"stats":[{"value":"1","type":"freq","wgtd":null}]},{"value":"PORUE EL SIBEN CON ELNIVEL 3 NO LES FAVORECE","labl":null,"is_missing":null,"stats":[{"value":"1","type":"freq","wgtd":null}]},{"value":"PORQUENUNCA LOANENCUESTADO","labl":null,"is_missing":null,"stats":[{"value":"1","type":"freq","wgtd":null}]},{"value":"PORQUE TIENE DIAZ DE NACIDA","labl":null,"is_missing":null,"stats":[{"value":"1","type":"freq","wgtd":null}]},{"value":"PORQUE NO TIENE DOCUMENTOS COLOMBIANOS","labl":null,"is_missing":null,"stats":[{"value":"1","type":"freq","wgtd":null}]},{"value":"PORQUE NO TIENE CEDULA","labl":null,"is_missing":null,"stats":[{"value":"1","type":"freq","wgtd":null}]},{"value":"PORQUE NO LE HAN SACADO EL REGISTRO CIVIL","labl":null,"is_missing":null,"stats":[{"value":"1","type":"freq","wgtd":null}]},{"value":"PORQUE NO HAY COBERTURA","labl":null,"is_missing":null,"stats":[{"value":"1","type":"freq","wgtd":null}]},{"value":"PORQUE NO ES DE SAN ANDRES Y ESTA AFILADA EN CARTAGENA","labl":null,"is_missing":null,"stats":[{"value":"1","type":"freq","wgtd":null}]},{"value":"PORQUE MI ESPOSO NO HA REALIZADO  EL TRAMITE","labl":null,"is_missing":null,"stats":[{"value":"1","type":"freq","wgtd":null}]},{"value":"PORQUE LE DICEN QUE NO HAY COBERTURA","labl":null,"is_missing":null,"stats":[{"value":"1","type":"freq","wgtd":null}]},{"value":"PORQUE LE APARECIA DOBLE AFILIACION","labl":null,"is_missing":null,"stats":[{"value":"1","type":"freq","wgtd":null}]},{"value":"PORQUE LA MAMA NO LE HA SACADO EL CARNET","labl":null,"is_missing":null,"stats":[{"value":"1","type":"freq","wgtd":null}]},{"value":"PORQUE HACE POCO SALIO DE ESTUDIAR Y TENIA LA EPS DEL PAPA","labl":null,"is_missing":null,"stats":[{"value":"1","type":"freq","wgtd":null}]},{"value":"PORQUE ESPERA TENER UN TRABAJO Y NO REALIZA NINGUN TRAMITE POR ESTE MOTIVO","labl":null,"is_missing":null,"stats":[{"value":"1","type":"freq","wgtd":null}]},{"value":"PORQUE ES VENEZOLANO","labl":null,"is_missing":null,"stats":[{"value":"1","type":"freq","wgtd":null}]},{"value":"PORQUE ES RECIEN NACIDA","labl":null,"is_missing":null,"stats":[{"value":"1","type":"freq","wgtd":null}]},{"value":"PORQUE EN ESTE CORREGIMIENTO NO HAY ATENCION EN SALUD","labl":null,"is_missing":null,"stats":[{"value":"1","type":"freq","wgtd":null}]},{"value":"PORQUE EL EMPLEADOR NO LA QUIERE AFILIAR","labl":null,"is_missing":null,"stats":[{"value":"1","type":"freq","wgtd":null}]},{"value":"PORQUE DEJO UN TIEMPO SIN ESTUDIAR Y HABIA CUMPLIDO LA MAYORIA DE EDAD","labl":null,"is_missing":null,"stats":[{"value":"1","type":"freq","wgtd":null}]},{"value":"PORQUE APARECE CON NACIONALIDAD DEL ECUADOR Y HAY MUCHOS TRAMITES","labl":null,"is_missing":null,"stats":[{"value":"1","type":"freq","wgtd":null}]},{"value":"POR VIOLACION AL DERECHO DE SALUD","labl":null,"is_missing":null,"stats":[{"value":"1","type":"freq","wgtd":null}]},{"value":"POR TEMOR A PERDER SU TRABAJO","labl":null,"is_missing":null,"stats":[{"value":"1","type":"freq","wgtd":null}]},{"value":"POR SER MIEMBROS DE UNA LABOR VOLUNTARIA NO COTIZAN","labl":null,"is_missing":null,"stats":[{"value":"1","type":"freq","wgtd":null}]},{"value":"POR SER EXTRANJERO DEL PERU","labl":null,"is_missing":null,"stats":[{"value":"1","type":"freq","wgtd":null}]},{"value":"POR SER DEL PERU NO ESTA AFILIADA EN SALUD","labl":null,"is_missing":null,"stats":[{"value":"1","type":"freq","wgtd":null}]},{"value":"POR SER CIUDADANA BRASILERA NO NECESITA ESTAR AFILIADA","labl":null,"is_missing":null,"stats":[{"value":"1","type":"freq","wgtd":null}]},{"value":"POR QUE SE ENCUENTRA AFILIADO EN OTRO DEPARTAMENTO","labl":null,"is_missing":null,"stats":[{"value":"1","type":"freq","wgtd":null}]},{"value":"POR QUE NO TIENE REGISTRO CIVIL","labl":null,"is_missing":null,"stats":[{"value":"1","type":"freq","wgtd":null}]},{"value":"POR QUE NO TIENE EMPLEO","labl":null,"is_missing":null,"stats":[{"value":"1","type":"freq","wgtd":null}]},{"value":"POR QUE NO TIENE DOCUMENTO DE IDENTIDAD HACE 7 A\u00d1OS","labl":null,"is_missing":null,"stats":[{"value":"1","type":"freq","wgtd":null}]},{"value":"POR QUE NO TIENE DOCUMENTACION YA QUE NACIO EN OTRO PAIS","labl":null,"is_missing":null,"stats":[{"value":"1","type":"freq","wgtd":null}]},{"value":"POR QUE NO HAY COBERTURA","labl":null,"is_missing":null,"stats":[{"value":"1","type":"freq","wgtd":null}]},{"value":"POR QUE NO HA TENIDO TIEMPO","labl":null,"is_missing":null,"stats":[{"value":"1","type":"freq","wgtd":null}]},{"value":"POR QUE NO HA SALIDO FAVORECIDO","labl":null,"is_missing":null,"stats":[{"value":"1","type":"freq","wgtd":null}]},{"value":"POR QUE NO ESTA CENSADO POR EL CABILDO","labl":null,"is_missing":null,"stats":[{"value":"1","type":"freq","wgtd":null}]},{"value":"POR QUE NO APARECEN EN SISTEMA PARA RECIBIR DICHO SUCIDIO","labl":null,"is_missing":null,"stats":[{"value":"1","type":"freq","wgtd":null}]},{"value":"POR QUE NO APARECE EN SISTEMA PARA REIBIR DICHO BENEFICIO","labl":null,"is_missing":null,"stats":[{"value":"1","type":"freq","wgtd":null}]},{"value":"POR QUE NO APARECE EN EL REGISTRO DEL CENSO","labl":null,"is_missing":null,"stats":[{"value":"1","type":"freq","wgtd":null}]},{"value":"POR QUE NO APARECE EN EL CENSO","labl":null,"is_missing":null,"stats":[{"value":"1","type":"freq","wgtd":null}]},{"value":"POR QUE LLEGO AL PAIS HACE 50 DIAS","labl":null,"is_missing":null,"stats":[{"value":"1","type":"freq","wgtd":null}]},{"value":"POR QUE LA MADRE NO TIENE SEGURIDAD SOCIAL","labl":null,"is_missing":null,"stats":[{"value":"1","type":"freq","wgtd":null}]},{"value":"POR QUE ESTA TRAMITANDO LA AFILIACION A TRAVES DEL SISBEN","labl":null,"is_missing":null,"stats":[{"value":"1","type":"freq","wgtd":null}]},{"value":"POR QUE ESTA RECIEN LLEGADO DEL EJERCITO","labl":null,"is_missing":null,"stats":[{"value":"1","type":"freq","wgtd":null}]},{"value":"POR QUE ERA BENEFIIARIA DE SU PADRE Y EL NO SE ENCUENTRA TRABAJANDO","labl":null,"is_missing":null,"stats":[{"value":"1","type":"freq","wgtd":null}]},{"value":"POR QUE ERA BENEFICIARIA DE SU CONYUGE Y EL NO SE ENCUENTRA TRABAJANDO","labl":null,"is_missing":null,"stats":[{"value":"1","type":"freq","wgtd":null}]},{"value":"POR QUE EL SE\u00d1OR NO TIENE CEDULA SE LE PERDIO Y NO HA SACADO OTRA.","labl":null,"is_missing":null,"stats":[{"value":"1","type":"freq","wgtd":null}]},{"value":"POR QUE CAMBIA MUCHO DE EMPRESA","labl":null,"is_missing":null,"stats":[{"value":"1","type":"freq","wgtd":null}]},{"value":"POR QUE  NO  TIENE   LA  CARTA   DE DESPLAZADOS","labl":null,"is_missing":null,"stats":[{"value":"1","type":"freq","wgtd":null}]},{"value":"POR QUE  LA  ESPOSA  NO SABIA  QUE  PODIA  AFILIARLO","labl":null,"is_missing":null,"stats":[{"value":"1","type":"freq","wgtd":null}]},{"value":"POR Q NO LA RESIBE EL  SITEMA DE LA ALCALDIA","labl":null,"is_missing":null,"stats":[{"value":"1","type":"freq","wgtd":null}]},{"value":"POR NO TENER CEDULA","labl":null,"is_missing":null,"stats":[{"value":"1","type":"freq","wgtd":null}]},{"value":"POR NO INCONTRASE  EN EL PUEDLO  CUADO LA AFILIACION","labl":null,"is_missing":null,"stats":[{"value":"1","type":"freq","wgtd":null}]},{"value":"POR MAYORIA DE EDAD","labl":null,"is_missing":null,"stats":[{"value":"1","type":"freq","wgtd":null}]},{"value":"POR FALTA DE TRABAJO","labl":null,"is_missing":null,"stats":[{"value":"1","type":"freq","wgtd":null}]},{"value":"POR FALTA DE DOCUMENTOS QUE REQUIERE LA ARS","labl":null,"is_missing":null,"stats":[{"value":"1","type":"freq","wgtd":null}]},{"value":"POR FALTA DE DOCUMENTO DE IDENTIDAD","labl":null,"is_missing":null,"stats":[{"value":"1","type":"freq","wgtd":null}]},{"value":"POR FALTA DE CUPOS","labl":null,"is_missing":null,"stats":[{"value":"1","type":"freq","wgtd":null}]},{"value":"POR FALTA DE COVERTURA","labl":null,"is_missing":null,"stats":[{"value":"1","type":"freq","wgtd":null}]},{"value":"POR FALTA DE CONOCIMIENTO","labl":null,"is_missing":null,"stats":[{"value":"1","type":"freq","wgtd":null}]},{"value":"POR DESPLAZAMIENTO PERDIO SU AFILIACION","labl":null,"is_missing":null,"stats":[{"value":"1","type":"freq","wgtd":null}]},{"value":"POR DESAFILIACION","labl":null,"is_missing":null,"stats":[{"value":"1","type":"freq","wgtd":null}]},{"value":"POR CRUCE DE INFORMACIONNDE LAS EPS","labl":null,"is_missing":null,"stats":[{"value":"1","type":"freq","wgtd":null}]},{"value":"POR CAMBIO DE RESIDENCIA QUEDO DESVINCULADO","labl":null,"is_missing":null,"stats":[{"value":"1","type":"freq","wgtd":null}]},{"value":"POR CAMBIO DE RESIDENCIA","labl":null,"is_missing":null,"stats":[{"value":"1","type":"freq","wgtd":null}]},{"value":"POR CAMBIO DE RESIDECIA Y FALTA DE USO LO SACARON DEL SISTEMA","labl":null,"is_missing":null,"stats":[{"value":"1","type":"freq","wgtd":null}]},{"value":"POR CAMBIO DE DOMICILIO","labl":null,"is_missing":null,"stats":[{"value":"1","type":"freq","wgtd":null}]},{"value":"POR CAMBIO DE CIUDAD NO HA PODIDO AFILIARLA A SALUD","labl":null,"is_missing":null,"stats":[{"value":"1","type":"freq","wgtd":null}]},{"value":"POR CAMBIO DE CIUDAD","labl":null,"is_missing":null,"stats":[{"value":"1","type":"freq","wgtd":null}]},{"value":"POR CAMBIO DE  LUGAR DE RESIDENCIA","labl":null,"is_missing":null,"stats":[{"value":"1","type":"freq","wgtd":null}]},{"value":"PERUANA SIN AFILIACION MEDICA","labl":null,"is_missing":null,"stats":[{"value":"1","type":"freq","wgtd":null}]},{"value":"PERTENECIA A LA EMPRESA DE SALUD FAMISANAR","labl":null,"is_missing":null,"stats":[{"value":"1","type":"freq","wgtd":null}]},{"value":"PERTENECE AL REGIMEN SUBSIDIADO DE OTRO MUNICIPIO","labl":null,"is_missing":null,"stats":[{"value":"1","type":"freq","wgtd":null}]},{"value":"PERTENECE A POBLACION DESPLAZADA","labl":null,"is_missing":null,"stats":[{"value":"1","type":"freq","wgtd":null}]},{"value":"PERSONA EXTRANJERA QUE NO SABE CUANTO TIEMPO NECESITA  PARA SUS DOCUMENTOS","labl":null,"is_missing":null,"stats":[{"value":"1","type":"freq","wgtd":null}]},{"value":"PERDIO LOS DOCUMENTOS Y NO TIENE DINERO PARA VOLVERLOS A SACAR","labl":null,"is_missing":null,"stats":[{"value":"1","type":"freq","wgtd":null}]},{"value":"PERDIO EL SERVICIO, Y NO CONOCE LA RAZON","labl":null,"is_missing":null,"stats":[{"value":"1","type":"freq","wgtd":null}]},{"value":"PERDIO  LA CEDULA  HACE  VARIOS  A\u00d1OS  Y  NO  LA  HA SACADO- ES  VICIOSO","labl":null,"is_missing":null,"stats":[{"value":"1","type":"freq","wgtd":null}]},{"value":"PERDIERON AFILIACION POR DESPLAZAMIENTO","labl":null,"is_missing":null,"stats":[{"value":"1","type":"freq","wgtd":null}]},{"value":"PERDIDA O EXTRAVIO DEL CARNET DE AFILIACION","labl":null,"is_missing":null,"stats":[{"value":"1","type":"freq","wgtd":null}]},{"value":"PERDIDA DE DOCUMETOS DE IDENTIDAD","labl":null,"is_missing":null,"stats":[{"value":"1","type":"freq","wgtd":null}]},{"value":"PERDIDA","labl":null,"is_missing":null,"stats":[{"value":"1","type":"freq","wgtd":null}]},{"value":"PENDIENTES PORQUE SON DESPLAZADOS","labl":null,"is_missing":null,"stats":[{"value":"1","type":"freq","wgtd":null}]},{"value":"PAPA  PIENSA AFILIARLO  A UNA   EPS","labl":null,"is_missing":null,"stats":[{"value":"1","type":"freq","wgtd":null}]},{"value":"PADRE SIN TRABAJO Y NO LOS TIENE AFILIADOS","labl":null,"is_missing":null,"stats":[{"value":"1","type":"freq","wgtd":null}]},{"value":"PADRE QUEDO SIN TRABAJO Y LOS HIJOS NO TIENEN CARNET","labl":null,"is_missing":null,"stats":[{"value":"1","type":"freq","wgtd":null}]},{"value":"OTRA PERSONA APARECE REGISTRADA EN EL SISTEMA CON SU NUMERO DE IDENTIFICACION.","labl":null,"is_missing":null,"stats":[{"value":"1","type":"freq","wgtd":null}]},{"value":"Negacion de traslado","labl":null,"is_missing":null,"stats":[{"value":"1","type":"freq","wgtd":null}]},{"value":"NUNCA LES HA LLEGADO CARNET","labl":null,"is_missing":null,"stats":[{"value":"1","type":"freq","wgtd":null}]},{"value":"NUNCA LES A SALIDO EL SISBEN","labl":null,"is_missing":null,"stats":[{"value":"1","type":"freq","wgtd":null}]},{"value":"NUNCA LE HA LLEGADO CARNET","labl":null,"is_missing":null,"stats":[{"value":"1","type":"freq","wgtd":null}]},{"value":"NUNCA HAN VENIDO A VISITARLO DEL SISBEN","labl":null,"is_missing":null,"stats":[{"value":"1","type":"freq","wgtd":null}]},{"value":"NUNCA HA SALIDO FAVORECIDA POR NINGUNA ENTIDAD","labl":null,"is_missing":null,"stats":[{"value":"1","type":"freq","wgtd":null}]},{"value":"NUMERO DE DOCUMENTO DE IDENTIDAD ERRADO","labl":null,"is_missing":null,"stats":[{"value":"1","type":"freq","wgtd":null}]},{"value":"NOS DESAFILIARON PARA INSCRIBIRNOS EN EL PLAN PADRINOS","labl":null,"is_missing":null,"stats":[{"value":"1","type":"freq","wgtd":null}]},{"value":"NOLEA SALIDO EL SISVEN","labl":null,"is_missing":null,"stats":[{"value":"1","type":"freq","wgtd":null}]},{"value":"NOLE PAGAN SALUD DONDE TRABAJA ES POR DIAS","labl":null,"is_missing":null,"stats":[{"value":"1","type":"freq","wgtd":null}]},{"value":"NO TRABAJA NO TIENE PARA  PAGAR SALUD COMO INDEPENDIENTE","labl":null,"is_missing":null,"stats":[{"value":"1","type":"freq","wgtd":null}]},{"value":"NO TIENEREGISTRO CIVIL DE NACIMIENTO.","labl":null,"is_missing":null,"stats":[{"value":"1","type":"freq","wgtd":null}]},{"value":"NO TIENEN REGISTRO CIVIL PARA AFILIARLA A SALUD","labl":null,"is_missing":null,"stats":[{"value":"1","type":"freq","wgtd":null}]},{"value":"NO TIENEN MUCHO TIEMPO EN LA GUAJIRA","labl":null,"is_missing":null,"stats":[{"value":"1","type":"freq","wgtd":null}]},{"value":"NO TIENEN BUEN SERVICIO LAS ENTIDADES DE SALUD","labl":null,"is_missing":null,"stats":[{"value":"1","type":"freq","wgtd":null}]},{"value":"NO TIENE TRABAJO FIJO","labl":null,"is_missing":null,"stats":[{"value":"1","type":"freq","wgtd":null}]},{"value":"NO TIENE REGISTRO CIVIL DE NACIMIENTO.","labl":null,"is_missing":null,"stats":[{"value":"1","type":"freq","wgtd":null}]},{"value":"NO TIENE REGISTRO","labl":null,"is_missing":null,"stats":[{"value":"1","type":"freq","wgtd":null}]},{"value":"NO TIENE POR DOBLE AFILIACION","labl":null,"is_missing":null,"stats":[{"value":"1","type":"freq","wgtd":null}]},{"value":"NO TIENE PAPELES DE IDENTIFICACION","labl":null,"is_missing":null,"stats":[{"value":"1","type":"freq","wgtd":null}]},{"value":"NO TIENE PAPELES DE IDENTIDAD","labl":null,"is_missing":null,"stats":[{"value":"1","type":"freq","wgtd":null}]},{"value":"NO TIENE NINGUNA CLASE  DE DOCUMENTACION","labl":null,"is_missing":null,"stats":[{"value":"1","type":"freq","wgtd":null}]},{"value":"NO TIENE NINGUN TIPO DE DOCUMENTO DE IDENTIFICACION.","labl":null,"is_missing":null,"stats":[{"value":"1","type":"freq","wgtd":null}]},{"value":"NO TIENE ESTABILIDAD DE VIVIENDA","labl":null,"is_missing":null,"stats":[{"value":"1","type":"freq","wgtd":null}]},{"value":"NO TIENE EL NACIDO VIVO","labl":null,"is_missing":null,"stats":[{"value":"1","type":"freq","wgtd":null}]},{"value":"NO TIENE DOCUMENTOS Y ESTAN EN TRAMITE","labl":null,"is_missing":null,"stats":[{"value":"1","type":"freq","wgtd":null}]},{"value":"NO TIENE DOCUMENTOS DE IDENTIFICACION","labl":null,"is_missing":null,"stats":[{"value":"1","type":"freq","wgtd":null}]},{"value":"NO TIENE DOCUMENTACION","labl":null,"is_missing":null,"stats":[{"value":"1","type":"freq","wgtd":null}]},{"value":"NO TIENE CEDULA Y NO  HA PODIDO AFILIARSE A UNA EPS","labl":null,"is_missing":null,"stats":[{"value":"1","type":"freq","wgtd":null}]},{"value":"NO TIENE CEDULA PARA HACER EL TRAMITE","labl":null,"is_missing":null,"stats":[{"value":"1","type":"freq","wgtd":null}]},{"value":"NO TIENE CEDULA DE CIUDADANIA","labl":null,"is_missing":null,"stats":[{"value":"1","type":"freq","wgtd":null}]},{"value":"NO TIENE CEDULA","labl":null,"is_missing":null,"stats":[{"value":"1","type":"freq","wgtd":null}]},{"value":"NO TIENE  DOCUMENTO LO PERDIO","labl":null,"is_missing":null,"stats":[{"value":"1","type":"freq","wgtd":null}]},{"value":"NO TENIA IDENTIFICACION","labl":null,"is_missing":null,"stats":[{"value":"1","type":"freq","wgtd":null}]},{"value":"NO TENIA CEDULA","labl":null,"is_missing":null,"stats":[{"value":"1","type":"freq","wgtd":null}]},{"value":"NO SE LO HAN QUERIDO ENTREGAR","labl":null,"is_missing":null,"stats":[{"value":"1","type":"freq","wgtd":null}]},{"value":"NO SE HAN HECHO TRAMITES","labl":null,"is_missing":null,"stats":[{"value":"1","type":"freq","wgtd":null}]},{"value":"NO SE HAN HECHO LOS TRAMITES POR TRASLADO DE CIUDAD","labl":null,"is_missing":null,"stats":[{"value":"1","type":"freq","wgtd":null}]},{"value":"NO SE HA HECHO LADILIGENCIA","labl":null,"is_missing":null,"stats":[{"value":"1","type":"freq","wgtd":null}]},{"value":"NO SE HA DESAFILIADO DEL CONTRIBUTIVO","labl":null,"is_missing":null,"stats":[{"value":"1","type":"freq","wgtd":null}]},{"value":"NO SE A PODIDO AFILIAR AL SISBEN POR EL ESTRATO","labl":null,"is_missing":null,"stats":[{"value":"1","type":"freq","wgtd":null}]},{"value":"NO SALIO FAVORECIDA Y NO ES ATENDIDA EN NINGUNA IPS","labl":null,"is_missing":null,"stats":[{"value":"1","type":"freq","wgtd":null}]},{"value":"NO SALIO EN EL LISTADO","labl":null,"is_missing":null,"stats":[{"value":"1","type":"freq","wgtd":null}]},{"value":"NO SALIO BENEFICIADO POR FALTA DE CUPO","labl":null,"is_missing":null,"stats":[{"value":"1","type":"freq","wgtd":null}]},{"value":"NO SALIO BENEFICIADO POR EL SISBEN","labl":null,"is_missing":null,"stats":[{"value":"1","type":"freq","wgtd":null}]},{"value":"NO SALE SELECCIONADO PARA AFILIRSE","labl":null,"is_missing":null,"stats":[{"value":"1","type":"freq","wgtd":null}]},{"value":"NO SABE SI  ESTA AFILIADO","labl":null,"is_missing":null,"stats":[{"value":"1","type":"freq","wgtd":null}]},{"value":"NO SABE DONDE ACUDIR","labl":null,"is_missing":null,"stats":[{"value":"1","type":"freq","wgtd":null}]},{"value":"NO REGISTRA EN EL SISTEMA","labl":null,"is_missing":null,"stats":[{"value":"1","type":"freq","wgtd":null}]},{"value":"NO QUIERE PERDER SU DINERO TODAS TIENEN UN MAL SERVICIO","labl":null,"is_missing":null,"stats":[{"value":"1","type":"freq","wgtd":null}]},{"value":"NO QUEDO FAVORECIDA PARA EL SISBEN","labl":null,"is_missing":null,"stats":[{"value":"1","type":"freq","wgtd":null}]},{"value":"NO PUDIERON REALIZAR DILIGENCIAS CUANDO SE AFILIO EL NUCLEO FAMILIAR","labl":null,"is_missing":null,"stats":[{"value":"1","type":"freq","wgtd":null}]},{"value":"NO PARECE EN SISTEMA PARA DICHO SUBSIDIO","labl":null,"is_missing":null,"stats":[{"value":"1","type":"freq","wgtd":null}]},{"value":"NO LOS INSCRIBEN A SISBEN SINO DESPUES DE 3 A\u00d1OS DE PERMANECER EN EL MUNICIPIO","labl":null,"is_missing":null,"stats":[{"value":"1","type":"freq","wgtd":null}]},{"value":"NO LOS ACEPTARON COMO COTIZANTES POR LA EDAD EN UNA EPS","labl":null,"is_missing":null,"stats":[{"value":"1","type":"freq","wgtd":null}]},{"value":"NO LO RECIBEN PORQUE NO ES DE LA REGION","labl":null,"is_missing":null,"stats":[{"value":"1","type":"freq","wgtd":null}]},{"value":"NO LO HAN SACADO DEL SISTEMA DE COMEVA","labl":null,"is_missing":null,"stats":[{"value":"1","type":"freq","wgtd":null}]},{"value":"NO LO HAN QUERIDO AFILIAR","labl":null,"is_missing":null,"stats":[{"value":"1","type":"freq","wgtd":null}]},{"value":"NO LO HAN AFILIADO AUN","labl":null,"is_missing":null,"stats":[{"value":"1","type":"freq","wgtd":null}]},{"value":"NO LO HA REGISTRADO","labl":null,"is_missing":null,"stats":[{"value":"1","type":"freq","wgtd":null}]},{"value":"NO LO ATIENDEN   POR QUE   NO TENE EL  CARNET","labl":null,"is_missing":null,"stats":[{"value":"1","type":"freq","wgtd":null}]},{"value":"NO LO ACEPTARON EN EL SUBSIDIADO POR LA UBICACION DE LA VIVIENDA","labl":null,"is_missing":null,"stats":[{"value":"1","type":"freq","wgtd":null}]},{"value":"NO LE VIENE CARNE POR QUE ESTA EN ESTRATO 2","labl":null,"is_missing":null,"stats":[{"value":"1","type":"freq","wgtd":null}]},{"value":"NO LE INTERESA DAR A CONOCER SUS COSAS A PERSONAS EXTRA\u00d1AS","labl":null,"is_missing":null,"stats":[{"value":"1","type":"freq","wgtd":null}]},{"value":"NO LE HAN DADO EL CARNET","labl":null,"is_missing":null,"stats":[{"value":"1","type":"freq","wgtd":null}]},{"value":"NO LE HAN ASIGNADO","labl":null,"is_missing":null,"stats":[{"value":"1","type":"freq","wgtd":null}]},{"value":"NO LE GUSTA CAPRECOM Y ESPERA QUE TENGA EL A\u00d1O PARA OTRA","labl":null,"is_missing":null,"stats":[{"value":"1","type":"freq","wgtd":null}]},{"value":"NO LE AN DADO CARNET","labl":null,"is_missing":null,"stats":[{"value":"1","type":"freq","wgtd":null}]},{"value":"NO LA HAN REGISTRADO","labl":null,"is_missing":null,"stats":[{"value":"1","type":"freq","wgtd":null}]},{"value":"NO LA HAN AFILIADO LOS PATRONES.","labl":null,"is_missing":null,"stats":[{"value":"1","type":"freq","wgtd":null}]},{"value":"NO LA HA VINCULADO","labl":null,"is_missing":null,"stats":[{"value":"1","type":"freq","wgtd":null}]},{"value":"NO LA AFILIAN","labl":null,"is_missing":null,"stats":[{"value":"1","type":"freq","wgtd":null}]},{"value":"NO INCLUIDOS EN EL CENSO DEL SISBEN","labl":null,"is_missing":null,"stats":[{"value":"1","type":"freq","wgtd":null}]},{"value":"NO HAY PARA EPS Y EL SISBEN HACE UN A\u00d1O NO LE HA CONTESTADO LA SOLICITUD","labl":null,"is_missing":null,"stats":[{"value":"1","type":"freq","wgtd":null}]},{"value":"NO HAY CUPOS EN LAS ENTIDADES PARA AFILIARLO","labl":null,"is_missing":null,"stats":[{"value":"1","type":"freq","wgtd":null}]},{"value":"NO HAY CUPO PARA ELLA","labl":null,"is_missing":null,"stats":[{"value":"1","type":"freq","wgtd":null}]},{"value":"NO HAY COBERTURA, EN ESPERA DE AFILIACION","labl":null,"is_missing":null,"stats":[{"value":"1","type":"freq","wgtd":null}]},{"value":"NO HAY COBERTURA PARA REGIMEN SUBSIDIADO EN EL MUNICIPIO","labl":null,"is_missing":null,"stats":[{"value":"1","type":"freq","wgtd":null}]},{"value":"NO HAN TENIDO LOS PAPELES REQUERIDOS","labl":null,"is_missing":null,"stats":[{"value":"1","type":"freq","wgtd":null}]},{"value":"NO HAN SIDO ENCUESTADOS  POR EL SISBEN","labl":null,"is_missing":null,"stats":[{"value":"1","type":"freq","wgtd":null}]},{"value":"NO HAN SALIDO SORTEADOS","labl":null,"is_missing":null,"stats":[{"value":"1","type":"freq","wgtd":null}]},{"value":"NO HAN SALIDO FAVORECIDOS","labl":null,"is_missing":null,"stats":[{"value":"1","type":"freq","wgtd":null}]},{"value":"NO HAN REALIZADO LA TRANSFERENCIA","labl":null,"is_missing":null,"stats":[{"value":"1","type":"freq","wgtd":null}]},{"value":"NO HAN HECHO LA DILIGENCIA DE VINCULARLO A UNA ENTIDAD  DE SALUD.","labl":null,"is_missing":null,"stats":[{"value":"1","type":"freq","wgtd":null}]},{"value":"NO HACIDO VENEFICIADA","labl":null,"is_missing":null,"stats":[{"value":"1","type":"freq","wgtd":null}]},{"value":"NO HABIA CUPO PARA INGRESARLA EN EL SISTEMA DE SALUD DEL A.I.C.","labl":null,"is_missing":null,"stats":[{"value":"1","type":"freq","wgtd":null}]},{"value":"NO HA TENIDO SUERTE","labl":null,"is_missing":null,"stats":[{"value":"1","type":"freq","wgtd":null}]},{"value":"NO HA SIDO VENFICIADA","labl":null,"is_missing":null,"stats":[{"value":"1","type":"freq","wgtd":null}]},{"value":"NO HA SIDO VENEFICIADA","labl":null,"is_missing":null,"stats":[{"value":"1","type":"freq","wgtd":null}]},{"value":"NO HA SIDO FABORESIDO","labl":null,"is_missing":null,"stats":[{"value":"1","type":"freq","wgtd":null}]},{"value":"NO HA SIDO FABORECIDO","labl":null,"is_missing":null,"stats":[{"value":"1","type":"freq","wgtd":null}]},{"value":"NO HA SIDO BENEFICIADO","labl":null,"is_missing":null,"stats":[{"value":"1","type":"freq","wgtd":null}]},{"value":"NO HA SIDO AFILIADO AUN","labl":null,"is_missing":null,"stats":[{"value":"1","type":"freq","wgtd":null}]},{"value":"NO HA SALIDO VENEFICIADO","labl":null,"is_missing":null,"stats":[{"value":"1","type":"freq","wgtd":null}]},{"value":"NO HA SALIDO FAVORECIDO POR NINGUNA ENTIDAD","labl":null,"is_missing":null,"stats":[{"value":"1","type":"freq","wgtd":null}]},{"value":"NO HA SALIDO FAVORECIDO ESTA EN ESPERA DE QUE LE ASIGNEN UNA IPS.","labl":null,"is_missing":null,"stats":[{"value":"1","type":"freq","wgtd":null}]},{"value":"NO HA SALIDO FAVORECIDO","labl":null,"is_missing":null,"stats":[{"value":"1","type":"freq","wgtd":null}]},{"value":"NO HA SALIDO BENEFICIADO POR NINGUNA ENTIDAD PRESTADORA DE SERVICIOS DE SALUD.","labl":null,"is_missing":null,"stats":[{"value":"1","type":"freq","wgtd":null}]},{"value":"NO HA SALIDO BENEFICIADO","labl":null,"is_missing":null,"stats":[{"value":"1","type":"freq","wgtd":null}]},{"value":"NO HA SALIDO BENEFICIADA POR NINGUNA ENTIDAD DE SALUD.","labl":null,"is_missing":null,"stats":[{"value":"1","type":"freq","wgtd":null}]},{"value":"NO HA REALIZADO TRAMITES DE AFILICION","labl":null,"is_missing":null,"stats":[{"value":"1","type":"freq","wgtd":null}]},{"value":"NO HA REALIZADO TRAMITES","labl":null,"is_missing":null,"stats":[{"value":"1","type":"freq","wgtd":null}]},{"value":"NO HA REALIZADO TRAMITE DE AFILIACION","labl":null,"is_missing":null,"stats":[{"value":"1","type":"freq","wgtd":null}]},{"value":"NO HA REALIZADO LOS TRAMITES ESTA RECIEN LLEGADO AL PAIS","labl":null,"is_missing":null,"stats":[{"value":"1","type":"freq","wgtd":null}]},{"value":"NO HA REALIZADO LOS TRAMITES DE AFILIACION RECIEN LLEGADO AL PAIS","labl":null,"is_missing":null,"stats":[{"value":"1","type":"freq","wgtd":null}]},{"value":"NO HA REALIZADO LAS VUELTAS","labl":null,"is_missing":null,"stats":[{"value":"1","type":"freq","wgtd":null}]},{"value":"NO HA PODIDO TRASLADAR EL SERVICIO DESDE ORITO","labl":null,"is_missing":null,"stats":[{"value":"1","type":"freq","wgtd":null}]},{"value":"NO HA PODIDO TERMINAR LOS TRAMITES","labl":null,"is_missing":null,"stats":[{"value":"1","type":"freq","wgtd":null}]},{"value":"NO HA PODIDO HACER LA DILIGENCIA DELCARNET DE SALUD","labl":null,"is_missing":null,"stats":[{"value":"1","type":"freq","wgtd":null}]},{"value":"NO HA PODIDO AFILIARSE","labl":null,"is_missing":null,"stats":[{"value":"1","type":"freq","wgtd":null}]},{"value":"NO HA IDO A VER SI YA ESTA AFILIADO AL SUBSIDIADO","labl":null,"is_missing":null,"stats":[{"value":"1","type":"freq","wgtd":null}]},{"value":"NO HA HECHO TRASLADO  Y CAMBIO DE IPS","labl":null,"is_missing":null,"stats":[{"value":"1","type":"freq","wgtd":null}]},{"value":"NO HA HECHO TRAMITES PARA AFILIARSE","labl":null,"is_missing":null,"stats":[{"value":"1","type":"freq","wgtd":null}]},{"value":"NO HA HECHO LAS VUELTAS TODAVIA","labl":null,"is_missing":null,"stats":[{"value":"1","type":"freq","wgtd":null}]},{"value":"NO HA HECHO LAS DILIGENCIAS NECESARIAS","labl":null,"is_missing":null,"stats":[{"value":"1","type":"freq","wgtd":null}]},{"value":"NO HA HECHO LA DILIGENCIA","labl":null,"is_missing":null,"stats":[{"value":"1","type":"freq","wgtd":null}]},{"value":"NO HA HECHO EL TRAMITE PORQUE NO TIENE DOCUMENTOS","labl":null,"is_missing":null,"stats":[{"value":"1","type":"freq","wgtd":null}]},{"value":"NO FUE REGISTRADA Y NO CUENTA CON DOCUMENTOS DE IDENTIDAD.","labl":null,"is_missing":null,"stats":[{"value":"1","type":"freq","wgtd":null}]},{"value":"NO FUE FAVORECIDO CON EL SISBEN EN ULTIMO CENSO LOCAL PARA LA AFILIACION","labl":null,"is_missing":null,"stats":[{"value":"1","type":"freq","wgtd":null}]},{"value":"NO FUE FAVORECIDA POR EL SISBEN","labl":null,"is_missing":null,"stats":[{"value":"1","type":"freq","wgtd":null}]},{"value":"NO ESTUDIA, LA FAMILIA NO TIENE COMO SUSTENTAR LA AFILIACION EN SALUD","labl":null,"is_missing":null,"stats":[{"value":"1","type":"freq","wgtd":null}]},{"value":"NO ESTUDIA Y NECESITA ESTUDIAR PARA ACCEDER AL SERVICIO DE SALUD","labl":null,"is_missing":null,"stats":[{"value":"1","type":"freq","wgtd":null}]},{"value":"NO ESTAN EN EL CENSO DEL SISBEN","labl":null,"is_missing":null,"stats":[{"value":"1","type":"freq","wgtd":null}]},{"value":"NO ESTAN AFILIANDO A NINGUNO","labl":null,"is_missing":null,"stats":[{"value":"1","type":"freq","wgtd":null}]},{"value":"NO ESTABA REGISTRADA POR EL PAPA","labl":null,"is_missing":null,"stats":[{"value":"1","type":"freq","wgtd":null}]},{"value":"NO ESTABA EN EL MOMENTO DE LA AFILIACION","labl":null,"is_missing":null,"stats":[{"value":"1","type":"freq","wgtd":null}]},{"value":"NO ESTA VINCULADO LABORALMENTE","labl":null,"is_missing":null,"stats":[{"value":"1","type":"freq","wgtd":null}]},{"value":"NO ESTA VINCULADA FORMALMENTE A UNA EMPRESA","labl":null,"is_missing":null,"stats":[{"value":"1","type":"freq","wgtd":null}]},{"value":"NO ESTA VINCLADA EN  EL SERVICIO","labl":null,"is_missing":null,"stats":[{"value":"1","type":"freq","wgtd":null}]},{"value":"NO ESTA TRABAJANDO SALIO DE PRESTAR EL SERVICIO MILITAR","labl":null,"is_missing":null,"stats":[{"value":"1","type":"freq","wgtd":null}]},{"value":"NO ESTA SESADA EN EL SISBEN","labl":null,"is_missing":null,"stats":[{"value":"1","type":"freq","wgtd":null}]},{"value":"NO ESTA REGISTRADO EN LA BASE DE DATOS","labl":null,"is_missing":null,"stats":[{"value":"1","type":"freq","wgtd":null}]},{"value":"NO ESTA REGISTRADA POR EL PADRE","labl":null,"is_missing":null,"stats":[{"value":"1","type":"freq","wgtd":null}]},{"value":"NO ESTA INTERESADO","labl":null,"is_missing":null,"stats":[{"value":"1","type":"freq","wgtd":null}]},{"value":"NO ESTA DISVINCULA DE OTRA EPS","labl":null,"is_missing":null,"stats":[{"value":"1","type":"freq","wgtd":null}]},{"value":"NO ESTA AFILIADO","labl":null,"is_missing":null,"stats":[{"value":"1","type":"freq","wgtd":null}]},{"value":"NO ESTA  REGISTRADO","labl":null,"is_missing":null,"stats":[{"value":"1","type":"freq","wgtd":null}]},{"value":"NO ES HIJO DEL COTIZANTE","labl":null,"is_missing":null,"stats":[{"value":"1","type":"freq","wgtd":null}]},{"value":"NO DISPONE DE TIEMPO POR QUE TRABAJA","labl":null,"is_missing":null,"stats":[{"value":"1","type":"freq","wgtd":null}]},{"value":"NO ASLIDOBENEIIADA","labl":null,"is_missing":null,"stats":[{"value":"1","type":"freq","wgtd":null}]},{"value":"NO APARECEN EN SISTEMA PARA DICHO  SUBSIDIO","labl":null,"is_missing":null,"stats":[{"value":"1","type":"freq","wgtd":null}]},{"value":"NO APARECEN EN LA BASE DE DATOS","labl":null,"is_missing":null,"stats":[{"value":"1","type":"freq","wgtd":null}]},{"value":"NO APARECE REGISTRADA EN EL CENSO","labl":null,"is_missing":null,"stats":[{"value":"1","type":"freq","wgtd":null}]},{"value":"NO APARECE FAVORECIDA CON DICHO SUBSIDIO","labl":null,"is_missing":null,"stats":[{"value":"1","type":"freq","wgtd":null}]},{"value":"NO APARECE EN SISTEMA PARA DICHO SUBSIDIO","labl":null,"is_missing":null,"stats":[{"value":"1","type":"freq","wgtd":null}]},{"value":"NO APARECE EN SISTEMA DEL REGIMEN DE SALUD","labl":null,"is_missing":null,"stats":[{"value":"1","type":"freq","wgtd":null}]},{"value":"NO APARECE EN EL SISTEMA Y ESTA EN TRAMITES PARA VOLVERLA A INGRESAR","labl":null,"is_missing":null,"stats":[{"value":"1","type":"freq","wgtd":null}]},{"value":"NO APARECE EN EL SISTEMA Y ESTA EN TRAMITES PARA VOLVER A INGRESAR","labl":null,"is_missing":null,"stats":[{"value":"1","type":"freq","wgtd":null}]},{"value":"NO APARECE EN EL SISTEMA  PARA DICHO BENEFICIO","labl":null,"is_missing":null,"stats":[{"value":"1","type":"freq","wgtd":null}]},{"value":"NO APARECE  EN  LA  BASE  DATOS","labl":null,"is_missing":null,"stats":[{"value":"1","type":"freq","wgtd":null}]},{"value":"NO A SALIDO BENEICIADA","labl":null,"is_missing":null,"stats":[{"value":"1","type":"freq","wgtd":null}]},{"value":"NO A HECHO LAS BUELTAS","labl":null,"is_missing":null,"stats":[{"value":"1","type":"freq","wgtd":null}]},{"value":"NO  TIENE PAPELES","labl":null,"is_missing":null,"stats":[{"value":"1","type":"freq","wgtd":null}]},{"value":"NO  TIENE  REGISTRO","labl":null,"is_missing":null,"stats":[{"value":"1","type":"freq","wgtd":null}]},{"value":"NO  LO  HA  ACTUALIZADO","labl":null,"is_missing":null,"stats":[{"value":"1","type":"freq","wgtd":null}]},{"value":"NO  LE  A DADO TIEMPO","labl":null,"is_missing":null,"stats":[{"value":"1","type":"freq","wgtd":null}]},{"value":"NO  HACE  MUCHO QUE LLEGO DEVENEZUELA","labl":null,"is_missing":null,"stats":[{"value":"1","type":"freq","wgtd":null}]},{"value":"NO  HA SALIDO FAVORECIDA","labl":null,"is_missing":null,"stats":[{"value":"1","type":"freq","wgtd":null}]},{"value":"NO  ESTA REGISTRADO","labl":null,"is_missing":null,"stats":[{"value":"1","type":"freq","wgtd":null}]},{"value":"NO  APARESE","labl":null,"is_missing":null,"stats":[{"value":"1","type":"freq","wgtd":null}]},{"value":"NO  APARECE EN EL SISTEMA Y NO LE PRESTAN SERVICIO","labl":null,"is_missing":null,"stats":[{"value":"1","type":"freq","wgtd":null}]},{"value":"NO   TIENE  SISBEN   DE  ESTE   MUNICIPIO  Y  NO  LO  ATIENDEN","labl":null,"is_missing":null,"stats":[{"value":"1","type":"freq","wgtd":null}]},{"value":"NO   ESTA  SISBENIZADO  Y   POR  ESO  NO   LO  ATIENDEN","labl":null,"is_missing":null,"stats":[{"value":"1","type":"freq","wgtd":null}]},{"value":"NO     ESTABA  REGISTRADO","labl":null,"is_missing":null,"stats":[{"value":"1","type":"freq","wgtd":null}]},{"value":"NIVEL ALTO DE SISBEN","labl":null,"is_missing":null,"stats":[{"value":"1","type":"freq","wgtd":null}]},{"value":"NEGACION DE TRASLADO","labl":null,"is_missing":null,"stats":[{"value":"1","type":"freq","wgtd":null}]},{"value":"MURIO LA PERSONA QUE LO TENIA AFILIADO","labl":null,"is_missing":null,"stats":[{"value":"1","type":"freq","wgtd":null}]},{"value":"MUCHOS TRAMITES","labl":null,"is_missing":null,"stats":[{"value":"1","type":"freq","wgtd":null}]},{"value":"MORA CON LA EPS Y NO PUEDE ACCEDER A OTRA  EPS","labl":null,"is_missing":null,"stats":[{"value":"1","type":"freq","wgtd":null}]},{"value":"MANIFIESTA QUE POR FALTA DE TIEMPO NO HA HECHO LA AFILIACION DE SU HIJO","labl":null,"is_missing":null,"stats":[{"value":"1","type":"freq","wgtd":null}]},{"value":"MANIFIESTA QUE EL CARNET SE LE EXTRAVIO Y NO  HA DILIGENCIADO OTRO","labl":null,"is_missing":null,"stats":[{"value":"1","type":"freq","wgtd":null}]},{"value":"LOS PAPSA NO ESTAN AFILADOS","labl":null,"is_missing":null,"stats":[{"value":"1","type":"freq","wgtd":null}]},{"value":"LOS PADRES SE HAN DESCUIDADO Y NO HAN HECHO LOS TRAMITES","labl":null,"is_missing":null,"stats":[{"value":"1","type":"freq","wgtd":null}]},{"value":"LOS PADRES NO HAN HECHO LA DEBIDA GESTION","labl":null,"is_missing":null,"stats":[{"value":"1","type":"freq","wgtd":null}]},{"value":"LOS PADRES NO ESTAN AFILIADOS","labl":null,"is_missing":null,"stats":[{"value":"1","type":"freq","wgtd":null}]},{"value":"LOS PADRES CANCELARON LA EPS QUE PAGABAN COMO INDEPENDIENTE POR MAL SERVICIO","labl":null,"is_missing":null,"stats":[{"value":"1","type":"freq","wgtd":null}]},{"value":"LOS HIJOS DICEN QUE ES MEJOR MEDICO PARTICULAR","labl":null,"is_missing":null,"stats":[{"value":"1","type":"freq","wgtd":null}]},{"value":"LOS DESVINCULARON PARA AFILIARLOS AL PLAN PADRINOS Y NO ESTAN EN NINGUNA","labl":null,"is_missing":null,"stats":[{"value":"1","type":"freq","wgtd":null}]},{"value":"LO TIENE EN PEREIRA Y AQUI EN SANTA MARTA NO LA ATIENDEN","labl":null,"is_missing":null,"stats":[{"value":"1","type":"freq","wgtd":null}]},{"value":"LO TENIA Y NO LO USABA Y LO RETIRARON DEL SISTEMA","labl":null,"is_missing":null,"stats":[{"value":"1","type":"freq","wgtd":null}]},{"value":"LO SUSPENDIERON","labl":null,"is_missing":null,"stats":[{"value":"1","type":"freq","wgtd":null}]},{"value":"LO SACARON PORQUE CUMPLIO LA MAYORIA DE EDAD","labl":null,"is_missing":null,"stats":[{"value":"1","type":"freq","wgtd":null}]},{"value":"LO SACARON DEL SISTEMA DE SALUD POR NO USAR SERVICIO (ARS)","labl":null,"is_missing":null,"stats":[{"value":"1","type":"freq","wgtd":null}]},{"value":"LO SACARON DEL SISBEN PORQUE NOLO UTILIZA","labl":null,"is_missing":null,"stats":[{"value":"1","type":"freq","wgtd":null}]},{"value":"LO SACARON DEL REGIMEN SUBSIDIADO","labl":null,"is_missing":null,"stats":[{"value":"1","type":"freq","wgtd":null}]},{"value":"LO SACARON DE COMPARTA","labl":null,"is_missing":null,"stats":[{"value":"1","type":"freq","wgtd":null}]},{"value":"LO SACARON DE CAFESALUD","labl":null,"is_missing":null,"stats":[{"value":"1","type":"freq","wgtd":null}]},{"value":"LO RETIRARON DEL SISTEMA POR NO UTILIZARLO","labl":null,"is_missing":null,"stats":[{"value":"1","type":"freq","wgtd":null}]},{"value":"LO HAN INTENTADO VARIAS VECES PERO NO LE DAN RESPUESTA ALGUNA","labl":null,"is_missing":null,"stats":[{"value":"1","type":"freq","wgtd":null}]},{"value":"LO ESTA TRAMITANDO","labl":null,"is_missing":null,"stats":[{"value":"1","type":"freq","wgtd":null}]},{"value":"LO DESVINCULARON ESTA HACIENDO TRAMITES PARA LA VINCULACION","labl":null,"is_missing":null,"stats":[{"value":"1","type":"freq","wgtd":null}]},{"value":"LO DESVINCULARON","labl":null,"is_missing":null,"stats":[{"value":"1","type":"freq","wgtd":null}]},{"value":"LO DESAFILIARON NO APARECE EN EL SISTEMA","labl":null,"is_missing":null,"stats":[{"value":"1","type":"freq","wgtd":null}]},{"value":"LO DESAFILIARON DEL SISTEMA","labl":null,"is_missing":null,"stats":[{"value":"1","type":"freq","wgtd":null}]},{"value":"LO DESAFILIARON DE CAJACOPY, POR ERROR SALE AFILIADO EN EL REGIMEN CONTRIBUTIVO","labl":null,"is_missing":null,"stats":[{"value":"1","type":"freq","wgtd":null}]},{"value":"LO ATIENDE EL SISTEMA DE SALUD EN BRASIL","labl":null,"is_missing":null,"stats":[{"value":"1","type":"freq","wgtd":null}]},{"value":"LO  SACARON  DEL SISTEMA","labl":null,"is_missing":null,"stats":[{"value":"1","type":"freq","wgtd":null}]},{"value":"LLEVA VARIOS A\u00d1OS LLEVANDO LOS DOCUMENTOS Y NADA QUE LE SALE","labl":null,"is_missing":null,"stats":[{"value":"1","type":"freq","wgtd":null}]},{"value":"LLEVA 1 MES TRABAJANDO Y NO LO HAN AFILIADO","labl":null,"is_missing":null,"stats":[{"value":"1","type":"freq","wgtd":null}]},{"value":"LLEGARON HACE MUY POCO DE OTRO PAIS","labl":null,"is_missing":null,"stats":[{"value":"1","type":"freq","wgtd":null}]},{"value":"LLEGAN A CENSAR Y NO LE SALE EL REGIMEN SUBSIDIADO NO SABE QUE PASA CON ESO","labl":null,"is_missing":null,"stats":[{"value":"1","type":"freq","wgtd":null}]},{"value":"LE PAGAN POR VISITAS A LOS COLEGIOS SIN NINGUN TIPO DE VINCULO LABORAL","labl":null,"is_missing":null,"stats":[{"value":"1","type":"freq","wgtd":null}]},{"value":"LE NIEGAN LA AFILIACION EN SISBEN POR QUE LA CEDULA APARECE REGISTRADA EN NARI\u00d1O","labl":null,"is_missing":null,"stats":[{"value":"1","type":"freq","wgtd":null}]},{"value":"LE LLEGO MUY ALTO EL NIVEL DE LA ARS Y POR ESTE MOTIVO DECIDIO ENTREGARLO","labl":null,"is_missing":null,"stats":[{"value":"1","type":"freq","wgtd":null}]},{"value":"LE HAN INDICADO EN EL SISBEN QUE POR AHORA NO PUEDE AFILIARSE","labl":null,"is_missing":null,"stats":[{"value":"1","type":"freq","wgtd":null}]},{"value":"LE HACE FALTA DCUMENTOS","labl":null,"is_missing":null,"stats":[{"value":"1","type":"freq","wgtd":null}]},{"value":"LE ESIGEN  UN   DOCUMENTO   COMO LA  CARTA  DE  LOS  DEZPLADOS","labl":null,"is_missing":null,"stats":[{"value":"1","type":"freq","wgtd":null}]},{"value":"LE DIJERON EN EL SISBEN QUE POR LA LEY DE GARANTIAS NO LA PODIAN AFILIAR","labl":null,"is_missing":null,"stats":[{"value":"1","type":"freq","wgtd":null}]},{"value":"LE DIERON CARNET Y LE DIJERON QUE NO SERVIA","labl":null,"is_missing":null,"stats":[{"value":"1","type":"freq","wgtd":null}]},{"value":"LE  EXIGEN   LA   CARTA   DE   DESPLAZADOS","labl":null,"is_missing":null,"stats":[{"value":"1","type":"freq","wgtd":null}]},{"value":"LE  ESIGEN  LA    CARTA DE   DESPLAZADOS","labl":null,"is_missing":null,"stats":[{"value":"1","type":"freq","wgtd":null}]},{"value":"LE   EXIGEN   LA   CARTA  DE   DESPLAZADOS","labl":null,"is_missing":null,"stats":[{"value":"1","type":"freq","wgtd":null}]},{"value":"LASUSPENDIRON","labl":null,"is_missing":null,"stats":[{"value":"1","type":"freq","wgtd":null}]},{"value":"LABORA COMO AYUDANTE DE BUSETA Y NO TIENE UN CONTRATO DE TRABAJO","labl":null,"is_missing":null,"stats":[{"value":"1","type":"freq","wgtd":null}]},{"value":"LA SRA. TENIA CARNET DE SALUD PERO HACE UN TIEMPO SE LO ANULARON.","labl":null,"is_missing":null,"stats":[{"value":"1","type":"freq","wgtd":null}]},{"value":"LA SE\u00d1ORA ASEGURA QUE LA EPS LE QUITO EL CARNET POR EL NO USO.","labl":null,"is_missing":null,"stats":[{"value":"1","type":"freq","wgtd":null}]},{"value":"LA SACARON DEL SISTEMA PORQUE YA ES MAYOR DE EDAD Y NO SE ENCUENTRA ESTUDIANDO","labl":null,"is_missing":null,"stats":[{"value":"1","type":"freq","wgtd":null}]},{"value":"LA SACARAON DEL SISTEMA","labl":null,"is_missing":null,"stats":[{"value":"1","type":"freq","wgtd":null}]},{"value":"LA RETIRARON DEL SISTEMA SIN NINGUNA RAZON","labl":null,"is_missing":null,"stats":[{"value":"1","type":"freq","wgtd":null}]},{"value":"LA RETIRARON DEL SISTEMA NO SABE LA RAZON","labl":null,"is_missing":null,"stats":[{"value":"1","type":"freq","wgtd":null}]},{"value":"LA RETIRARON DE SISTEMA","labl":null,"is_missing":null,"stats":[{"value":"1","type":"freq","wgtd":null}]},{"value":"LA RETIRARON","labl":null,"is_missing":null,"stats":[{"value":"1","type":"freq","wgtd":null}]},{"value":"LA PERSONA QUE LO TENIA AFILIADO RENUCIO DONDE TRABAJABA","labl":null,"is_missing":null,"stats":[{"value":"1","type":"freq","wgtd":null}]},{"value":"LA PERSONA DE LA CUAL DEPENDE ESTA EN PROCESO DE LA PENSION","labl":null,"is_missing":null,"stats":[{"value":"1","type":"freq","wgtd":null}]},{"value":"LA NI\u00d1A  TIENE UNOS DIAS DE NACIDA NO AN HECHO TRAMITES","labl":null,"is_missing":null,"stats":[{"value":"1","type":"freq","wgtd":null}]},{"value":"LA MAMA SE QUEDO SIN TRABAJA","labl":null,"is_missing":null,"stats":[{"value":"1","type":"freq","wgtd":null}]},{"value":"LA MAMA NO HA REALIZADO LAS VUELTAS","labl":null,"is_missing":null,"stats":[{"value":"1","type":"freq","wgtd":null}]},{"value":"LA MAMA NO HA PODIDO TRAMITAR EPS-S","labl":null,"is_missing":null,"stats":[{"value":"1","type":"freq","wgtd":null}]},{"value":"LA MAMA NO HA LOGRADO TRAMITAR LA ARS","labl":null,"is_missing":null,"stats":[{"value":"1","type":"freq","wgtd":null}]},{"value":"LA MAMA NO ESTA AFILIADA A NINGUN REGIMEN DE SEGURIDAD SOCIAL","labl":null,"is_missing":null,"stats":[{"value":"1","type":"freq","wgtd":null}]},{"value":"LA MAMA LUZ  DELLY   NO   ESTABA EMPLEADA","labl":null,"is_missing":null,"stats":[{"value":"1","type":"freq","wgtd":null}]},{"value":"LA MAMA HIZOL LOS TRAMITES PERO NO SALIO FAVORECIDO","labl":null,"is_missing":null,"stats":[{"value":"1","type":"freq","wgtd":null}]},{"value":"LA MAMA ESTA ESPERANDO QUE LE ENTREGEN LA CEDULA","labl":null,"is_missing":null,"stats":[{"value":"1","type":"freq","wgtd":null}]},{"value":"LA MAMA","labl":null,"is_missing":null,"stats":[{"value":"1","type":"freq","wgtd":null}]},{"value":"LA MADRE SE QUEDO DESEMPLEADA (ELLA CUBRIA CON LA AFILIACION)","labl":null,"is_missing":null,"stats":[{"value":"1","type":"freq","wgtd":null}]},{"value":"LA MADRE PERDIO LOS DOCUMENTOS","labl":null,"is_missing":null,"stats":[{"value":"1","type":"freq","wgtd":null}]},{"value":"LA MADRE NO LO HA VINCULADO PORQUE ELLA NI EL PAPA TRABAJAN ACTUALMENTE","labl":null,"is_missing":null,"stats":[{"value":"1","type":"freq","wgtd":null}]},{"value":"LA MADRE NO ESTA VINCULADA LOBARALMENTE","labl":null,"is_missing":null,"stats":[{"value":"1","type":"freq","wgtd":null}]},{"value":"LA MADRE NO ESTA VINCULADA LABORLMENTE","labl":null,"is_missing":null,"stats":[{"value":"1","type":"freq","wgtd":null}]},{"value":"LA MADRE ESTA DESVINCULADA DEL SISTEMA DE SEGURIDAD SOCIAL EN SALUD","labl":null,"is_missing":null,"stats":[{"value":"1","type":"freq","wgtd":null}]},{"value":"LA MADRE ESTA DESVINCULADA DE LAENTIDAD","labl":null,"is_missing":null,"stats":[{"value":"1","type":"freq","wgtd":null}]},{"value":"LA MADRE DICE QUE ESTA MUY PEQUE\u00d1A TODAVIA","labl":null,"is_missing":null,"stats":[{"value":"1","type":"freq","wgtd":null}]},{"value":"LA MADRE AFIRMA QUE NO A HABIDO QUIEN HAGA LAS VUELTAS","labl":null,"is_missing":null,"stats":[{"value":"1","type":"freq","wgtd":null}]},{"value":"LA IPS LO RETIRO DEL SISTEMA SIN INFORMAR AL USUARIO","labl":null,"is_missing":null,"stats":[{"value":"1","type":"freq","wgtd":null}]},{"value":"LA HIJA LO TENIA AFILIADO PERO DEJO DE TRABAJAR Y QUEDO SIN EL SERVICIO","labl":null,"is_missing":null,"stats":[{"value":"1","type":"freq","wgtd":null}]},{"value":"LA ENTIDAD NO LES SOLUCIONA","labl":null,"is_missing":null,"stats":[{"value":"1","type":"freq","wgtd":null}]},{"value":"LA ENTIDAD NO LE QUIERE PRESTAR EL SERVICIO DE SALUD","labl":null,"is_missing":null,"stats":[{"value":"1","type":"freq","wgtd":null}]},{"value":"LA EMPRESA NO PAGO AL DIA Y EL SEGURO LO TIENE SUSPENDIDO","labl":null,"is_missing":null,"stats":[{"value":"1","type":"freq","wgtd":null}]},{"value":"LA EMPRESA NO LA HA AFILIADO AUN","labl":null,"is_missing":null,"stats":[{"value":"1","type":"freq","wgtd":null}]},{"value":"LA EMPRESA EN QUE LABORO TODAVIA NO LA HA BAJADODELSISTEMA","labl":null,"is_missing":null,"stats":[{"value":"1","type":"freq","wgtd":null}]},{"value":"LA EMPRESA DONDE TRABAJA NO LO HA VINCULADO","labl":null,"is_missing":null,"stats":[{"value":"1","type":"freq","wgtd":null}]},{"value":"LA EMPRESA DONDE TRABAJA NO LE PAGA SALUD","labl":null,"is_missing":null,"stats":[{"value":"1","type":"freq","wgtd":null}]},{"value":"LA EMPRESA DONDE TRABAJA NO A PAGADO EL SERVICIO DE SALUD","labl":null,"is_missing":null,"stats":[{"value":"1","type":"freq","wgtd":null}]},{"value":"LA EMPRESA DONDE TRABAJA  NO ESTA CONSTITUIDA LEGALMENTE","labl":null,"is_missing":null,"stats":[{"value":"1","type":"freq","wgtd":null}]},{"value":"LA EMPRESA DONDE  TRABAJA EL PADRE NO A PAGADO","labl":null,"is_missing":null,"stats":[{"value":"1","type":"freq","wgtd":null}]},{"value":"LA DISVINCULARON DEL SISTEMA CUANDO SU HERMANO FALLECIO","labl":null,"is_missing":null,"stats":[{"value":"1","type":"freq","wgtd":null}]},{"value":"LA DESVINCULARON PARA AFILIARLA AL PLAN PADRINOS","labl":null,"is_missing":null,"stats":[{"value":"1","type":"freq","wgtd":null}]},{"value":"LA DESVINCULARON DE LA ARS PORQUE ESTA  EN ESTRATO 3","labl":null,"is_missing":null,"stats":[{"value":"1","type":"freq","wgtd":null}]},{"value":"LA DESVINCULARON DE ENTIDAD INJUSTAMENTE","labl":null,"is_missing":null,"stats":[{"value":"1","type":"freq","wgtd":null}]},{"value":"LA DESBINCULARON DEL SISBEN PORQUE NO APARECE SENSADA","labl":null,"is_missing":null,"stats":[{"value":"1","type":"freq","wgtd":null}]},{"value":"LA DESAFILIARON DEL SISTEMA","labl":null,"is_missing":null,"stats":[{"value":"1","type":"freq","wgtd":null}]},{"value":"LA DESAFILIARON DE COMFAMILIAR","labl":null,"is_missing":null,"stats":[{"value":"1","type":"freq","wgtd":null}]},{"value":"LA DESAFILIARON DE A EPS QUE LA TENIA COMO BENEFICIERA EL HIJO","labl":null,"is_missing":null,"stats":[{"value":"1","type":"freq","wgtd":null}]},{"value":"LA DESAFILIARON  HACE MAS DE DOS MESES DE SALUD VIDA SUBSIDIADA","labl":null,"is_missing":null,"stats":[{"value":"1","type":"freq","wgtd":null}]},{"value":"LA CUBRE LA POLICIA","labl":null,"is_missing":null,"stats":[{"value":"1","type":"freq","wgtd":null}]},{"value":"LA  SACARON  DEL  SISTEMA EN  LA  ENTIDAD DE  SALUD","labl":null,"is_missing":null,"stats":[{"value":"1","type":"freq","wgtd":null}]},{"value":"LA  SACARON  DEL  SISTEMA","labl":null,"is_missing":null,"stats":[{"value":"1","type":"freq","wgtd":null}]},{"value":"LA  MAMA NO ESTA  AFILIADA  POR LO QUE  NO  PUEDE ESTAR  COMO BENEFICIARIO","labl":null,"is_missing":null,"stats":[{"value":"1","type":"freq","wgtd":null}]},{"value":"LA  IPS LA RETIRO DEL SISTEMA SIN IFORMARLE AL USUARIO","labl":null,"is_missing":null,"stats":[{"value":"1","type":"freq","wgtd":null}]},{"value":"LA  DESACTIVARON DEL  SEGURO  POR  DOBLE  AFILIACION","labl":null,"is_missing":null,"stats":[{"value":"1","type":"freq","wgtd":null}]},{"value":"KARIME HASTA AHORA ESTA HACIENDO LOS TRAMITES DE LA AFILIACION","labl":null,"is_missing":null,"stats":[{"value":"1","type":"freq","wgtd":null}]},{"value":"KARIME ESTA HACIENDO LOS TRAMITES PARA AFILIARLA","labl":null,"is_missing":null,"stats":[{"value":"1","type":"freq","wgtd":null}]},{"value":"J","labl":null,"is_missing":null,"stats":[{"value":"1","type":"freq","wgtd":null}]},{"value":"INESTABILIDAD DE UBICACION","labl":null,"is_missing":null,"stats":[{"value":"1","type":"freq","wgtd":null}]},{"value":"HIZO  LAS DILIGENCIAS  DEL SISBEN   PERO  NO  APARECE  EN  PANTALLA TODAVIA","labl":null,"is_missing":null,"stats":[{"value":"1","type":"freq","wgtd":null}]},{"value":"HAY   QUE   REJISTRARLA    PRIMERO","labl":null,"is_missing":null,"stats":[{"value":"1","type":"freq","wgtd":null}]},{"value":"HASTA LOS 18A\u00d1OS ESTUVO VINCULADA Y AHORA SE VA A VINCULAR","labl":null,"is_missing":null,"stats":[{"value":"1","type":"freq","wgtd":null}]},{"value":"HACIENDO DILIGENCIA PARA AFILIARSE","labl":null,"is_missing":null,"stats":[{"value":"1","type":"freq","wgtd":null}]},{"value":"HACE POCO TIEMPO ESTABA AFILIADA AL REGIMEN CONTRIBUTIVO","labl":null,"is_missing":null,"stats":[{"value":"1","type":"freq","wgtd":null}]},{"value":"HACE POCO TERMINO SU SERVICIO MILITAR Y NO A REALIZADO TRAMITES PARA EL SISBEN","labl":null,"is_missing":null,"stats":[{"value":"1","type":"freq","wgtd":null}]},{"value":"HACE PARTE DE POBLACION DESPLAZADA","labl":null,"is_missing":null,"stats":[{"value":"1","type":"freq","wgtd":null}]},{"value":"HACE MUCHO TIEMPO QUE NO LABORA.","labl":null,"is_missing":null,"stats":[{"value":"1","type":"freq","wgtd":null}]},{"value":"HA VIVIDO TODA SU VIDA EN CALI SIN PAPELES","labl":null,"is_missing":null,"stats":[{"value":"1","type":"freq","wgtd":null}]},{"value":"HA TENIDO PROBLEMAS DE DOCUMENTACION Y POR ESO NO HA PODIDO AFILIARCE","labl":null,"is_missing":null,"stats":[{"value":"1","type":"freq","wgtd":null}]},{"value":"HA SOLICITADO SISBEN PERO NO HA SIDO INCLUIDO","labl":null,"is_missing":null,"stats":[{"value":"1","type":"freq","wgtd":null}]},{"value":"HA SIDO BENEFICIARIA DEL PAPA QUIEN NO ESTA AFILIADO ACTUALMENTE","labl":null,"is_missing":null,"stats":[{"value":"1","type":"freq","wgtd":null}]},{"value":"HA SIDO BENEFICIARIA DEL PAPA","labl":null,"is_missing":null,"stats":[{"value":"1","type":"freq","wgtd":null}]},{"value":"HA HECHO LA DILIGENCIA PERO NO HA SALIDO BENEFICIADO.","labl":null,"is_missing":null,"stats":[{"value":"1","type":"freq","wgtd":null}]},{"value":"HA HECHO DILIGENCIAS Y NO LE HAN DADO RESPUESTA","labl":null,"is_missing":null,"stats":[{"value":"1","type":"freq","wgtd":null}]},{"value":"HA HECHO DILIGENCIA PERO NUNCA SALE","labl":null,"is_missing":null,"stats":[{"value":"1","type":"freq","wgtd":null}]},{"value":"HA EMPEZADO A HACER LOS TRAMITES","labl":null,"is_missing":null,"stats":[{"value":"1","type":"freq","wgtd":null}]},{"value":"FUE SACADO DEL SISTEMA","labl":null,"is_missing":null,"stats":[{"value":"1","type":"freq","wgtd":null}]},{"value":"FUE RETIRADO DEL SITEMA DE SALUD SUBSIDIADO","labl":null,"is_missing":null,"stats":[{"value":"1","type":"freq","wgtd":null}]},{"value":"FUE RETIRADA DEL SISTEMA","labl":null,"is_missing":null,"stats":[{"value":"1","type":"freq","wgtd":null}]},{"value":"FUE RETIRADA","labl":null,"is_missing":null,"stats":[{"value":"1","type":"freq","wgtd":null}]},{"value":"FUE DISVINCULADO SIN NINGUNA RAZON EN PARTICULAR","labl":null,"is_missing":null,"stats":[{"value":"1","type":"freq","wgtd":null}]},{"value":"FUE DESVINCULADA DEL SISTEMA","labl":null,"is_missing":null,"stats":[{"value":"1","type":"freq","wgtd":null}]},{"value":"FUE DESAFILIADO SIN PREVIO AVISO","labl":null,"is_missing":null,"stats":[{"value":"1","type":"freq","wgtd":null}]},{"value":"FUE DESAFILIADA SIN RAZON ESPECIFICA","labl":null,"is_missing":null,"stats":[{"value":"1","type":"freq","wgtd":null}]},{"value":"FUE DESAFILIADA SIN MOTIVO ESPECIFICO","labl":null,"is_missing":null,"stats":[{"value":"1","type":"freq","wgtd":null}]},{"value":"FUE DESAFILIADA","labl":null,"is_missing":null,"stats":[{"value":"1","type":"freq","wgtd":null}]},{"value":"FG","labl":null,"is_missing":null,"stats":[{"value":"1","type":"freq","wgtd":null}]},{"value":"FALTA TIEMPO Y SI FALTA AL TRABAJO LO DESPIDEN","labl":null,"is_missing":null,"stats":[{"value":"1","type":"freq","wgtd":null}]},{"value":"FALTA PAPELERIA","labl":null,"is_missing":null,"stats":[{"value":"1","type":"freq","wgtd":null}]},{"value":"FALTA DOCUUMENTOS","labl":null,"is_missing":null,"stats":[{"value":"1","type":"freq","wgtd":null}]},{"value":"FALTA DOCUMENTOS","labl":null,"is_missing":null,"stats":[{"value":"1","type":"freq","wgtd":null}]},{"value":"FALTA DE TRABAJO","labl":null,"is_missing":null,"stats":[{"value":"1","type":"freq","wgtd":null}]},{"value":"FALTA DE TIEMPO PARA AFILIARSE AL SISBEN","labl":null,"is_missing":null,"stats":[{"value":"1","type":"freq","wgtd":null}]},{"value":"FALTA DE REGISTRO DE NACIMIENTO","labl":null,"is_missing":null,"stats":[{"value":"1","type":"freq","wgtd":null}]},{"value":"FALTA DE PAPELERIA","labl":null,"is_missing":null,"stats":[{"value":"1","type":"freq","wgtd":null}]},{"value":"FALTA DE DOCUMENTOS PERSONALES DE P7","labl":null,"is_missing":null,"stats":[{"value":"1","type":"freq","wgtd":null}]},{"value":"FALTA DE DOCUMENTO DE IDENTIDAD","labl":null,"is_missing":null,"stats":[{"value":"1","type":"freq","wgtd":null}]},{"value":"FALTA DE DOCUMENTACION LEGAL PARA REALIZAR TRAMITE DE AFILIACION","labl":null,"is_missing":null,"stats":[{"value":"1","type":"freq","wgtd":null}]},{"value":"FALTA DE CUPO DE CAPRECOM","labl":null,"is_missing":null,"stats":[{"value":"1","type":"freq","wgtd":null}]},{"value":"FALTA DE  DILIGENCIA DE LA ENTIDAD DONDE LABORAS (CONCEJO MUNICIAL)","labl":null,"is_missing":null,"stats":[{"value":"1","type":"freq","wgtd":null}]},{"value":"FALTA  INFORMACION","labl":null,"is_missing":null,"stats":[{"value":"1","type":"freq","wgtd":null}]},{"value":"FALTA  DE CUPO","labl":null,"is_missing":null,"stats":[{"value":"1","type":"freq","wgtd":null}]},{"value":"Eran beneficiarios y la empresa  a la cual pertenecian desaparecio","labl":null,"is_missing":null,"stats":[{"value":"1","type":"freq","wgtd":null}]},{"value":"EXISTE OTRA PERSONA AFILIADA CON EL  MISMO NUMERO DE CEDULA","labl":null,"is_missing":null,"stats":[{"value":"1","type":"freq","wgtd":null}]},{"value":"ESTUVO AFILIADA EN CUCUTA Y AL VENIRSE PARA ARAUCA LA SACARON DEL SISBEN","labl":null,"is_missing":null,"stats":[{"value":"1","type":"freq","wgtd":null}]},{"value":"ESTUDIA DE NOCHE","labl":null,"is_missing":null,"stats":[{"value":"1","type":"freq","wgtd":null}]},{"value":"ESTAN TRAMITANDOLO","labl":null,"is_missing":null,"stats":[{"value":"1","type":"freq","wgtd":null}]},{"value":"ESTAN RECIEN LLEGADOS A ESTA VEREDA","labl":null,"is_missing":null,"stats":[{"value":"1","type":"freq","wgtd":null}]},{"value":"ESTAN REALIZANDO LOS TRAMITES","labl":null,"is_missing":null,"stats":[{"value":"1","type":"freq","wgtd":null}]},{"value":"ESTAN PENDIENTE DEL CARNET","labl":null,"is_missing":null,"stats":[{"value":"1","type":"freq","wgtd":null}]},{"value":"ESTAN HACIENDO  LOS TRAMITES DE AFILIACION A UNA EPSS","labl":null,"is_missing":null,"stats":[{"value":"1","type":"freq","wgtd":null}]},{"value":"ESTAN ESPERANDO QUE LES HAGAN EL TRASLADO DE VILLACARO A OCA\u00d1A","labl":null,"is_missing":null,"stats":[{"value":"1","type":"freq","wgtd":null}]},{"value":"ESTAN ESPERANDO QUE LE HAGAN LA ENCUESTA DEL SISBEN","labl":null,"is_missing":null,"stats":[{"value":"1","type":"freq","wgtd":null}]},{"value":"ESTAN EN TRAMITES PARA AFILIARLA","labl":null,"is_missing":null,"stats":[{"value":"1","type":"freq","wgtd":null}]},{"value":"ESTAN EN TRAMITES DE AFILIACION DE NUEVO ALSISBEN","labl":null,"is_missing":null,"stats":[{"value":"1","type":"freq","wgtd":null}]},{"value":"ESTAN EN PROCESO DE AFILIACION","labl":null,"is_missing":null,"stats":[{"value":"1","type":"freq","wgtd":null}]},{"value":"ESTAN  ESPERANDO  QUE   LOS  ENCUESTEN  DEL SISVEN","labl":null,"is_missing":null,"stats":[{"value":"1","type":"freq","wgtd":null}]},{"value":"ESTAN  EN LOS TRAMITES DE LA AFILIACION","labl":null,"is_missing":null,"stats":[{"value":"1","type":"freq","wgtd":null}]},{"value":"ESTAN   ESPERANDO  LA VISITA  DEL  SISBEN","labl":null,"is_missing":null,"stats":[{"value":"1","type":"freq","wgtd":null}]},{"value":"ESTABA VINCULADO EN LA EMPRESA DE SALUD FAMISANAR","labl":null,"is_missing":null,"stats":[{"value":"1","type":"freq","wgtd":null}]},{"value":"ESTABA EN EL SISBEN PERO AHORA NO APARECE EN EL SISTEMA","labl":null,"is_missing":null,"stats":[{"value":"1","type":"freq","wgtd":null}]},{"value":"ESTABA AFILILIADO POR EL HIJO  PARA VOLVERSE A AFILIAR DEBE NO APARESER","labl":null,"is_missing":null,"stats":[{"value":"1","type":"freq","wgtd":null}]},{"value":"ESTABA AFILIADO POR LA HIJA Y ESTA EN PROCESO DE AFILIARSE","labl":null,"is_missing":null,"stats":[{"value":"1","type":"freq","wgtd":null}]},{"value":"ESTABA AFILIADO A HUMANA VIVIR EN ESPERA  CAMBIAR DE EPS  INTERVENIDA  GOBIERNO","labl":null,"is_missing":null,"stats":[{"value":"1","type":"freq","wgtd":null}]},{"value":"ESTABA AFILIADO A CAPRECOM PERO SE ACABO","labl":null,"is_missing":null,"stats":[{"value":"1","type":"freq","wgtd":null}]},{"value":"ESTABA AFILIADA COMO COTIZANTE SE RETIRO Y SE QUEDO SIN SEGURO","labl":null,"is_missing":null,"stats":[{"value":"1","type":"freq","wgtd":null}]},{"value":"ESTABA AFILIADA A  TRAVES DE LA HIJA Y AHORA YA NO","labl":null,"is_missing":null,"stats":[{"value":"1","type":"freq","wgtd":null}]},{"value":"ESTA TRAMITANDO EL SISBEN","labl":null,"is_missing":null,"stats":[{"value":"1","type":"freq","wgtd":null}]},{"value":"ESTA TRAMITANDO","labl":null,"is_missing":null,"stats":[{"value":"1","type":"freq","wgtd":null}]},{"value":"ESTA SOLICITANDO UN CUPO EN EL SIBEN","labl":null,"is_missing":null,"stats":[{"value":"1","type":"freq","wgtd":null}]},{"value":"ESTA SISBENIZADA POR  ANTIOQUIA","labl":null,"is_missing":null,"stats":[{"value":"1","type":"freq","wgtd":null}]},{"value":"ESTA SIN TRABAJO Y NO LE HAN DADO RESPUESTA HACE UN A\u00d1O PARA EL SISBEN","labl":null,"is_missing":null,"stats":[{"value":"1","type":"freq","wgtd":null}]},{"value":"ESTA REGISTRADA EN EL SISBEN DE CAIMITO","labl":null,"is_missing":null,"stats":[{"value":"1","type":"freq","wgtd":null}]},{"value":"ESTA RECIEN YEGADO AL MUNICIPIO","labl":null,"is_missing":null,"stats":[{"value":"1","type":"freq","wgtd":null}]},{"value":"ESTA RECIEN NACIDO Y NO LE A QUEDADO TIEMPO","labl":null,"is_missing":null,"stats":[{"value":"1","type":"freq","wgtd":null}]},{"value":"ESTA RECIEN NACIDA Y TODABIA NO HA SIDO REGISTRADA","labl":null,"is_missing":null,"stats":[{"value":"1","type":"freq","wgtd":null}]},{"value":"ESTA RECIEN NACIDA Y LOS PADRES NO HAN HECHO  LOS TRAMITES AUN","labl":null,"is_missing":null,"stats":[{"value":"1","type":"freq","wgtd":null}]},{"value":"ESTA RECIEN NACIDA Y LA MAMA NO HA TENIDO TIEMPO","labl":null,"is_missing":null,"stats":[{"value":"1","type":"freq","wgtd":null}]},{"value":"ESTA RECIEN LLEGADO A LA REGION","labl":null,"is_missing":null,"stats":[{"value":"1","type":"freq","wgtd":null}]},{"value":"ESTA RECIEN LLEGADA","labl":null,"is_missing":null,"stats":[{"value":"1","type":"freq","wgtd":null}]},{"value":"ESTA REALIZANDO LAS VUELTAS PARA TENER EL SUBSIDIADO","labl":null,"is_missing":null,"stats":[{"value":"1","type":"freq","wgtd":null}]},{"value":"ESTA PRONTA A AFILIARSE","labl":null,"is_missing":null,"stats":[{"value":"1","type":"freq","wgtd":null}]},{"value":"ESTA PENDIENTE DE REALIZAR LA AFILIACION","labl":null,"is_missing":null,"stats":[{"value":"1","type":"freq","wgtd":null}]},{"value":"ESTA PENDIENTE DE AFILIACION PORQUE RECIEN INGRESO A TRABAJAR","labl":null,"is_missing":null,"stats":[{"value":"1","type":"freq","wgtd":null}]},{"value":"ESTA LEJOS DE LA CIUDAD DONDE NACIO NO HA PODIDO SACAR LOS PAPELES","labl":null,"is_missing":null,"stats":[{"value":"1","type":"freq","wgtd":null}]},{"value":"ESTA INICIANDO LOS TRAMITES PARA CARNET SUBCIDIADO","labl":null,"is_missing":null,"stats":[{"value":"1","type":"freq","wgtd":null}]},{"value":"ESTA HACIENDO LAS DILIGENCIAS PARA EL SISBEN","labl":null,"is_missing":null,"stats":[{"value":"1","type":"freq","wgtd":null}]},{"value":"ESTA HACIENDO EL TRAMITE PARA AFILIARSE","labl":null,"is_missing":null,"stats":[{"value":"1","type":"freq","wgtd":null}]},{"value":"ESTA ESPERANDO TRASLADO DE LA CIUDAD DONDE VIVIA ANTES","labl":null,"is_missing":null,"stats":[{"value":"1","type":"freq","wgtd":null}]},{"value":"ESTA ESPERANDO TRASLADO DE CIUDAD","labl":null,"is_missing":null,"stats":[{"value":"1","type":"freq","wgtd":null}]},{"value":"ESTA ESPERANDO TRAMITES DE PAPELES PARA PODER AFILIARSE","labl":null,"is_missing":null,"stats":[{"value":"1","type":"freq","wgtd":null}]},{"value":"ESTA ESPERANDO QUE LA EMPRESA LO AFILIE","labl":null,"is_missing":null,"stats":[{"value":"1","type":"freq","wgtd":null}]},{"value":"ESTA ESPERANDO QUE EL PATRON LO AFILIE","labl":null,"is_missing":null,"stats":[{"value":"1","type":"freq","wgtd":null}]},{"value":"ESTA ESPERANDO QUE EL PAPA SE AFILIE A UNA NUEA EPS","labl":null,"is_missing":null,"stats":[{"value":"1","type":"freq","wgtd":null}]},{"value":"ESTA ESPERANDO NO APARECER EN EL SISTEMA PARA AFILIARSE A CAPRECOM","labl":null,"is_missing":null,"stats":[{"value":"1","type":"freq","wgtd":null}]},{"value":"ESTA ESPERANDO LA CONSTANCIA DE ESTUDIO PARA PODER SER BENEFICIARIO DE SU MAMA","labl":null,"is_missing":null,"stats":[{"value":"1","type":"freq","wgtd":null}]},{"value":"ESTA ESPERANDO LA AFILICION DE LA EMPRESA","labl":null,"is_missing":null,"stats":[{"value":"1","type":"freq","wgtd":null}]},{"value":"ESTA ESPERANDO EL TIEMPO LIMITE PARA CAMBIAR DE EPS","labl":null,"is_missing":null,"stats":[{"value":"1","type":"freq","wgtd":null}]},{"value":"ESTA ESPERANDO A QUE LA EMPRESA DONDE TRABAJA LO AFILIE","labl":null,"is_missing":null,"stats":[{"value":"1","type":"freq","wgtd":null}]},{"value":"ESTA ESERANDO EL TRASLADO DE LA ARS DE VILLA CARO A  OCA\u00d1A","labl":null,"is_missing":null,"stats":[{"value":"1","type":"freq","wgtd":null}]},{"value":"ESTA ESERADO QUE LE HAGAN EL TRASADO DEARSDE VILLACARO A OCA\u00d1A","labl":null,"is_missing":null,"stats":[{"value":"1","type":"freq","wgtd":null}]},{"value":"ESTA EN TRAMITES POR CAMBIO DE DOMICILIO","labl":null,"is_missing":null,"stats":[{"value":"1","type":"freq","wgtd":null}]},{"value":"ESTA EN TRAMITES DE AFILIARSE","labl":null,"is_missing":null,"stats":[{"value":"1","type":"freq","wgtd":null}]},{"value":"ESTA EN TRAMITE POR CAMBIO DE DOMICILIO","labl":null,"is_missing":null,"stats":[{"value":"1","type":"freq","wgtd":null}]},{"value":"ESTA EN TRAMITE LO DEL SEGURO","labl":null,"is_missing":null,"stats":[{"value":"1","type":"freq","wgtd":null}]},{"value":"ESTA EN TRAMITE EN ESPERA QUE  LE ASIGNEN A UNA IPS.","labl":null,"is_missing":null,"stats":[{"value":"1","type":"freq","wgtd":null}]},{"value":"ESTA EN TRAMITE EN ESPERA DE QUE LO ASIGNEN A UNA EPS.","labl":null,"is_missing":null,"stats":[{"value":"1","type":"freq","wgtd":null}]},{"value":"ESTA EN TRAMITE EL SISBEN","labl":null,"is_missing":null,"stats":[{"value":"1","type":"freq","wgtd":null}]},{"value":"ESTA EN TRAMITE DEL CARNE","labl":null,"is_missing":null,"stats":[{"value":"1","type":"freq","wgtd":null}]},{"value":"ESTA EN TRAMITE DE AFILIARSE DE NUEVO AL SISBEN","labl":null,"is_missing":null,"stats":[{"value":"1","type":"freq","wgtd":null}]},{"value":"ESTA EN PROCESO DE ENTRAR A SISBEN PERO NO LE RESPONDEN","labl":null,"is_missing":null,"stats":[{"value":"1","type":"freq","wgtd":null}]},{"value":"ESTA EN LA MISMA SITUACION DE SU MAMA SRA JANIA.","labl":null,"is_missing":null,"stats":[{"value":"1","type":"freq","wgtd":null}]},{"value":"ESTA EN ESPERA DE QUE LE ASIGNEN A UNA IPS.","labl":null,"is_missing":null,"stats":[{"value":"1","type":"freq","wgtd":null}]},{"value":"ESTA EN ESPERA DE QUE LE ASIGNEN A UNA ENTIDAD DE SALUD.","labl":null,"is_missing":null,"stats":[{"value":"1","type":"freq","wgtd":null}]},{"value":"ESTA EN ESPERA DE QUE LE APRUEBEN EL SISBEN","labl":null,"is_missing":null,"stats":[{"value":"1","type":"freq","wgtd":null}]},{"value":"ESTA EN ESPERA DE LA ENCUESTA DEL SISBEN","labl":null,"is_missing":null,"stats":[{"value":"1","type":"freq","wgtd":null}]},{"value":"ESTA EN ESPERA DE HACER TRAMITES PARA AFILIARSE","labl":null,"is_missing":null,"stats":[{"value":"1","type":"freq","wgtd":null}]},{"value":"ESTA EN ESPERA DE APROBACION DE SISBEN","labl":null,"is_missing":null,"stats":[{"value":"1","type":"freq","wgtd":null}]},{"value":"ESTA EN ESPERA DE AFILIACION POR PARTE DE SU ESPOSO","labl":null,"is_missing":null,"stats":[{"value":"1","type":"freq","wgtd":null}]},{"value":"ESTA EN EL PROCESO DE AFILIARSE AL SISBEN","labl":null,"is_missing":null,"stats":[{"value":"1","type":"freq","wgtd":null}]},{"value":"ESTA CON DEUDA  CON SALUPCOOP Y HASTA QUE PAGUE PUEDE AFILIARSE A OTRA EPS","labl":null,"is_missing":null,"stats":[{"value":"1","type":"freq","wgtd":null}]},{"value":"ESTA BLQUEADO POR OTRA ENTIDAD DE SEGURIDAD","labl":null,"is_missing":null,"stats":[{"value":"1","type":"freq","wgtd":null}]},{"value":"ESTA AFILIADO A UN PLAN COMPLEMENTARIO","labl":null,"is_missing":null,"stats":[{"value":"1","type":"freq","wgtd":null}]},{"value":"ESTA AFILIADO A MEDICINA PREPAGADA","labl":null,"is_missing":null,"stats":[{"value":"1","type":"freq","wgtd":null}]},{"value":"ESTA AFILIADO A COMPARTA PERO NO LO CUBRE AQUI","labl":null,"is_missing":null,"stats":[{"value":"1","type":"freq","wgtd":null}]},{"value":"ESTA AFILIADO A  PIJAO SALUD PROPORCIONADO POR UN CABILDO INDIGENA","labl":null,"is_missing":null,"stats":[{"value":"1","type":"freq","wgtd":null}]},{"value":"ESTA AFILIADA PERO ES EN EL DEPRATAMENTO DE  COROBA","labl":null,"is_missing":null,"stats":[{"value":"1","type":"freq","wgtd":null}]},{"value":"ESTA AFILIADA EN GRANADA MAGDALENA","labl":null,"is_missing":null,"stats":[{"value":"1","type":"freq","wgtd":null}]},{"value":"ESTA AFILIADA AL SISBEN EN EL CESAR Y NO SABE COMO PASARSE A BUCARAMANGA","labl":null,"is_missing":null,"stats":[{"value":"1","type":"freq","wgtd":null}]},{"value":"ESTA AFILIADA A OTRA ENTIDAD DE LA QUE NECESITA DESVINCULARSE PARA AFILIARSE.","labl":null,"is_missing":null,"stats":[{"value":"1","type":"freq","wgtd":null}]},{"value":"ESTA AFILIADA A MEDICINA PREPAGADA","labl":null,"is_missing":null,"stats":[{"value":"1","type":"freq","wgtd":null}]},{"value":"ESTA AFILIADA A DOS ENTIDADES DE SEGURIDAD SOCIAL EN SALUD","labl":null,"is_missing":null,"stats":[{"value":"1","type":"freq","wgtd":null}]},{"value":"ESTA A LA ESPERA DE UNA NUEVA COBERTURA EN EL REGIMEN SUBSIDIADO","labl":null,"is_missing":null,"stats":[{"value":"1","type":"freq","wgtd":null}]},{"value":"ESTA  RESIEN  NACIDA","labl":null,"is_missing":null,"stats":[{"value":"1","type":"freq","wgtd":null}]},{"value":"ESTA  ESPERANDO QUE  LO AFILIE  LA  EMPRESA","labl":null,"is_missing":null,"stats":[{"value":"1","type":"freq","wgtd":null}]},{"value":"ESTA  EN  PROCESO  DE  LA CEDULA","labl":null,"is_missing":null,"stats":[{"value":"1","type":"freq","wgtd":null}]},{"value":"ESTA  EN  ESPERA  DE  QUE  LE SALGAN  LOS  PAPELES  PORQUE  EL ESPOSO  FALLECIO","labl":null,"is_missing":null,"stats":[{"value":"1","type":"freq","wgtd":null}]},{"value":"ESTA    ESPERANDO    QUE   HAYAN   AFILIACIONES    PARA   PODER  INGRESAR.","labl":null,"is_missing":null,"stats":[{"value":"1","type":"freq","wgtd":null}]},{"value":"ESPERAR 3 MESES","labl":null,"is_missing":null,"stats":[{"value":"1","type":"freq","wgtd":null}]},{"value":"ESPERANDO SI SALE EL SUBSIDIADO","labl":null,"is_missing":null,"stats":[{"value":"1","type":"freq","wgtd":null}]},{"value":"ESPERANDO ESPUESTA","labl":null,"is_missing":null,"stats":[{"value":"1","type":"freq","wgtd":null}]},{"value":"ESPERANDO EL CAMBIO DE EPS DE SU PADRE","labl":null,"is_missing":null,"stats":[{"value":"1","type":"freq","wgtd":null}]},{"value":"ESPERANDO COBERTURA PARA EL REGIMEN SUBSIDIADO","labl":null,"is_missing":null,"stats":[{"value":"1","type":"freq","wgtd":null}]},{"value":"ESPERA QUE EL ESPOSO CONSIGA TRABAJO PARA QUE LA AFILIE","labl":null,"is_missing":null,"stats":[{"value":"1","type":"freq","wgtd":null}]},{"value":"ESPERA QUE EL CONYUGUE EMPIEZE A TRABAR PARA  QUE LA AFILIE","labl":null,"is_missing":null,"stats":[{"value":"1","type":"freq","wgtd":null}]},{"value":"ES VENEZOLANO Y NO TIENE PAPELES COLOMBIANOS","labl":null,"is_missing":null,"stats":[{"value":"1","type":"freq","wgtd":null}]},{"value":"ES UNA PERSONA ESPECIAL NO TIENE NINGUN TIPO DE DOCUMENTO","labl":null,"is_missing":null,"stats":[{"value":"1","type":"freq","wgtd":null}]},{"value":"ES TRABAJADOR INDEPENDIENTE","labl":null,"is_missing":null,"stats":[{"value":"1","type":"freq","wgtd":null}]},{"value":"ES EXTRANJERO Y NO TIENE DOCUMENTOS COLOMBIANOS","labl":null,"is_missing":null,"stats":[{"value":"1","type":"freq","wgtd":null}]},{"value":"ES EN PROCESO DE HACERLA DILIGENCIA","labl":null,"is_missing":null,"stats":[{"value":"1","type":"freq","wgtd":null}]},{"value":"ES ECUATORIANA","labl":null,"is_missing":null,"stats":[{"value":"1","type":"freq","wgtd":null}]},{"value":"ES DISCAPACITADO Y NO TIENE QUIEN REALICE LOS TRAMITES","labl":null,"is_missing":null,"stats":[{"value":"1","type":"freq","wgtd":null}]},{"value":"ES BENEFICIARIO DEL JEFE DEL HOGAR Y ACTUALMENTE NO ESTA COTIZANDO","labl":null,"is_missing":null,"stats":[{"value":"1","type":"freq","wgtd":null}]},{"value":"ES BENEFICIARIA DEL JEFE DEL HOGAR Y ACTUALMENTE NO TIENE TRABAJO","labl":null,"is_missing":null,"stats":[{"value":"1","type":"freq","wgtd":null}]},{"value":"ES BENEFICIARIA DEL JEFE DEL HOGAR Y ACTUALMENTE NO ESTA COTIZANDO","labl":null,"is_missing":null,"stats":[{"value":"1","type":"freq","wgtd":null}]},{"value":"ES BENEFICIARIA DEL ESPOSO EN MEDICINA PREPAGADA POR LO CUAL NO PAGA NADA","labl":null,"is_missing":null,"stats":[{"value":"1","type":"freq","wgtd":null}]},{"value":"ERROR EN  TRAMITES PERDIO CUPO PARA CARNET","labl":null,"is_missing":null,"stats":[{"value":"1","type":"freq","wgtd":null}]},{"value":"ERROR DE CAPRECOM, FUE DESAFILIADA","labl":null,"is_missing":null,"stats":[{"value":"1","type":"freq","wgtd":null}]},{"value":"ERA COTIZANTE PERO SE QUEDO SIN EMPLEO","labl":null,"is_missing":null,"stats":[{"value":"1","type":"freq","wgtd":null}]},{"value":"ERA BENEFICIARIO Y LA EMPRESA DESAPARECIO","labl":null,"is_missing":null,"stats":[{"value":"1","type":"freq","wgtd":null}]},{"value":"ERA BENEFICIARIO Y EL COTIZANTE QUEDO SIN TRABAJO","labl":null,"is_missing":null,"stats":[{"value":"1","type":"freq","wgtd":null}]},{"value":"ERA BENEFICIARIO DE OTRA PERSONA FUERA DEL HOGAR","labl":null,"is_missing":null,"stats":[{"value":"1","type":"freq","wgtd":null}]},{"value":"ERA BENEFICIARIA Y EL COTIZANTE QUEDO SIN TRABAJO","labl":null,"is_missing":null,"stats":[{"value":"1","type":"freq","wgtd":null}]},{"value":"ERA BENEFICIARIA DEL CONYUGE PERO CUANDO TRABAJO","labl":null,"is_missing":null,"stats":[{"value":"1","type":"freq","wgtd":null}]},{"value":"ERA BENEFICIARIA  DE COTIZANTE","labl":null,"is_missing":null,"stats":[{"value":"1","type":"freq","wgtd":null}]},{"value":"ENTREGARON LOS PAPELES Y NO LE AN DADO RESPUESTA","labl":null,"is_missing":null,"stats":[{"value":"1","type":"freq","wgtd":null}]},{"value":"EN TRAMITE","labl":null,"is_missing":null,"stats":[{"value":"1","type":"freq","wgtd":null}]},{"value":"EN ESTOS MOMENTOS ESTA HACIENDO LOS TRAMITES  PARA INGRESAR AL SISBEN","labl":null,"is_missing":null,"stats":[{"value":"1","type":"freq","wgtd":null}]},{"value":"EN ESPERA QUE LA EMPRESA LA VINCULE A SALUD","labl":null,"is_missing":null,"stats":[{"value":"1","type":"freq","wgtd":null}]},{"value":"EN ESPERA QUE AUMENTEN LA COBERTURA DEL SISBEN","labl":null,"is_missing":null,"stats":[{"value":"1","type":"freq","wgtd":null}]},{"value":"EN ESPERA PARA HACER TRAMITES DE AFILIACION","labl":null,"is_missing":null,"stats":[{"value":"1","type":"freq","wgtd":null}]},{"value":"EN ESPERA DEL TRASLADO DEL MUNICIPIO DE MONTERIA Y EN TURBO","labl":null,"is_missing":null,"stats":[{"value":"1","type":"freq","wgtd":null}]},{"value":"EN ESPERA DE UN CUPO EN EL SISBEN","labl":null,"is_missing":null,"stats":[{"value":"1","type":"freq","wgtd":null}]},{"value":"EN ESPERA DE RENOVACION DE CONTRATO","labl":null,"is_missing":null,"stats":[{"value":"1","type":"freq","wgtd":null}]},{"value":"EN ESPERA DE HACER TRAMITES DE AFILIACION","labl":null,"is_missing":null,"stats":[{"value":"1","type":"freq","wgtd":null}]},{"value":"EN ESPERA DE EPSS","labl":null,"is_missing":null,"stats":[{"value":"1","type":"freq","wgtd":null}]},{"value":"EN ESPERA DE AFILIACION EN EL MUNICIPIO ACTUAL","labl":null,"is_missing":null,"stats":[{"value":"1","type":"freq","wgtd":null}]},{"value":"EN ESPERA DE AFILIACION","labl":null,"is_missing":null,"stats":[{"value":"1","type":"freq","wgtd":null}]},{"value":"EN EL MOMENTO NO HAI COVERTURA","labl":null,"is_missing":null,"stats":[{"value":"1","type":"freq","wgtd":null}]},{"value":"EN EL HOSPITAL NO LOS AFILIAN LES DICEN QUE ESPEREN LA VISITA DEL SISBEN","labl":null,"is_missing":null,"stats":[{"value":"1","type":"freq","wgtd":null}]},{"value":"EN   EL   MOMENTO   ESTA   ESPERANDO   QUE  HAYA  AFILICIONES   PARA  INGRESAR","labl":null,"is_missing":null,"stats":[{"value":"1","type":"freq","wgtd":null}]},{"value":"ELLOS TIENEN SISBEN DEL CAUCA PERO AQUI NO LOS ATIENDEN","labl":null,"is_missing":null,"stats":[{"value":"1","type":"freq","wgtd":null}]},{"value":"ELLA TENIA SU CARNET HACE A\u00d1OS POR EL CUAL FUE OPERADA PERO AHORA NO APARECE","labl":null,"is_missing":null,"stats":[{"value":"1","type":"freq","wgtd":null}]},{"value":"ELLA   NO  LE   HA   DADO  TIEMPO    PARA  HACER  SUS   VUELTAS","labl":null,"is_missing":null,"stats":[{"value":"1","type":"freq","wgtd":null}]},{"value":"EL SISTEMA LO RECHAZA","labl":null,"is_missing":null,"stats":[{"value":"1","type":"freq","wgtd":null}]},{"value":"EL SISTEMA LA RECHAZA","labl":null,"is_missing":null,"stats":[{"value":"1","type":"freq","wgtd":null}]},{"value":"EL SISBEN QUE TIENEN ES DEL CAUCA Y AQUI NO LOS ATIENDEN","labl":null,"is_missing":null,"stats":[{"value":"1","type":"freq","wgtd":null}]},{"value":"EL SISBEN QUE TIENEN DE CAUCA AQUI NO LO ATIENDEN","labl":null,"is_missing":null,"stats":[{"value":"1","type":"freq","wgtd":null}]},{"value":"EL SISBEN QUE TIENE SOLO LA ATIENDEN POR URGENCIAS","labl":null,"is_missing":null,"stats":[{"value":"1","type":"freq","wgtd":null}]},{"value":"EL SE\u00d1OR MANIFIESTA QUE FUE CENSADO  POR LA SECRETARIA DE SALUD PERO   NO  SALIO","labl":null,"is_missing":null,"stats":[{"value":"1","type":"freq","wgtd":null}]},{"value":"EL PATRON DE SU CONYUGE NO A PAGADO EL SERVICIO DE SALUD","labl":null,"is_missing":null,"stats":[{"value":"1","type":"freq","wgtd":null}]},{"value":"EL PAPA NO LA TIENE AFILIADA","labl":null,"is_missing":null,"stats":[{"value":"1","type":"freq","wgtd":null}]},{"value":"EL PAPA HABIA TRABAJADO EN UNA EMPRESA Y LE QUITARON EL REGIMEN SUBSIDIADO","labl":null,"is_missing":null,"stats":[{"value":"1","type":"freq","wgtd":null}]},{"value":"EL PAPA ES MUY DESCUIDADO","labl":null,"is_missing":null,"stats":[{"value":"1","type":"freq","wgtd":null}]},{"value":"EL PADRE SIN SEGURO","labl":null,"is_missing":null,"stats":[{"value":"1","type":"freq","wgtd":null}]},{"value":"EL PADRE QUEDO SIN EMPLEO Y LOS SACARON DE LA SALUD","labl":null,"is_missing":null,"stats":[{"value":"1","type":"freq","wgtd":null}]},{"value":"EL PADRE NO ESTA AFILIADO","labl":null,"is_missing":null,"stats":[{"value":"1","type":"freq","wgtd":null}]},{"value":"EL PADRE DEJO DE PAGARLE LA EPS","labl":null,"is_missing":null,"stats":[{"value":"1","type":"freq","wgtd":null}]},{"value":"EL PADRE CAMBIA MUCHO DE TRABAJO","labl":null,"is_missing":null,"stats":[{"value":"1","type":"freq","wgtd":null}]},{"value":"EL PADRASTRO SIN TRABAJO","labl":null,"is_missing":null,"stats":[{"value":"1","type":"freq","wgtd":null}]},{"value":"EL PADASTRO LO HABIA AFILIADO Y ENSISTEMA NO APRECE","labl":null,"is_missing":null,"stats":[{"value":"1","type":"freq","wgtd":null}]},{"value":"EL NI\u00d1O NO HA SIDO REGISTRADO POR ESO NO HA HECHO LA DILIGENCIA PARA AFILIARLO","labl":null,"is_missing":null,"stats":[{"value":"1","type":"freq","wgtd":null}]},{"value":"EL NI\u00d1O ES UN RECIEN NACIDO","labl":null,"is_missing":null,"stats":[{"value":"1","type":"freq","wgtd":null}]},{"value":"EL HORARIO LABORAL NO LE HA PERMITIDO HACER EL TRAMITE","labl":null,"is_missing":null,"stats":[{"value":"1","type":"freq","wgtd":null}]},{"value":"EL HIJO ESTA ESPERANDO PENSION EJERCITO Y LE DAN SERVICIO MEDICO INCLUYE FAMILIA","labl":null,"is_missing":null,"stats":[{"value":"1","type":"freq","wgtd":null}]},{"value":"EL ESPOSO NO SE ENCUENTRA AFILIADO","labl":null,"is_missing":null,"stats":[{"value":"1","type":"freq","wgtd":null}]},{"value":"EL ESPOSO NO LO HAN VINCULADO AUN A SALUD","labl":null,"is_missing":null,"stats":[{"value":"1","type":"freq","wgtd":null}]},{"value":"EL ESPOSO ESTA SIN TRABAJO","labl":null,"is_missing":null,"stats":[{"value":"1","type":"freq","wgtd":null}]},{"value":"EL ESPOSO CAMBIO DE EMPLEO YNO LO HAN AFILIADO","labl":null,"is_missing":null,"stats":[{"value":"1","type":"freq","wgtd":null}]},{"value":"EL ERA BENEFICIARIO DE (3) Y (3) NO ESTA TRABAJANDO ACTUALMENTE","labl":null,"is_missing":null,"stats":[{"value":"1","type":"freq","wgtd":null}]},{"value":"EL DIA QUE FUE AFILIARCE NO LA ATENDIERON Y NO A PODIDO VOLVER AL PUEBLO","labl":null,"is_missing":null,"stats":[{"value":"1","type":"freq","wgtd":null}]},{"value":"EL CARNET QUE EL TIENE DEL SISBEN COLFENALCO AQUI NO LO ATIENDEN NO LO CUBRE","labl":null,"is_missing":null,"stats":[{"value":"1","type":"freq","wgtd":null}]},{"value":"EL CARNET ES DE OTRO DEPARTAMENTO","labl":null,"is_missing":null,"stats":[{"value":"1","type":"freq","wgtd":null}]},{"value":"EL CARNET DE LA SE\u00d1ORA ES SISBEN 2 Y NO LA ATIENDEN ACA SOLO EN BOGOTA","labl":null,"is_missing":null,"stats":[{"value":"1","type":"freq","wgtd":null}]},{"value":"EL  PAPA  SE LE PERDIO LA  CEDULA Y NO HA PODIDO SACARLA","labl":null,"is_missing":null,"stats":[{"value":"1","type":"freq","wgtd":null}]},{"value":"DUPLICIDAD EN EL REGISTRO DE NACIMIENTO","labl":null,"is_missing":null,"stats":[{"value":"1","type":"freq","wgtd":null}]},{"value":"DONDE TRABAJA NO LA TIENEN AFILIADA A LA EPS","labl":null,"is_missing":null,"stats":[{"value":"1","type":"freq","wgtd":null}]},{"value":"DOBLE VINCULACION","labl":null,"is_missing":null,"stats":[{"value":"1","type":"freq","wgtd":null}]},{"value":"DOBLE  VINCULACION","labl":null,"is_missing":null,"stats":[{"value":"1","type":"freq","wgtd":null}]},{"value":"DIFICULTAD PARA MOVILIZARSE Y NO TIENE QUIEN LE AYUDE","labl":null,"is_missing":null,"stats":[{"value":"1","type":"freq","wgtd":null}]},{"value":"DICE NO SALIR FAVORECIDA CON EL CARNET","labl":null,"is_missing":null,"stats":[{"value":"1","type":"freq","wgtd":null}]},{"value":"DICE NO HABER SALIDO FAVORECIDO","labl":null,"is_missing":null,"stats":[{"value":"1","type":"freq","wgtd":null}]},{"value":"DESVINCULADO POR PRESENTARSE AL SERVICIO MILITAR","labl":null,"is_missing":null,"stats":[{"value":"1","type":"freq","wgtd":null}]},{"value":"DESPLAZAMIENTOS CONTINUOS DE LA MAMA","labl":null,"is_missing":null,"stats":[{"value":"1","type":"freq","wgtd":null}]},{"value":"DESPLAZAMIENTOS CONSTANTES DE LA MAMA","labl":null,"is_missing":null,"stats":[{"value":"1","type":"freq","wgtd":null}]},{"value":"DESPLAZAMIENTO DE LA MAMA","labl":null,"is_missing":null,"stats":[{"value":"1","type":"freq","wgtd":null}]},{"value":"DESPLAZAMIENTO CONTINUO DE LA MAMA","labl":null,"is_missing":null,"stats":[{"value":"1","type":"freq","wgtd":null}]},{"value":"DESPLAZADOS DEL CAQUETA NO HAN REALIZADO TRAMITES EN ESTE MUNICIPIO","labl":null,"is_missing":null,"stats":[{"value":"1","type":"freq","wgtd":null}]},{"value":"DESPLAZADA DEL CAQUETA Y AUN NO HAN REALIZADO TRAMITES EN ESTA CIUDAD","labl":null,"is_missing":null,"stats":[{"value":"1","type":"freq","wgtd":null}]},{"value":"DESPLAZADA DE CAQUETA NO HA REALIZADO TRAMITES AUN EN ESTE MUNICIPIO","labl":null,"is_missing":null,"stats":[{"value":"1","type":"freq","wgtd":null}]},{"value":"DESPLAZADA","labl":null,"is_missing":null,"stats":[{"value":"1","type":"freq","wgtd":null}]},{"value":"DESCUIDO DE SU MAMA","labl":null,"is_missing":null,"stats":[{"value":"1","type":"freq","wgtd":null}]},{"value":"DESAFILIARON A LA MAMA Y A ALAN DEL SISTEMA SISBEN COCSUS","labl":null,"is_missing":null,"stats":[{"value":"1","type":"freq","wgtd":null}]},{"value":"DESAFILIADO POR CAMBIO DE MUNICIPIO","labl":null,"is_missing":null,"stats":[{"value":"1","type":"freq","wgtd":null}]},{"value":"DESAFILIADO DEL SISBEN POR CAMBIO DE MUNICIPIO","labl":null,"is_missing":null,"stats":[{"value":"1","type":"freq","wgtd":null}]},{"value":"DESAFILIADO DE LA EPS DE LA MAMA","labl":null,"is_missing":null,"stats":[{"value":"1","type":"freq","wgtd":null}]},{"value":"DESAFILIADO","labl":null,"is_missing":null,"stats":[{"value":"1","type":"freq","wgtd":null}]},{"value":"DESAFILIADA HACE 1 MES POR  TERMINO DE CONTRATO CON LA ENTIDAD","labl":null,"is_missing":null,"stats":[{"value":"1","type":"freq","wgtd":null}]},{"value":"DESAFILIADA DEL SISBEN POR CAMBIO DE MUNICIPIO","labl":null,"is_missing":null,"stats":[{"value":"1","type":"freq","wgtd":null}]},{"value":"DESAFILIACION POR CAMBIO DE MUNICIPIO","labl":null,"is_missing":null,"stats":[{"value":"1","type":"freq","wgtd":null}]},{"value":"DESACTIVADO POR EL NO PAGO DE LA EMPRESA DONDE LABORA SU PADRE","labl":null,"is_missing":null,"stats":[{"value":"1","type":"freq","wgtd":null}]},{"value":"DESACTIVADA, LA EMPRESA DONDE TRABAJA SU PADRE NO A CANCELADO EL SERVICIO","labl":null,"is_missing":null,"stats":[{"value":"1","type":"freq","wgtd":null}]},{"value":"DESACTIVADA POR VENCIMIENTO DE CONTRATTO","labl":null,"is_missing":null,"stats":[{"value":"1","type":"freq","wgtd":null}]},{"value":"DEJO DE TRABAJAR QUEDO DESAFILIADA","labl":null,"is_missing":null,"stats":[{"value":"1","type":"freq","wgtd":null}]},{"value":"DEBEN DESVINCULARCEN DE OTRO MUNICIPIO","labl":null,"is_missing":null,"stats":[{"value":"1","type":"freq","wgtd":null}]},{"value":"DEBE REALIZAR TRASLADO YA QUE EL CARNET ES DE VALLEDUPAR OTRO DEPARTAMENTO","labl":null,"is_missing":null,"stats":[{"value":"1","type":"freq","wgtd":null}]},{"value":"DEBE ESPERAR UN TIEMPO PARA AFILIASE AL SISBEN","labl":null,"is_missing":null,"stats":[{"value":"1","type":"freq","wgtd":null}]},{"value":"DEBE DESAFILIARSE EN ELMUNICIPIO EN DONDE VIVIA ANTERIORMENTE","labl":null,"is_missing":null,"stats":[{"value":"1","type":"freq","wgtd":null}]},{"value":"DEBE DESAFILIARSE EN EL MUNICIPIO QUE VIVIA ANTERIORMENTE","labl":null,"is_missing":null,"stats":[{"value":"1","type":"freq","wgtd":null}]},{"value":"DEBE DESAFILIARSE EN EL MUNICIPIO DONDE VIVIA ANTERIORMENTE","labl":null,"is_missing":null,"stats":[{"value":"1","type":"freq","wgtd":null}]},{"value":"DEBE ACTUALIZAR DATOS PARA INGRESARLO AL SISTEMA.","labl":null,"is_missing":null,"stats":[{"value":"1","type":"freq","wgtd":null}]},{"value":"DE  BOYACA","labl":null,"is_missing":null,"stats":[{"value":"1","type":"freq","wgtd":null}]},{"value":"CUMPLIO 18 A\u00d1OS Y NO ESTA ESTUDIANDO","labl":null,"is_missing":null,"stats":[{"value":"1","type":"freq","wgtd":null}]},{"value":"CUANDO SE NECESITA SEPAGA POR EL SERVICIO","labl":null,"is_missing":null,"stats":[{"value":"1","type":"freq","wgtd":null}]},{"value":"CUANDO SE HIZO  EL  CENSO  NO  ESTABA RESGISTRADA","labl":null,"is_missing":null,"stats":[{"value":"1","type":"freq","wgtd":null}]},{"value":"CUANDO QUISO VINUARSE AL SISBN ERA MENOR DE EDAD Y NO TENIA RERESENTANTE","labl":null,"is_missing":null,"stats":[{"value":"1","type":"freq","wgtd":null}]},{"value":"CUANDO HICIERON LA INSCRIPCION A LOS HABITANTES DE LA VEREDA EL NO TENIA CEDULA","labl":null,"is_missing":null,"stats":[{"value":"1","type":"freq","wgtd":null}]},{"value":"CUANDO HAN IDO A ENCUESTARLOS NO TIENEN LOS PAPELES REQUERIDOS","labl":null,"is_missing":null,"stats":[{"value":"1","type":"freq","wgtd":null}]},{"value":"CREE QUE ESTA MUY BEBE Y NO LA HA REGISTRADO","labl":null,"is_missing":null,"stats":[{"value":"1","type":"freq","wgtd":null}]},{"value":"CRE ENLLERVATEROS","labl":null,"is_missing":null,"stats":[{"value":"1","type":"freq","wgtd":null}]},{"value":"COTIZABA COMO INDEPENDIENTE Y POR MAL SERVICIO DE EPS CANCELE LA AFILIACION","labl":null,"is_missing":null,"stats":[{"value":"1","type":"freq","wgtd":null}]},{"value":"CONFUSION DE LA EMPRESA DE SALUD CON UN HOMONIMO QUE ESTABA MUERTO (LO SACARON)","labl":null,"is_missing":null,"stats":[{"value":"1","type":"freq","wgtd":null}]},{"value":"COMO NO TIENE VIVIENDA FIJA NO HA HECHO LAS VUELTAS","labl":null,"is_missing":null,"stats":[{"value":"1","type":"freq","wgtd":null}]},{"value":"COMO NO TIENE CEDULA NO A ECHO DELIGENCIAS PARA LA AFILIACION","labl":null,"is_missing":null,"stats":[{"value":"1","type":"freq","wgtd":null}]},{"value":"CENSADO EN OTRO LUGAR","labl":null,"is_missing":null,"stats":[{"value":"1","type":"freq","wgtd":null}]},{"value":"CEDULA EN TRAMITES","labl":null,"is_missing":null,"stats":[{"value":"1","type":"freq","wgtd":null}]},{"value":"CANCELAMOS LA AFILIAION COMO INDEPENDIENTE POR MAL SERVICIO","labl":null,"is_missing":null,"stats":[{"value":"1","type":"freq","wgtd":null}]},{"value":"CAMBIO DE RESIDENCIA, FUE DESAFILIADO","labl":null,"is_missing":null,"stats":[{"value":"1","type":"freq","wgtd":null}]},{"value":"CAMBIO DE MUNICIPIO DE BOYACA SOLO LE UBRIO ELPARTO","labl":null,"is_missing":null,"stats":[{"value":"1","type":"freq","wgtd":null}]},{"value":"CAMBIO DE LUGAR DE RESIDENCIA","labl":null,"is_missing":null,"stats":[{"value":"1","type":"freq","wgtd":null}]},{"value":"CAMBIO DE LUGAR  DE  RESIDENCIA","labl":null,"is_missing":null,"stats":[{"value":"1","type":"freq","wgtd":null}]},{"value":"CAMBIO DE ESTRATO  SOCIOECONOMICO Y LA DESVINCULARON","labl":null,"is_missing":null,"stats":[{"value":"1","type":"freq","wgtd":null}]},{"value":"CAMBIO DE DOMICILIO DE LOS PADRES","labl":null,"is_missing":null,"stats":[{"value":"1","type":"freq","wgtd":null}]},{"value":"CAMBIO DE DOMICIIO","labl":null,"is_missing":null,"stats":[{"value":"1","type":"freq","wgtd":null}]},{"value":"CAMBIO DE CIUDAD","labl":null,"is_missing":null,"stats":[{"value":"1","type":"freq","wgtd":null}]},{"value":"CAMBIARON DE MUNICIPIO QUEDARON SIN CARNET","labl":null,"is_missing":null,"stats":[{"value":"1","type":"freq","wgtd":null}]},{"value":"BORRARON DEL SISTEMA SIN NINGUA EXPLICACION","labl":null,"is_missing":null,"stats":[{"value":"1","type":"freq","wgtd":null}]},{"value":"BLOQUEADO  DE  SISBEN","labl":null,"is_missing":null,"stats":[{"value":"1","type":"freq","wgtd":null}]},{"value":"BEBE RECIEN NACIDO NO HAN REALIZADO LOS TRAMITES TODAVIA","labl":null,"is_missing":null,"stats":[{"value":"1","type":"freq","wgtd":null}]},{"value":"B","labl":null,"is_missing":null,"stats":[{"value":"1","type":"freq","wgtd":null}]},{"value":"AUN NO TIENE REGISTRO CIVIL DE NACIMIENTO","labl":null,"is_missing":null,"stats":[{"value":"1","type":"freq","wgtd":null}]},{"value":"AUN NO HA SIDO REGISTRADO","labl":null,"is_missing":null,"stats":[{"value":"1","type":"freq","wgtd":null}]},{"value":"AUN NO ESTA REGUISTRADO","labl":null,"is_missing":null,"stats":[{"value":"1","type":"freq","wgtd":null}]},{"value":"AUN NO ESTA REGISTRADA","labl":null,"is_missing":null,"stats":[{"value":"1","type":"freq","wgtd":null}]},{"value":"AUN NO ESTA  REGISTRADO","labl":null,"is_missing":null,"stats":[{"value":"1","type":"freq","wgtd":null}]},{"value":"AUN ESTA EN TRMITE","labl":null,"is_missing":null,"stats":[{"value":"1","type":"freq","wgtd":null}]},{"value":"ATENCION EN SALUD POR VINCULADO","labl":null,"is_missing":null,"stats":[{"value":"1","type":"freq","wgtd":null}]},{"value":"ASISTE A MEDICO PARTICULAR, EL CUAL PAGA LA MAMA QUE NO VIVE EN ESTE HOGAR","labl":null,"is_missing":null,"stats":[{"value":"1","type":"freq","wgtd":null}]},{"value":"AQUI NO LO ATIENDEN CON EL SISBEN DEL CAUCA","labl":null,"is_missing":null,"stats":[{"value":"1","type":"freq","wgtd":null}]},{"value":"APERECE CON DOBLE IDENTIDAD EN FOSYGA","labl":null,"is_missing":null,"stats":[{"value":"1","type":"freq","wgtd":null}]},{"value":"APENAS LA REGISTRARON Y TIENE DOS MESES DE EDAD","labl":null,"is_missing":null,"stats":[{"value":"1","type":"freq","wgtd":null}]},{"value":"APENAS ESTE A\u00d1O SE ENTREGARON LOS PAPELES","labl":null,"is_missing":null,"stats":[{"value":"1","type":"freq","wgtd":null}]},{"value":"APARESE EN EL SISBEN DE CAIMITO  POR ESTA RAZON NO LE DAN EL CARNET","labl":null,"is_missing":null,"stats":[{"value":"1","type":"freq","wgtd":null}]},{"value":"APARECE EN EL SISTEMA MAS NO LO ATIENDEN NO DAN RAZON EN EL SEGURO","labl":null,"is_missing":null,"stats":[{"value":"1","type":"freq","wgtd":null}]},{"value":"APARECE EN CONTRIBUTIVO TODAVIA","labl":null,"is_missing":null,"stats":[{"value":"1","type":"freq","wgtd":null}]},{"value":"APARECE COMO FALLECIDA NO LA ATIENDE EL SISBEN","labl":null,"is_missing":null,"stats":[{"value":"1","type":"freq","wgtd":null}]},{"value":"APARECE COMO FALLECIDA EN EL SISTEMA","labl":null,"is_missing":null,"stats":[{"value":"1","type":"freq","wgtd":null}]},{"value":"APARECE  OTRA  PERSONA  VINCULADA CON  EL  ESPOSO  Y NO APARECE   A SOLUCIONAR","labl":null,"is_missing":null,"stats":[{"value":"1","type":"freq","wgtd":null}]},{"value":"APARECE   AFILIADO  Y  NO LE PERMITE  VOLVERSE  HA  AFILIAR","labl":null,"is_missing":null,"stats":[{"value":"1","type":"freq","wgtd":null}]},{"value":"ANTES ESTABA AFILIADA POR PARTE DEL PADRE","labl":null,"is_missing":null,"stats":[{"value":"1","type":"freq","wgtd":null}]},{"value":"ANTES DE VIVIR EN ESTE MUNICIPIO YA NO ESTABA AFILIADO A UNA  ARS","labl":null,"is_missing":null,"stats":[{"value":"1","type":"freq","wgtd":null}]},{"value":"AL VENIRSE PARA ARAUCA LO SACARON DEL SISBEN  Y ESPERA INCULARSE AQUI","labl":null,"is_missing":null,"stats":[{"value":"1","type":"freq","wgtd":null}]},{"value":"AL VENIRSE DE ARAUCA PERDIO ELSERVICIO Y ESPERA TENERLO EN ARUCA","labl":null,"is_missing":null,"stats":[{"value":"1","type":"freq","wgtd":null}]},{"value":"AL MOMENTO DE AFILIACION NO SE ENCONTRABA EN EL PUEBLO","labl":null,"is_missing":null,"stats":[{"value":"1","type":"freq","wgtd":null}]},{"value":"AL CAMBIAR DE RESIDENCIA QUEDO DESVINCULADA","labl":null,"is_missing":null,"stats":[{"value":"1","type":"freq","wgtd":null}]},{"value":"AFIRMA HABER HECHO LOS PAPELES CORRESPODIENTES PERO NO LE HA LLEGADO","labl":null,"is_missing":null,"stats":[{"value":"1","type":"freq","wgtd":null}]},{"value":"AFILIARLA IMPLICA RETIRAR AL GRUPO FAMILIAR QUE VIVE Y TIENE SISBEN EN LA UNION","labl":null,"is_missing":null,"stats":[{"value":"1","type":"freq","wgtd":null}]},{"value":"AFILIACION EXTRANJERA A SALUD","labl":null,"is_missing":null,"stats":[{"value":"1","type":"freq","wgtd":null}]},{"value":"AFILIACION EN OTRA CIUDAD SIN SU CONCENTIMIENTO","labl":null,"is_missing":null,"stats":[{"value":"1","type":"freq","wgtd":null}]},{"value":"ACUDE AL MEDICO PARTICULAR","labl":null,"is_missing":null,"stats":[{"value":"1","type":"freq","wgtd":null}]},{"value":"ACHITO NO TIENE CARNET DE SALUD PORQUE NO ESTA REGISTRADO","labl":null,"is_missing":null,"stats":[{"value":"1","type":"freq","wgtd":null}]},{"value":"ACABO DE CUMPLIR LA MAYORIA DE EDAD","labl":null,"is_missing":null,"stats":[{"value":"1","type":"freq","wgtd":null}]},{"value":"ACABO DE  CUMPLIR 18 A\u00d1OS Y ERA BENEFICIARIA","labl":null,"is_missing":null,"stats":[{"value":"1","type":"freq","wgtd":null}]},{"value":"ACABA DE VENIR DE CARTAGENA","labl":null,"is_missing":null,"stats":[{"value":"1","type":"freq","wgtd":null}]},{"value":"ACABA DE PRESTAR SERVICIO MILITAR Y NO SE HA AFILIADO AUN","labl":null,"is_missing":null,"stats":[{"value":"1","type":"freq","wgtd":null}]},{"value":"ACABA DE LLEGAR DEL PAIS","labl":null,"is_missing":null,"stats":[{"value":"1","type":"freq","wgtd":null}]},{"value":"A espera de que los patrones lo afilien","labl":null,"is_missing":null,"stats":[{"value":"1","type":"freq","wgtd":null}]}],"var_codinstr":null,"var_concept":[],"var_format":{"type":"character","schema":"other","category":null,"name":null},"var_notes":null,"var_val_range":{"min":null,"max":null},"fid":"F30","sid":"196","survey_idno":"DANE-DIRPEN-ENCV-2011"}