{"file_id":"F30","vid":"V2264","name":"P6115","var_intrvl":"discrete","var_dcml":"0","var_wgt":null,"var_is_wgt":null,"loc_start_pos":"99","loc_end_pos":"99","loc_width":"1","loc_rec_seg_no":"1","labl":"\u00bfQui\u00e9n Paga Mensualmente Por La Afiliaci\u00f3n De......?","var_imputation":null,"var_security":"El acceso a microdatos y Mam-up se considera como de tratamiento especial respecto a la reserva estad\u00edstica por tanto estar\u00e1 sujeto a la reglamentaci\u00f3n que para el efecto defina el Comit\u00e9 de Aseguramiento de la reserva estad\u00edstica. Resoluci\u00f3n 173 de 2008","var_resp_unit":"Directo.","var_analysis_unit":null,"var_qstn_preqtxt":"3. \u00bfA cu\u00e1l de los siguientes reg\u00edmenes de seguridad social en salud est\u00e1 afiliado?\u00e7\n\na. Contributivo (EPS)\nb. Especial (Fuerzas armadas, Ecopetrol, universidades p\u00fablicas, magisterio)\nc. Subsidiado (EPS-S)\nd. No sabe, no informa","var_qstn_qstnlit":"4. \u00bfQui\u00e9n paga mensualmente por la afiliaci\u00f3n de ...?\n\na.\tPaga una parte y otra la empresa o patr\u00f3n\nb.\tLe descuentan la pensi\u00f3n\nc.\tPaga la totalidad de la afiliaci\u00f3n\nd.\tPaga completamente la empresa o patr\u00f3n donde trabaja o trabaj\u00f3\ne.\tNo paga, es beneficiario","var_qstn_postqtxt":"4a. \u00bfDe qui\u00e9n es beneficiario __?\n\na.\tDe una persona de este hogar\t\nb.\tDe una persona de otro hogar","var_qstn_ivuinstr":"Si una persona es pensionada y trabaja como independiente o asalariado, en la pregunta 4 debe marcar la opci\u00f3n 2. \u201cLe descuentan de la pensi\u00f3n\u201d y en la pregunta 5 \u201c\u00bfCu\u00e1nto paga o cu\u00e1nto le descuentan mensualmente a _________para estar cubierto por una entidad de seguridad social en salud?\u201d debe registrar el valor total es decir lo que le descuentan de la pensi\u00f3n m\u00e1s lo que paga como aporte tanto como independiente como asalariado.","var_universe":"El universo para la Encuesta de Calidad de Vida est\u00e1 conformado por la poblaci\u00f3n civil no institucional residente en todo el territorio nacional. \n\nEste cap\u00edtulo va dirigido a todas las personas del hogar.","var_universe_clusion":"I","var_sumstat":[{"value":"27982","type":"vald","wgtd":null},{"value":"64206","type":"invd","wgtd":null}],"var_txt":null,"var_catgry":[{"value":"5","labl":"No paga, es beneficiario","is_missing":null,"stats":[{"value":"15335","type":"freq","wgtd":null}]},{"value":"1","labl":"Paga una parte y otra la empresa o patr\u00f3n","is_missing":null,"stats":[{"value":"6578","type":"freq","wgtd":null}]},{"value":"3","labl":"Paga la totalidad de la afiliaci\u00f3n","is_missing":null,"stats":[{"value":"3044","type":"freq","wgtd":null}]},{"value":"2","labl":"Le descuentan la pensi\u00f3n","is_missing":null,"stats":[{"value":"1994","type":"freq","wgtd":null}]},{"value":"4","labl":"Paga completamente la empresa o patr\u00f3n donde trabaja o trabaj\u00f3","is_missing":null,"stats":[{"value":"1031","type":"freq","wgtd":null}]},{"value":"Sysmiss","labl":null,"is_missing":"Y","stats":[{"value":"64206","type":"freq","wgtd":null}]}],"var_codinstr":null,"var_concept":[],"var_format":{"type":"numeric","schema":"other","category":null,"name":null},"var_notes":null,"var_val_range":{"min":null,"max":null},"fid":"F30","sid":"196","survey_idno":"DANE-DIRPEN-ENCV-2011"}