{"file_id":"F30","vid":"V2268","name":"P8551","var_intrvl":"discrete","var_dcml":"0","var_wgt":null,"var_is_wgt":null,"loc_start_pos":"105","loc_end_pos":"111","loc_width":"7","loc_rec_seg_no":"1","labl":"\u00bfCu\u00e1nto Paga O Cuanto Le Descuentan Mensualmente A ______ Para Prestar Cubierto Por Una Entidad De Seguridad Social En Salud?","var_imputation":null,"var_security":"El acceso a microdatos y Mam-up se considera como de tratamiento especial respecto a la reserva estad\u00edstica por tanto estar\u00e1 sujeto a la reglamentaci\u00f3n que para el efecto defina el Comit\u00e9 de Aseguramiento de la reserva estad\u00edstica. Resoluci\u00f3n 173 de 2008","var_resp_unit":"Directo.","var_analysis_unit":null,"var_qstn_preqtxt":"4a. \u00bfDe qui\u00e9n es beneficiario __? - b. De una persona de otro hogar\t\n\n- \u00bfQu\u00e9 parentesco tiene usted con esa persona?\n\n2\tPareja, esposota), c\u00f3nyuge,\u00a0 compa\u00f1ero(a)\n3\tHijo(a) Hijastro(a)\n4\tNieto(a)\n5\tPadre, madre, Padrastro, madrastra\n6\tsuegro o suegra\n7\tHermano(a), hemanastro(a)\n8\tYerno, nuera\n9\tOtro pariente\n13\tOtro no pariente","var_qstn_qstnlit":"5. \u00bfCu\u00e1nto paga o cu\u00e1nto le descuentan mensualmente a_____ para estar cubierto por una entidad de seguridad social en salud?\n\nValor pagado o descontado $ _____________","var_qstn_postqtxt":"6. En general, considera que la calidad del servicio de la entidad de seguridad social en salud a la que <...> est\u00e1 afiliado(a) es:\n\n1\tMuy buena\n2\tBuena\n3\tMala\n4\tMuy mala\n5\tNo sabe","var_qstn_ivuinstr":"Se desea establecer el pago que realizan las personas para estar cubiertas por una entidad de seguridad social en salud. Si es posible, solicite el desprendible de pago de cotizaci\u00f3n y\/o el desprendible de pago de n\u00f3mina y registre el valor que corresponde al descuento o pago de cotizaci\u00f3n. Si la persona no sabe cu\u00e1nto paga o cu\u00e1nto le descuentan escriba 99.","var_universe":"El universo para la Encuesta de Calidad de Vida est\u00e1 conformado por la poblaci\u00f3n civil no institucional residente en todo el territorio nacional. \n\nEste cap\u00edtulo va dirigido a todas las personas del hogar.","var_universe_clusion":"I","var_sumstat":[{"value":"11616","type":"vald","wgtd":null},{"value":"80572","type":"invd","wgtd":null}],"var_txt":null,"var_catgry":[],"var_codinstr":null,"var_concept":[],"var_format":{"type":"numeric","schema":"other","category":null,"name":null},"var_notes":null,"var_val_range":{"min":null,"max":null},"fid":"F30","sid":"196","survey_idno":"DANE-DIRPEN-ENCV-2011"}