{"file_id":"F30","vid":"V2279","name":"P6127","var_intrvl":"discrete","var_dcml":"0","var_wgt":null,"var_is_wgt":null,"loc_start_pos":"215","loc_end_pos":"215","loc_width":"1","loc_rec_seg_no":"1","labl":"El Estado De Salud De .. En General Es","var_imputation":null,"var_security":"El acceso a microdatos y Mam-up se considera como de tratamiento especial respecto a la reserva estad\u00edstica por tanto estar\u00e1 sujeto a la reglamentaci\u00f3n que para el efecto defina el Comit\u00e9 de Aseguramiento de la reserva estad\u00edstica. Resoluci\u00f3n 173 de 2008","var_resp_unit":"Directo.","var_analysis_unit":null,"var_qstn_preqtxt":"10. \u00bfCu\u00e1nto paga o le descuentan mensualmente a _____ por concepto de estos planes o seguros de salud?\n\nValor mensual $ ______________","var_qstn_qstnlit":"11 El estado de salud de ___ en general, es:\n\na\tMuy bueno\nb\tBueno\nc\tRegular\nd\tMalo","var_qstn_postqtxt":"12. Sin estar enfermo(a) y por prevenci\u00f3n \u00bf ____ consulta por lo menos una vez al a\u00f1o?\n\na. S\u00f3lo al m\u00e9dico\nb. S\u00f3lo al odont\u00f3logo\nc. Al m\u00e9dico y al odont\u00f3logo\nd. A ninguno","var_qstn_ivuinstr":"Recuerde que para los menores de edad la apreciaci\u00f3n sobre el estado de salud la dan los padres del ni\u00f1o.","var_universe":"El universo para la Encuesta de Calidad de Vida est\u00e1 conformado por la poblaci\u00f3n civil no institucional residente en todo el territorio nacional. \n\nEste cap\u00edtulo va dirigido a todas las personas del hogar.","var_universe_clusion":"I","var_sumstat":[{"value":"92188","type":"vald","wgtd":null},{"value":"0","type":"invd","wgtd":null}],"var_txt":null,"var_catgry":[{"value":"2","labl":"Bueno","is_missing":null,"stats":[{"value":"63452","type":"freq","wgtd":null}]},{"value":"3","labl":"Regular","is_missing":null,"stats":[{"value":"19168","type":"freq","wgtd":null}]},{"value":"1","labl":"Muy bueno","is_missing":null,"stats":[{"value":"7422","type":"freq","wgtd":null}]},{"value":"4","labl":"Malo","is_missing":null,"stats":[{"value":"2146","type":"freq","wgtd":null}]}],"var_codinstr":null,"var_concept":[],"var_format":{"type":"numeric","schema":"other","category":null,"name":null},"var_notes":null,"var_val_range":{"min":null,"max":null},"fid":"F30","sid":"196","survey_idno":"DANE-DIRPEN-ENCV-2011"}