{"file_id":"F30","vid":"V2282","name":"P8573","var_intrvl":"discrete","var_dcml":"0","var_wgt":null,"var_is_wgt":null,"loc_start_pos":"218","loc_end_pos":"218","loc_width":"1","loc_rec_seg_no":"1","labl":"\u00bfA <...> le brindaron asistencia m\u00e9dica en el servicio de urgencias para solucionar el problema de salud?","var_imputation":null,"var_security":"El acceso a microdatos y Mam-up se considera como de tratamiento especial respecto a la reserva estad\u00edstica por tanto estar\u00e1 sujeto a la reglamentaci\u00f3n que para el efecto defina el Comit\u00e9 de Aseguramiento de la reserva estad\u00edstica. Resoluci\u00f3n 173 de 2008","var_resp_unit":"Directo.","var_analysis_unit":null,"var_qstn_preqtxt":"13. En los \u00faltimos 30 d\u00edas, <...> \u00bftuvo que acudir al servicio de urgencias en una instituci\u00f3n prestadora de servicios (hospital o cl\u00ednica) p\u00fablica o privada?\n\n1.\tS\u00ed\n2.\tNo","var_qstn_qstnlit":"14. \u00bfA <...> le brindaron asistencia m\u00e9dica en el servicio de urgencias para solucionar el problema de salud?\n\n1.\tS\u00ed\n2.\tNo","var_qstn_postqtxt":"15. \u00bfCu\u00e1l fue la raz\u00f3n principal por la que <...> no recibi\u00f3 atenci\u00f3n m\u00e9dica en el servicio de urgencias?\n\n1\tEl caso era leve\n2\tEsper\u00f3 demasiado tiempo y no lo atendieron\n3\tIndicaron que all\u00ed no lo pod\u00edan atender porque no estaba afiliado a alguna entidad que tuviera contrato con ellos.\n4\tNo ten\u00eda identificaci\u00f3n y por eso lo rechazaron.\n5\tIndicaron que deb\u00edan remitirlo a otra instituci\u00f3n prestadora de servicios que tuviera los servicios requeridos para atenderlo\n6\tNo le dieron informaci\u00f3n\n9\tNo sabe\/no responde","var_qstn_ivuinstr":"Con esta pregunta se desea saber si la persona efectivamente fue atendida por personal m\u00e9dico. Se debe aclarar a la persona que la asistencia m\u00e9dica debe ser por parte de un m\u00e9dico para solucionar el problema, y no la simple valoraci\u00f3n de urgencias.","var_universe":"El universo para la Encuesta de Calidad de Vida est\u00e1 conformado por la poblaci\u00f3n civil no institucional residente en todo el territorio nacional. \n\nEste cap\u00edtulo va dirigido a todas las personas del hogar.","var_universe_clusion":"I","var_sumstat":[{"value":"7927","type":"vald","wgtd":null},{"value":"84261","type":"invd","wgtd":null},{"value":"1","type":"min","wgtd":null},{"value":"2","type":"max","wgtd":null},{"value":"1.046","type":"mean","wgtd":null},{"value":"0.208","type":"stdev","wgtd":null}],"var_txt":null,"var_catgry":[{"value":"1","labl":"Si","is_missing":null,"stats":[{"value":"7566","type":"freq","wgtd":null}]},{"value":"2","labl":"No","is_missing":null,"stats":[{"value":"361","type":"freq","wgtd":null}]},{"value":"Sysmiss","labl":null,"is_missing":"Y","stats":[{"value":"84261","type":"freq","wgtd":null}]}],"var_codinstr":null,"var_concept":[],"var_format":{"type":"numeric","schema":"other","category":null,"name":null},"var_notes":null,"var_val_range":{"min":"1","max":"2"},"fid":"F30","sid":"196","survey_idno":"DANE-DIRPEN-ENCV-2011"}