{"file_id":"F30","vid":"V2283","name":"P8575","var_intrvl":"discrete","var_dcml":"0","var_wgt":null,"var_is_wgt":null,"loc_start_pos":"219","loc_end_pos":"219","loc_width":"1","loc_rec_seg_no":"1","labl":"\u00bfCu\u00e1l fue la raz\u00f3n principal por la que <...> no recibi\u00f3 atenci\u00f3n m\u00e9dica en el servicio de urgencias?","var_imputation":null,"var_security":"El acceso a microdatos y Mam-up se considera como de tratamiento especial respecto a la reserva estad\u00edstica por tanto estar\u00e1 sujeto a la reglamentaci\u00f3n que para el efecto defina el Comit\u00e9 de Aseguramiento de la reserva estad\u00edstica. Resoluci\u00f3n 173 de 2008","var_resp_unit":"Directo.","var_analysis_unit":null,"var_qstn_preqtxt":"14. \u00bfA <...> le brindaron asistencia m\u00e9dica en el servicio de urgencias para solucionar el problema de salud?\n\n1.\tS\u00ed\n2.\tNo","var_qstn_qstnlit":"15. \u00bfCu\u00e1l fue la raz\u00f3n principal por la que <...> no recibi\u00f3 atenci\u00f3n m\u00e9dica en el servicio de urgencias?\n\n1\tEl caso era leve\n2\tEsper\u00f3 demasiado tiempo y no lo atendieron\n3\tIndicaron que all\u00ed no lo pod\u00edan atender porque no estaba afiliado a alguna entidad que tuviera contrato con ellos.\n4\tNo ten\u00eda identificaci\u00f3n y por eso lo rechazaron.\n5\tIndicaron que deb\u00edan remitirlo a otra instituci\u00f3n prestadora de servicios que tuviera los servicios requeridos para atenderlo\n6\tNo le dieron informaci\u00f3n\n9\tNo sabe\/no responde","var_qstn_postqtxt":"16. \u00bfCu\u00e1nto tiempo transcurri\u00f3 entre el momento de llegar al servicio de urgencias y el momento de ser atendido por personal m\u00e9dico?\n\n1\tLo atendieron inmediatamente\n2\tEn m\u00e1ximo 30 minutos\n3\tEntre 31 minutos y una hora\n4\tM\u00e1s de una hora hasta dos horas\n5\tM\u00e1s de dos horas","var_qstn_ivuinstr":"En los casos que la persona manifieste m\u00e1s de una raz\u00f3n para no haber solicitado o recibido atenci\u00f3n m\u00e9dica en el servicio de urgencias, solic\u00edtele que determine cu\u00e1l fue la m\u00e1s importante.","var_universe":"El universo para la Encuesta de Calidad de Vida est\u00e1 conformado por la poblaci\u00f3n civil no institucional residente en todo el territorio nacional. \n\nEste cap\u00edtulo va dirigido a todas las personas del hogar.","var_universe_clusion":"I","var_sumstat":[{"value":"361","type":"vald","wgtd":null},{"value":"91827","type":"invd","wgtd":null},{"value":"1","type":"min","wgtd":null},{"value":"9","type":"max","wgtd":null},{"value":"2.834","type":"mean","wgtd":null},{"value":"2.119","type":"stdev","wgtd":null}],"var_txt":null,"var_catgry":[{"value":"1","labl":"El caso era leve","is_missing":null,"stats":[{"value":"120","type":"freq","wgtd":null}]},{"value":"2","labl":"Esper\u00f3 demasiado tiempo y no lo atendieron","is_missing":null,"stats":[{"value":"97","type":"freq","wgtd":null}]},{"value":"3","labl":"Indicaron que all\u00ed no lo pod\u00edan atender porque no estaba afiliado a alguna entidad que tuviera contrato con ellos.","is_missing":null,"stats":[{"value":"50","type":"freq","wgtd":null}]},{"value":"4","labl":"No ten\u00eda identificaci\u00f3n y por eso lo rechazaron.","is_missing":null,"stats":[{"value":"12","type":"freq","wgtd":null}]},{"value":"5","labl":"Indicaron que deb\u00edan remitirlo a otra instituci\u00f3n prestadora de servicios que tuviera los servicios requeridos para atenderlo","is_missing":null,"stats":[{"value":"32","type":"freq","wgtd":null}]},{"value":"6","labl":"No le dieron informaci\u00f3n","is_missing":null,"stats":[{"value":"33","type":"freq","wgtd":null}]},{"value":"9","labl":"No sabe\/no responde","is_missing":null,"stats":[{"value":"17","type":"freq","wgtd":null}]},{"value":"Sysmiss","labl":null,"is_missing":"Y","stats":[{"value":"91827","type":"freq","wgtd":null}]}],"var_codinstr":null,"var_concept":[],"var_format":{"type":"numeric","schema":"other","category":null,"name":null},"var_notes":null,"var_val_range":{"min":"1","max":"9"},"fid":"F30","sid":"196","survey_idno":"DANE-DIRPEN-ENCV-2011"}