{"file_id":"F30","vid":"V2292","name":"P8554","var_intrvl":"discrete","var_dcml":"0","var_wgt":null,"var_is_wgt":null,"loc_start_pos":"234","loc_end_pos":"234","loc_width":"1","loc_rec_seg_no":"1","labl":"En general, considera que la calidad de la prestaci\u00f3n del servicio de salud (medicina general, medicina especializada, odontolog\u00eda, et) fue:","var_imputation":null,"var_security":"El acceso a microdatos y Mam-up se considera como de tratamiento especial respecto a la reserva estad\u00edstica por tanto estar\u00e1 sujeto a la reglamentaci\u00f3n que para el efecto defina el Comit\u00e9 de Aseguramiento de la reserva estad\u00edstica. Resoluci\u00f3n 173 de 2008","var_resp_unit":"Directo.","var_analysis_unit":null,"var_qstn_preqtxt":"24. \u00bfCu\u00e1ntos d\u00edas transcurrieron entre el momento de pedir la cita y el momento de la consulta con el especialista?\n\n- N\u00famero de d\u00edas _____","var_qstn_qstnlit":"25. En general, considera que la calidad de la prestaci\u00f3n del servicio de salud (medicina general, medicina especializada, odontolog\u00eda, et) fue:\u201d\n\na.\tMuy buena\t\nb.\tBuena\t\nc.\tMala\t\nd.\tMuy mala","var_qstn_postqtxt":"26. \u00bfCu\u00e1l es el aspecto que m\u00e1s influy\u00f3 en su percepci\u00f3n sobre la calidad de la prestaci\u00f3n del servicio?\n\na. Tr\u00e1mites excesivos y\/o dispendiosos\nb. Mala atenci\u00f3n del personal administrativo y\/o asistencial (m\u00e9dicos, enfermeras, etc.)\nc. Falta de capacidad, conocimientos o habilidad del personal asistencial\nd. Condiciones deficientes de infraestructura, dotaci\u00f3n y\/o mobiliario\ne. Otro,","var_qstn_ivuinstr":"En los casos en los que la persona pas\u00f3 por varias consultas (por ejemplo el m\u00e9dico general lo(a) remiti\u00f3 al especialista), y en cada atenci\u00f3n percibi\u00f3 diferencias en la calidad del servicio, solicite a la persona que evalu\u00e9 la calidad del servicio de manera global (todas las atenciones simult\u00e1neamente).","var_universe":"El universo para la Encuesta de Calidad de Vida est\u00e1 conformado por la poblaci\u00f3n civil no institucional residente en todo el territorio nacional. \n\nEste cap\u00edtulo va dirigido a todas las personas del hogar.","var_universe_clusion":"I","var_sumstat":[{"value":"5436","type":"vald","wgtd":null},{"value":"86752","type":"invd","wgtd":null}],"var_txt":null,"var_catgry":[{"value":"2","labl":"Buena","is_missing":null,"stats":[{"value":"4299","type":"freq","wgtd":null}]},{"value":"3","labl":"Mala","is_missing":null,"stats":[{"value":"628","type":"freq","wgtd":null}]},{"value":"1","labl":"Muy buena","is_missing":null,"stats":[{"value":"447","type":"freq","wgtd":null}]},{"value":"4","labl":"Muy mala","is_missing":null,"stats":[{"value":"62","type":"freq","wgtd":null}]},{"value":"Sysmiss","labl":null,"is_missing":"Y","stats":[{"value":"86752","type":"freq","wgtd":null}]}],"var_codinstr":null,"var_concept":[],"var_format":{"type":"numeric","schema":"other","category":null,"name":null},"var_notes":null,"var_val_range":{"min":null,"max":null},"fid":"F30","sid":"196","survey_idno":"DANE-DIRPEN-ENCV-2011"}