{"file_id":"F30","vid":"V2293","name":"P6152","var_intrvl":"discrete","var_dcml":"0","var_wgt":null,"var_is_wgt":null,"loc_start_pos":"235","loc_end_pos":"235","loc_width":"1","loc_rec_seg_no":"1","labl":"\u00bfCu\u00e1l es el aspecto que m\u00e1s influy\u00f3 en su percepci\u00f3n sobre la calidad de la prestaci\u00f3n del servicio?","var_imputation":null,"var_security":"El acceso a microdatos y Mam-up se considera como de tratamiento especial respecto a la reserva estad\u00edstica por tanto estar\u00e1 sujeto a la reglamentaci\u00f3n que para el efecto defina el Comit\u00e9 de Aseguramiento de la reserva estad\u00edstica. Resoluci\u00f3n 173 de 2008","var_resp_unit":"Directo.","var_analysis_unit":null,"var_qstn_preqtxt":"25. En general, considera que la calidad de la prestaci\u00f3n del servicio de salud (medicina general, medicina especializada, odontolog\u00eda, et) fue:\"\n\na.\tMuy buena\t\nb.\tBuena\t\nc.\tMala\t\nd.\tMuy mala","var_qstn_qstnlit":"26. \u00bfCu\u00e1l es el aspecto que m\u00e1s influy\u00f3 en su percepci\u00f3n sobre la calidad de la prestaci\u00f3n del servicio?\n\n\na. Tr\u00e1mites excesivos y\/o dispendiosos\nb. Mala atenci\u00f3n del personal administrativo y\/o asistencial (m\u00e9dicos, enfermeras, etc.)\nc. Falta de capacidad, conocimientos o habilidad del personal asistencial\nd. Condiciones deficientes de infraestructura, dotaci\u00f3n y\/o mobiliario\ne. Otro,","var_qstn_postqtxt":"26. \u00bfCu\u00e1l es el aspecto que m\u00e1s influy\u00f3 en su percepci\u00f3n sobre la calidad del servicio recibido? - a. Tr\u00e1mites excesivos y\/o dispendiosos\n\n- Cu\u00e1l? ______________","var_qstn_ivuinstr":"Lea la pregunta y espere la respuesta, asigne la que m\u00e1s se aproxime a las opciones, de lo contrario asigne la correspondiente a c\u00f3digo 5. Al igual que en la pregunta anterior, en los casos en que se recibieron varias atenciones o servicios, con diferente calidad, se debe solicitar una evaluaci\u00f3n global de la calidad.","var_universe":"El universo para la Encuesta de Calidad de Vida est\u00e1 conformado por la poblaci\u00f3n civil no institucional residente en todo el territorio nacional. \n\nEste cap\u00edtulo va dirigido a todas las personas del hogar.","var_universe_clusion":"I","var_sumstat":[{"value":"13303","type":"vald","wgtd":null},{"value":"78885","type":"invd","wgtd":null}],"var_txt":null,"var_catgry":[{"value":"2","labl":"Mala atenci\u00f3n del personal administrativo y\/o asistencial ( m\u00e9dicos, enfermeras)","is_missing":null,"stats":[{"value":"6456","type":"freq","wgtd":null}]},{"value":"1","labl":"Tr\u00e1mites excesivos y\/o dispendiosos","is_missing":null,"stats":[{"value":"4386","type":"freq","wgtd":null}]},{"value":"4","labl":"Condiciones deficientes de infraestructura, dotaci\u00f3n y\/o mobiliario","is_missing":null,"stats":[{"value":"918","type":"freq","wgtd":null}]},{"value":"3","labl":"Falta de capacidad, conocimientos o habilidad del personal asistencial","is_missing":null,"stats":[{"value":"795","type":"freq","wgtd":null}]},{"value":"5","labl":"Otro","is_missing":null,"stats":[{"value":"748","type":"freq","wgtd":null}]},{"value":"Sysmiss","labl":null,"is_missing":"Y","stats":[{"value":"78885","type":"freq","wgtd":null}]}],"var_codinstr":null,"var_concept":[],"var_format":{"type":"numeric","schema":"other","category":null,"name":null},"var_notes":null,"var_val_range":{"min":null,"max":null},"fid":"F30","sid":"196","survey_idno":"DANE-DIRPEN-ENCV-2011"}