{"file_id":"F30","vid":"V2353","name":"P8561","var_intrvl":"discrete","var_dcml":"0","var_wgt":null,"var_is_wgt":null,"loc_start_pos":"535","loc_end_pos":"535","loc_width":"1","loc_rec_seg_no":"1","labl":"\u00bfConsidera que la calidad del servicio en esta hospitalizaci\u00f3n fue:","var_imputation":null,"var_security":"El acceso a microdatos y Mam-up se considera como de tratamiento especial respecto a la reserva estad\u00edstica por tanto estar\u00e1 sujeto a la reglamentaci\u00f3n que para el efecto defina el Comit\u00e9 de Aseguramiento de la reserva estad\u00edstica. Resoluci\u00f3n 173 de 2008","var_resp_unit":"Directo.","var_analysis_unit":null,"var_qstn_preqtxt":"Confirme \u00bfCu\u00e1nto Pago En Total \u00bf\u00bf Por Esta Hospitalizacion?","var_qstn_qstnlit":"37. \u00bfConsidera que la calidad del servicio en esta hospitalizaci\u00f3n fue?\n\na. Muy buena\nb. Buena\nc. Mala\nd. Muy mala","var_qstn_postqtxt":"38. Por este problema de salud, \u00bfdurante cu\u00e1ntos d\u00edas en total dej\u00f3 ____de realizar sus actividades normales?\n\nN\u00famero de d\u00edas _____","var_qstn_ivuinstr":"Esta pregunta indaga por percepci\u00f3n de la calidad del servicio de las personas del hogar que fueron hospitalizados en los \u00faltimos 12 meses Lea la pregunta, espere la respuesta.","var_universe":"El universo para la Encuesta de Calidad de Vida est\u00e1 conformado por la poblaci\u00f3n civil no institucional residente en todo el territorio nacional. \n\nEste cap\u00edtulo va dirigido a todas las personas del hogar.","var_universe_clusion":"I","var_sumstat":[{"value":"6562","type":"vald","wgtd":null},{"value":"85626","type":"invd","wgtd":null}],"var_txt":null,"var_catgry":[{"value":"2","labl":"Buena","is_missing":null,"stats":[{"value":"5070","type":"freq","wgtd":null}]},{"value":"1","labl":"Muy buena","is_missing":null,"stats":[{"value":"863","type":"freq","wgtd":null}]},{"value":"3","labl":"Mala","is_missing":null,"stats":[{"value":"571","type":"freq","wgtd":null}]},{"value":"4","labl":"Muy mala","is_missing":null,"stats":[{"value":"58","type":"freq","wgtd":null}]},{"value":"Sysmiss","labl":null,"is_missing":"Y","stats":[{"value":"85626","type":"freq","wgtd":null}]}],"var_codinstr":null,"var_concept":[],"var_format":{"type":"numeric","schema":"other","category":null,"name":null},"var_notes":null,"var_val_range":{"min":null,"max":null},"fid":"F30","sid":"196","survey_idno":"DANE-DIRPEN-ENCV-2011"}