{"file_id":"F30","vid":"V2364","name":"P6199","var_intrvl":"discrete","var_dcml":"0","var_wgt":null,"var_is_wgt":null,"loc_start_pos":"228","loc_end_pos":"228","loc_width":"1","loc_rec_seg_no":"1","labl":"\u00bfCu\u00e1ntos d\u00edas transcurrieron entre el momento de pedir la cita y el momento de la consulta con el medico general u odont\u00f3logo?","var_imputation":null,"var_security":"El acceso a microdatos y Mam-up se considera como de tratamiento especial respecto a la reserva estad\u00edstica por tanto estar\u00e1 sujeto a la reglamentaci\u00f3n que para el efecto defina el Comit\u00e9 de Aseguramiento de la reserva estad\u00edstica. Resoluci\u00f3n 173 de 2008","var_resp_unit":"Directo.","var_analysis_unit":null,"var_qstn_preqtxt":"21. \u00bfCu\u00e1l fue la raz\u00f3n principal por la que ____ no solicit\u00f3 o no recibi\u00f3 atenci\u00f3n m\u00e9dica?\n\na. El caso era leve\nb. No tuvo tiempo\nc. El centro de atenci\u00f3n queda lejos\nd. Falta de dinero\ne. Mal servicio o cita distanciada en el tiempo\nf. No lo atendieron\ng. No conf\u00eda en los m\u00e9dicos\nh. Consult\u00f3 antes y no le resolvieron el problema\ni. Muchos tr\u00e1mites para la cita","var_qstn_qstnlit":"22. \u00bfCuantos d\u00edas transcurrieron entre el momento de pedir la cita y el momento de la consulta con el m\u00e9dico general u odont\u00f3logo?","var_qstn_postqtxt":"No. de d\u00edas","var_qstn_ivuinstr":"Busca establecer el n\u00famero de d\u00edas que la persona debi\u00f3 esperar para recibir atenci\u00f3n de un m\u00e9dico general u odont\u00f3logo, contando desde el momento de solicitud de la cita hasta el d\u00eda en el que lo atendi\u00f3 el m\u00e9dico general u odont\u00f3logo.\nRegistre el N\u00ba de d\u00edas que declare la persona. Si fue atendido el mismo d\u00eda que solicit\u00f3 la cita, escriba 00. Si la persona no pas\u00f3 por m\u00e9dico general u odont\u00f3logo, escriba el c\u00f3digo 88.","var_universe":"El universo para la Encuesta de Calidad de Vida est\u00e1 conformado por la poblaci\u00f3n civil no institucional residente en todo el territorio nacional. \n\nEste cap\u00edtulo va dirigido a todas las personas del hogar.","var_universe_clusion":"I","var_sumstat":[{"value":"5436","type":"vald","wgtd":null},{"value":"86752","type":"invd","wgtd":null},{"value":"1","type":"min","wgtd":null},{"value":"3","type":"max","wgtd":null},{"value":"1.279","type":"mean","wgtd":null},{"value":"0.61","type":"stdev","wgtd":null}],"var_txt":"Medicina general: a trav\u00e9s de este servicio el paciente es atendido por un m\u00e9dico general u odont\u00f3logo siempre que lo requiera, por una molestia de salud, ocasional o no, un control de salud, gripa, etc., o para determinar si debe ser tratado por un especialista.","var_catgry":[{"value":"1","labl":"Medico general","is_missing":null,"stats":[{"value":"4383","type":"freq","wgtd":null}]},{"value":"2","labl":"Odont\u00f3logo","is_missing":null,"stats":[{"value":"589","type":"freq","wgtd":null}]},{"value":"3","labl":"Acudi\u00f3 directo al especialista","is_missing":null,"stats":[{"value":"464","type":"freq","wgtd":null}]},{"value":"Sysmiss","labl":null,"is_missing":"Y","stats":[{"value":"86752","type":"freq","wgtd":null}]}],"var_codinstr":null,"var_concept":[],"var_format":{"type":"numeric","schema":"other","category":null,"name":null},"var_notes":null,"var_val_range":{"min":"1","max":"3"},"fid":"F30","sid":"196","survey_idno":"DANE-DIRPEN-ENCV-2011"}