{"file_id":"F30","vid":"V2365","name":"P6252","var_intrvl":"discrete","var_dcml":"0","var_wgt":null,"var_is_wgt":null,"loc_start_pos":"113","loc_end_pos":"113","loc_width":"1","loc_rec_seg_no":"1","labl":"\u00bfCu\u00e1l es el aspecto que m\u00e1s INFLUYE en su percepci\u00f3n sobre la calidad del servicio recibido de la entidad en la cual se encuentra afiliado(a)?","var_imputation":null,"var_security":"El acceso a microdatos y Mam-up se considera como de tratamiento especial respecto a la reserva estad\u00edstica por tanto estar\u00e1 sujeto a la reglamentaci\u00f3n que para el efecto defina el Comit\u00e9 de Aseguramiento de la reserva estad\u00edstica. Resoluci\u00f3n 173 de 2008","var_resp_unit":"Directo.","var_analysis_unit":null,"var_qstn_preqtxt":"6. En general, considera que la calidad del servicio de la entidad de seguridad social en salud a la que <...> est\u00e1 afiliado(a) es:\n\n1\tMuy buena\n2\tBuena\n3\tMala\n4\tMuy mala\n5\tNo sabe","var_qstn_qstnlit":"7. \u00bfCu\u00e1l es el aspecto que m\u00e1s INFLUYE en su percepci\u00f3n sobre la calidad del servicio recibido de la entidad en la cual se encuentra afiliado(a)?\n\n1 Tramites excesivos y \/o dispendiosos\n2 Mala atenci\u00f3n del personal administrativo y\/o asistencial (m\u00e9dicos, enfermeras, et)\t\n3 Falta de capacidad, conocimientos o habilidad del personal asistencial\t\n4 Condiciones deficientes de infraestructur, dotaci\u00f3n y\/o mobiliario\t\n5 Otro","var_qstn_postqtxt":null,"var_qstn_ivuinstr":"Busca establecer en opini\u00f3n de la persona, cu\u00e1l fue el aspecto que m\u00e1s influy\u00f3 para calificar la calidad del servicio como mala o muy mala.","var_universe":"El universo para la Encuesta de Calidad de Vida est\u00e1 conformado por la poblaci\u00f3n civil no institucional residente en todo el territorio nacional. \n\nEste cap\u00edtulo va dirigido a todas las personas del hogar.","var_universe_clusion":"I","var_sumstat":[{"value":"623","type":"vald","wgtd":null},{"value":"91565","type":"invd","wgtd":null},{"value":"1","type":"min","wgtd":null},{"value":"5","type":"max","wgtd":null},{"value":"2.252","type":"mean","wgtd":null},{"value":"1.173","type":"stdev","wgtd":null}],"var_txt":null,"var_catgry":[{"value":"1","labl":"Tramites excesivos y \/o dispendiosos","is_missing":null,"stats":[{"value":"172","type":"freq","wgtd":null}]},{"value":"2","labl":"Mala atenci\u00f3n del personal administrativo y\/o asistencial (m\u00e9dicos, enfermeras, et)","is_missing":null,"stats":[{"value":"266","type":"freq","wgtd":null}]},{"value":"3","labl":"Falta de capacidad, conocimientos o habilidad del personal asistencial","is_missing":null,"stats":[{"value":"94","type":"freq","wgtd":null}]},{"value":"4","labl":"Condiciones deficientes de infraestructur, dotaci\u00f3n y\/o mobiliario","is_missing":null,"stats":[{"value":"38","type":"freq","wgtd":null}]},{"value":"5","labl":"Otro","is_missing":null,"stats":[{"value":"53","type":"freq","wgtd":null}]},{"value":"Sysmiss","labl":null,"is_missing":"Y","stats":[{"value":"91565","type":"freq","wgtd":null}]}],"var_codinstr":null,"var_concept":[],"var_format":{"type":"numeric","schema":"other","category":null,"name":null},"var_notes":null,"var_val_range":{"min":"1","max":"5"},"fid":"F30","sid":"196","survey_idno":"DANE-DIRPEN-ENCV-2011"}