{"file_id":"F34","vid":"V2639","name":"P8827","var_intrvl":"discrete","var_dcml":"0","var_wgt":null,"var_is_wgt":null,"loc_start_pos":"14","loc_end_pos":"14","loc_width":"1","loc_rec_seg_no":"1","labl":"\u00bfEn esta finca, tierra o parcela se encuentra construida la vivienda del hogar?","var_imputation":null,"var_security":"El acceso a microdatos y Mam-up se considera como de tratamiento especial respecto a la reserva estad\u00edstica por tanto estar\u00e1 sujeto a la reglamentaci\u00f3n que para el efecto defina el Comit\u00e9 de Aseguramiento de la reserva estad\u00edstica. Resoluci\u00f3n 173 de 2008.","var_resp_unit":"Directo.","var_analysis_unit":null,"var_qstn_preqtxt":null,"var_qstn_qstnlit":"20. \u00bfEn esta finca, tierra o parcela se encuentra construida la vivienda del hogar?\n1\tSi\n2\tNo","var_qstn_postqtxt":"21. \u00bfCu\u00e1l es el \u00e1rea aproximada de la finca, tierra o parcela?","var_qstn_ivuinstr":"Si el hogar tiene m\u00e1s de una finca, solo se debe ser respondida con la opci\u00f3n \"1. SI\" para una de las fincas.","var_universe":"El universo para la Encuesta de Calidad de Vida est\u00e1 conformado por la poblaci\u00f3n civil no institucional residente en todo el territorio nacional.\n\nVa dirigido a todos los hogares con fincas, tierras o parcelas propias, en arriendo, en aparcer\u00eda, en usufructo o poseci\u00f3n de hecho.","var_universe_clusion":"I","var_sumstat":[{"value":"5181","type":"vald","wgtd":null},{"value":"0","type":"invd","wgtd":null},{"value":"1","type":"min","wgtd":null},{"value":"2","type":"max","wgtd":null},{"value":"1.483","type":"mean","wgtd":null},{"value":"0.5","type":"stdev","wgtd":null}],"var_txt":null,"var_catgry":[{"value":"1","labl":"Si","is_missing":null,"stats":[{"value":"2681","type":"freq","wgtd":null}]},{"value":"2","labl":"No","is_missing":null,"stats":[{"value":"2500","type":"freq","wgtd":null}]}],"var_codinstr":null,"var_concept":[],"var_format":{"type":"numeric","schema":"other","category":null,"name":null},"var_notes":null,"var_val_range":{"min":"1","max":"2"},"fid":"F34","sid":"196","survey_idno":"DANE-DIRPEN-ENCV-2011"}