{"file_id":"F34","vid":"V2648","name":"P8840","var_intrvl":"discrete","var_dcml":"0","var_wgt":null,"var_is_wgt":null,"loc_start_pos":"48","loc_end_pos":"48","loc_width":"1","loc_rec_seg_no":"1","labl":"Cu\u00e1l fue el motivo principal por el que no realiz\u00f3 labores agr\u00edcolas, forestales o pecuarias?","var_imputation":null,"var_security":"El acceso a microdatos y Mam-up se considera como de tratamiento especial respecto a la reserva estad\u00edstica por tanto estar\u00e1 sujeto a la reglamentaci\u00f3n que para el efecto defina el Comit\u00e9 de Aseguramiento de la reserva estad\u00edstica. Resoluci\u00f3n 173 de 2008.","var_resp_unit":"Directo.","var_analysis_unit":null,"var_qstn_preqtxt":"30. Durante los \u00faltimos 12 meses \u00bfalguno de los miembros del hogar realiz\u00f3 labores agr\u00edcolas, forestales y pecuarias en esta finca, tierra o parcela?\n\n1\tSi\n2\tNo","var_qstn_qstnlit":"31. \u00bfCu\u00e1l fue el motivo principal por el que no realiz\u00f3 labores agr\u00edcolas, forestales o pecuarias?\n\n1\tLas ganancias que obten\u00eda de la producci\u00f3n de la finca, tierra o parcela eran muy bajas\n2\tProblemas de salud o familiares\n3\tAmenaza o riesgo para su vida, su libertad o su integridad f\u00edsica, ocasionada por la violencia\n4\tRiesgo o desastre natural\n5\tFalta de financiamiento, asistencia t\u00e9cnica o mano de obra","var_qstn_postqtxt":"32. En este momento la finca est\u00e1:\n\n1\tDada en arriendo\n2\tDada en aparcer\u00eda\n3\tCedida o dada en usufructo (medianer\u00eda, comodato, etc)\n4\tAbandonada\n5\tEn posesi\u00f3n (algui\u00e9n la usa sin su consentimiento)\n6\tEn ning\u00fan uso","var_qstn_ivuinstr":"Esta pregunta pretende conocer la raz\u00f3n fundamental por la cual las tierras de propiedad del hogar no han sido utilizadas por sus miembros en actividades agropecuarias.","var_universe":"El universo para la Encuesta de Calidad de Vida est\u00e1 conformado por la poblaci\u00f3n civil no institucional residente en todo el territorio nacional.\n\nVa dirigido a todos los hogares con fincas, tierras o parcelas propias, en arriendo, en aparcer\u00eda, en usufructo o poseci\u00f3n de hecho.","var_universe_clusion":"I","var_sumstat":[{"value":"975","type":"vald","wgtd":null},{"value":"4206","type":"invd","wgtd":null},{"value":"1","type":"min","wgtd":null},{"value":"5","type":"max","wgtd":null},{"value":"3.067","type":"mean","wgtd":null},{"value":"1.713","type":"stdev","wgtd":null}],"var_txt":null,"var_catgry":[{"value":"1","labl":"Las ganancias que obten\u00eda de la producci\u00f3n de la finca, tierra o parcela eran muy bajas","is_missing":null,"stats":[{"value":"270","type":"freq","wgtd":null}]},{"value":"2","labl":"Problemas de salud o familiares","is_missing":null,"stats":[{"value":"217","type":"freq","wgtd":null}]},{"value":"3","labl":"Amenaza o riesgo para su vida, su libertad o su integridad f\u00edsica, ocasionada por la violencia","is_missing":null,"stats":[{"value":"38","type":"freq","wgtd":null}]},{"value":"4","labl":"Riesgo o desastre natural","is_missing":null,"stats":[{"value":"78","type":"freq","wgtd":null}]},{"value":"5","labl":"Falta de financiamiento, asistencia t\u00e9cnica o mano de obra","is_missing":null,"stats":[{"value":"372","type":"freq","wgtd":null}]},{"value":"Sysmiss","labl":null,"is_missing":"Y","stats":[{"value":"4206","type":"freq","wgtd":null}]}],"var_codinstr":null,"var_concept":[],"var_format":{"type":"numeric","schema":"other","category":null,"name":null},"var_notes":null,"var_val_range":{"min":"1","max":"5"},"fid":"F34","sid":"196","survey_idno":"DANE-DIRPEN-ENCV-2011"}