{"file_id":"F39","vid":"V3069","name":"P8562","var_intrvl":"discrete","var_dcml":"0","var_wgt":null,"var_is_wgt":null,"loc_start_pos":"81","loc_end_pos":"81","loc_width":"1","loc_rec_seg_no":"1","labl":"Cual es la raz\u00f3n principal por la cual________ no asiste a una guarder\u00eda, hogar comunitario o jard\u00edn?","var_imputation":null,"var_security":"El acceso a microdatos y Mam-up se considera como de tratamiento especial respecto a la reserva estad\u00edstica por tanto estar\u00e1 sujeto a la reglamentaci\u00f3n que para el efecto defina el Comit\u00e9 de Aseguramiento de la reserva estad\u00edstica. Resoluci\u00f3n 173 de 2008.","var_resp_unit":"Directo.","var_analysis_unit":null,"var_qstn_preqtxt":"\u00bfCu\u00e1l?","var_qstn_qstnlit":"2. \u00bfCu\u00e1l es la raz\u00f3n principal por la que _____ no asiste a una guarder\u00eda, hogar comunitario o jardin?\n\na. No hay una instituci\u00f3n cercana\nb. Es muy costoso\nc. No encontr\u00f3 cupo\nd. Prefiere que no asista todav\u00eda\ne. Tiene un familiar en la casa que lo cuida\nf. Considera que no est\u00e1 en edad de asistir o es recien nacido\ng. Otra, \u00bfcu\u00e1l?","var_qstn_postqtxt":"2. \u00bfCu\u00e1l es la raz\u00f3n principal por la que _____ no asiste a una guarder\u00eda, hogar comunitario o jardin? - g. Otra,\n\n- \u00bfcu\u00e1l? _________________","var_qstn_ivuinstr":"Lea la pregunta y espera la respuesta.\n\nEn el caso que el encuestado en la pregunta F1 responde la opci\u00f3n 4 \u201ccon la empleada o ni\u00f1era de la casa\u201d, y en la Pregunta 2 responde que el ni\u00f1o si asiste a una guarder\u00eda pero tan solo 2 horas al d\u00eda, se debe responder la opci\u00f3n 7 \u201cOtra \u00bfCu\u00e1l?\u201d y  especificar que el ni\u00f1o asiste 2 horas solamente.","var_universe":"Calidad de Vida est\u00e1 conformado por la poblaci\u00f3n civil no institucional residente en todo el territorio nacional.\n\nEste cap\u00edtulo esta dirigido a los ni\u00f1os y ni\u00f1as menores de cinco a\u00f1os.","var_universe_clusion":"I","var_sumstat":[{"value":"5811","type":"vald","wgtd":null},{"value":"2585","type":"invd","wgtd":null}],"var_txt":null,"var_catgry":[{"value":"1","labl":"No hay una instituci\u00f3n cercana","is_missing":null,"stats":[{"value":"713","type":"freq","wgtd":null}]},{"value":"2","labl":"Es muy costoso","is_missing":null,"stats":[{"value":"112","type":"freq","wgtd":null}]},{"value":"3","labl":"No encontr\u00f3 cupo","is_missing":null,"stats":[{"value":"226","type":"freq","wgtd":null}]},{"value":"4","labl":"Prefiere que no asista todav\u00eda","is_missing":null,"stats":[{"value":"1111","type":"freq","wgtd":null}]},{"value":"5","labl":"Tiene un familiar en la casa que lo cuida","is_missing":null,"stats":[{"value":"419","type":"freq","wgtd":null}]},{"value":"6","labl":"Considera que no est\u00e1 en edad de asistir o es recien nacido","is_missing":null,"stats":[{"value":"2997","type":"freq","wgtd":null}]},{"value":"7","labl":"Otra, \u00bfcu\u00e1l?","is_missing":null,"stats":[{"value":"233","type":"freq","wgtd":null}]},{"value":"Sysmiss","labl":null,"is_missing":"Y","stats":[{"value":"2585","type":"freq","wgtd":null}]}],"var_codinstr":null,"var_concept":[],"var_format":{"type":"numeric","schema":"other","category":null,"name":null},"var_notes":null,"var_val_range":{"min":null,"max":null},"fid":"F39","sid":"196","survey_idno":"DANE-DIRPEN-ENCV-2011"}