{"file_id":"F39","vid":"V3070","name":"P8562S1","var_intrvl":"discrete","var_dcml":null,"var_wgt":null,"var_is_wgt":null,"loc_start_pos":"82","loc_end_pos":"160","loc_width":"79","loc_rec_seg_no":"1","labl":"Cu\u00e1l?","var_imputation":null,"var_security":"El acceso a microdatos y Mam-up se considera como de tratamiento especial respecto a la reserva estad\u00edstica por tanto estar\u00e1 sujeto a la reglamentaci\u00f3n que para el efecto defina el Comit\u00e9 de Aseguramiento de la reserva estad\u00edstica. Resoluci\u00f3n 173 de 2008.","var_resp_unit":"Directo.","var_analysis_unit":null,"var_qstn_preqtxt":"2. \u00bfCu\u00e1l es la raz\u00f3n principal por la que _____ no asiste a una guarder\u00eda, hogar comunitario o jardin?\n\na. No hay una instituci\u00f3n cercana\nb. Es muy costoso\nc. No encontr\u00f3 cupo\nd. Prefiere que no asista todav\u00eda\ne. Tiene un familiar en la casa que lo cuida\nf. Considera que no est\u00e1 en edad de asistir o es recien nacido\ng. Otra, \u00bfcu\u00e1l?","var_qstn_qstnlit":"2. \u00bfCu\u00e1l es la raz\u00f3n principal por la que _____ no asiste a una guarder\u00eda, hogar comunitario o jardin? - g. Otra,\n\n- \u00bfcu\u00e1l? _________________","var_qstn_postqtxt":"3. \u00bfA qu\u00e9 tipo de hogar comunitario, guarder\u00eda o jard\u00edn asiste?\n\na. Hogar comunitario de Bienestar Familiar\nb. Guarder\u00eda hogar infantil o jard\u00edn de Bienestar Familiar\nc. Otra guarder\u00eda \u00f3 jard\u00edn oficial\nd. Guarder\u00eda o jard\u00edn privado","var_qstn_ivuinstr":"Lea la pregunta y espera la respuesta.","var_universe":"Calidad de Vida est\u00e1 conformado por la poblaci\u00f3n civil no institucional residente en todo el territorio nacional.\n\nEste cap\u00edtulo esta dirigido a los ni\u00f1os y ni\u00f1as menores de cinco a\u00f1os.","var_universe_clusion":"I","var_sumstat":[{"value":"233","type":"vald","wgtd":null},{"value":"0","type":"invd","wgtd":null}],"var_txt":null,"var_catgry":[{"value":"A LA NI\u00d1A NO LE GUSTA IR A LA GUARDERIA","labl":null,"is_missing":null,"stats":[{"value":"1","type":"freq","wgtd":null}]},{"value":"A LA NI\u00d1A NO LE GUSTO EL LUGAR","labl":null,"is_missing":null,"stats":[{"value":"1","type":"freq","wgtd":null}]},{"value":"AL NI\u00d1O NO LE GUSTA","labl":null,"is_missing":null,"stats":[{"value":"1","type":"freq","wgtd":null}]},{"value":"AL NI\u00d1O NO LE GUSTA ASISTIR AL JARDIN","labl":null,"is_missing":null,"stats":[{"value":"1","type":"freq","wgtd":null}]},{"value":"AL PADRE NO LE GUSTA QUE ASISTA A GUARDERIA","labl":null,"is_missing":null,"stats":[{"value":"1","type":"freq","wgtd":null}]},{"value":"AL PADRE NO LE GUSTA QUE ASISTA A GUARDERIAS","labl":null,"is_missing":null,"stats":[{"value":"1","type":"freq","wgtd":null}]},{"value":"ASISTE","labl":null,"is_missing":null,"stats":[{"value":"1","type":"freq","wgtd":null}]},{"value":"ASISTE   A   GUARDERIA","labl":null,"is_missing":null,"stats":[{"value":"1","type":"freq","wgtd":null}]},{"value":"ASISTE  AL   COLEGIO","labl":null,"is_missing":null,"stats":[{"value":"1","type":"freq","wgtd":null}]},{"value":"ASISTE  SOLO 4 HORAS SEMANALES","labl":null,"is_missing":null,"stats":[{"value":"1","type":"freq","wgtd":null}]},{"value":"ASISTE 4 HORAS A UN HOGAR DE BIENESTAR FAMILIAR","labl":null,"is_missing":null,"stats":[{"value":"1","type":"freq","wgtd":null}]},{"value":"ASISTE A JARDIN CINCO HORAS AL DIA Y EL RESTO CON LA MAMA","labl":null,"is_missing":null,"stats":[{"value":"1","type":"freq","wgtd":null}]},{"value":"ASISTE A JARDIN POR 4 HORAS DIARIAS","labl":null,"is_missing":null,"stats":[{"value":"1","type":"freq","wgtd":null}]},{"value":"ASISTE A LA GUARDERIA CINCO HORAS DIARIAS","labl":null,"is_missing":null,"stats":[{"value":"1","type":"freq","wgtd":null}]},{"value":"ASISTE A LA GUARDERIA POR POCAS HORAS AL DIA","labl":null,"is_missing":null,"stats":[{"value":"1","type":"freq","wgtd":null}]},{"value":"ASISTE A UN  COLEGIO","labl":null,"is_missing":null,"stats":[{"value":"1","type":"freq","wgtd":null}]},{"value":"ASISTE A UN COLEGIO PRIVADO","labl":null,"is_missing":null,"stats":[{"value":"1","type":"freq","wgtd":null}]},{"value":"ASISTE AL COLEGIO","labl":null,"is_missing":null,"stats":[{"value":"1","type":"freq","wgtd":null}]},{"value":"ASISTE AL JARDIN","labl":null,"is_missing":null,"stats":[{"value":"1","type":"freq","wgtd":null}]},{"value":"ASISTE AL JARDIN 4 HORAS DIARIAS","labl":null,"is_missing":null,"stats":[{"value":"1","type":"freq","wgtd":null}]},{"value":"ASISTE ALCOLEGIO","labl":null,"is_missing":null,"stats":[{"value":"1","type":"freq","wgtd":null}]},{"value":"ASISTIO UN TIEMPO PERO ESO NO ERA PERMANENTE (HOGAR COMUNITARIO) .","labl":null,"is_missing":null,"stats":[{"value":"1","type":"freq","wgtd":null}]},{"value":"CAMBIARON DE RESIDENCIA","labl":null,"is_missing":null,"stats":[{"value":"1","type":"freq","wgtd":null}]},{"value":"CAMBIO DE CIUDAD","labl":null,"is_missing":null,"stats":[{"value":"2","type":"freq","wgtd":null}]},{"value":"CAMBIO DE RECIDENCIA","labl":null,"is_missing":null,"stats":[{"value":"1","type":"freq","wgtd":null}]},{"value":"CAMBIO DE RESIDENCIA","labl":null,"is_missing":null,"stats":[{"value":"2","type":"freq","wgtd":null}]},{"value":"CAMBIO DE VIVIENDA","labl":null,"is_missing":null,"stats":[{"value":"1","type":"freq","wgtd":null}]},{"value":"COLEGIO","labl":null,"is_missing":null,"stats":[{"value":"1","type":"freq","wgtd":null}]},{"value":"COMPA\u00d1ERO LE PEGO POR EL OJO Y NO QUISO ASITIR MAS AL COLEGIO","labl":null,"is_missing":null,"stats":[{"value":"1","type":"freq","wgtd":null}]},{"value":"CONSIDERA QUE EL JARDIN DONDE SE ENCONTRABA NO PRESTA EL SERVICIO ESPERADO","labl":null,"is_missing":null,"stats":[{"value":"1","type":"freq","wgtd":null}]},{"value":"CUIDADO DEFICIENTE DE LOS NI\u00d1OS EN LOS HOGARES COMUNITARIOS EXISTENTES","labl":null,"is_missing":null,"stats":[{"value":"1","type":"freq","wgtd":null}]},{"value":"DECIDIO NO VOLVER A IR","labl":null,"is_missing":null,"stats":[{"value":"1","type":"freq","wgtd":null}]},{"value":"DESCONFIA DEL CUIDADO QUE LE DAN A LOS NINOS EN LOS JARDINES","labl":null,"is_missing":null,"stats":[{"value":"1","type":"freq","wgtd":null}]},{"value":"DESCONFIANZA EN EL BUEN CUIDADO DEL NI\u00d1O","labl":null,"is_missing":null,"stats":[{"value":"1","type":"freq","wgtd":null}]},{"value":"DEVIDO A LA EDAD DEL MENOR TODAVIA NO LO ACEPTAN  EN LA ESCUELA","labl":null,"is_missing":null,"stats":[{"value":"1","type":"freq","wgtd":null}]},{"value":"EDUCACION MEJOR, INSTALACIONES AMPLIAS","labl":null,"is_missing":null,"stats":[{"value":"1","type":"freq","wgtd":null}]},{"value":"EL  ESPOSO  DE LA PROFESORA LE PEGO  LE DA MIEDO IR  AL HOGAR COMUNITARIO","labl":null,"is_missing":null,"stats":[{"value":"1","type":"freq","wgtd":null}]},{"value":"EL ABUELO NO LE GUSTA","labl":null,"is_missing":null,"stats":[{"value":"1","type":"freq","wgtd":null}]},{"value":"EL ACCESO ES DEMASIADO DISPENCIOSO","labl":null,"is_missing":null,"stats":[{"value":"1","type":"freq","wgtd":null}]},{"value":"EL COLEGIO DONDE LO QUIEREN INGRESAR LO ACEPTARA A PARTIR DE LOS 4 A\u00d1OS","labl":null,"is_missing":null,"stats":[{"value":"1","type":"freq","wgtd":null}]},{"value":"EL HOGAR DONDE VIVE ES SU HOGAR SUSTITUTO","labl":null,"is_missing":null,"stats":[{"value":"1","type":"freq","wgtd":null}]},{"value":"EL NINO ESTA MUY APEGADO A LOS PADRES Y SUFRIRIA EN UN JARDIN","labl":null,"is_missing":null,"stats":[{"value":"1","type":"freq","wgtd":null}]},{"value":"EL NI\u00d1O ASISTE  SOLO 2 A LA GUARDERIA","labl":null,"is_missing":null,"stats":[{"value":"1","type":"freq","wgtd":null}]},{"value":"EL NI\u00d1O NO QUIERE IR","labl":null,"is_missing":null,"stats":[{"value":"1","type":"freq","wgtd":null}]},{"value":"EL NI\u00d1O SANTIAGO ASISTE A UN COLEGIO QUE SE LLAMA SANTARITA DE CASIA","labl":null,"is_missing":null,"stats":[{"value":"1","type":"freq","wgtd":null}]},{"value":"EL PADRE MANIFIESTA QUE EN EL JARDIN LOS MALTRATAN Y POR ESA RAZON NO ASISTE","labl":null,"is_missing":null,"stats":[{"value":"1","type":"freq","wgtd":null}]},{"value":"EL PAPA LA RETIRO DE LA GUARDERIA","labl":null,"is_missing":null,"stats":[{"value":"1","type":"freq","wgtd":null}]},{"value":"EL SERVICIO DE GUARDERIA NO ES EL ADECUADO","labl":null,"is_missing":null,"stats":[{"value":"1","type":"freq","wgtd":null}]},{"value":"ELLA ESTA CURSANDO QUINDER","labl":null,"is_missing":null,"stats":[{"value":"1","type":"freq","wgtd":null}]},{"value":"ELLA SI ASISTE AL JARDIN PERO  SOLO ASISTE 5 HORAS Y TODOS LOS DIAS NO LA LLEVA","labl":null,"is_missing":null,"stats":[{"value":"1","type":"freq","wgtd":null}]},{"value":"EN  EL  COLEGIO  NO HAY  PRE -  ESCOLAR","labl":null,"is_missing":null,"stats":[{"value":"1","type":"freq","wgtd":null}]},{"value":"EN  EL  COLEGIO  NO HAY  PREESCOLAR","labl":null,"is_missing":null,"stats":[{"value":"1","type":"freq","wgtd":null}]},{"value":"EN  LA CASA QUE HABITA HAY  UN HOGAR  DEL ICBF","labl":null,"is_missing":null,"stats":[{"value":"1","type":"freq","wgtd":null}]},{"value":"EN LA ESCULA NO LA RECIBEN POR LA EDAD","labl":null,"is_missing":null,"stats":[{"value":"1","type":"freq","wgtd":null}]},{"value":"EN LA GUARDERIA NO LO RECIBEN POR NO TENER LA EDAD","labl":null,"is_missing":null,"stats":[{"value":"1","type":"freq","wgtd":null}]},{"value":"ENFEREMO DE RESPIRACION","labl":null,"is_missing":null,"stats":[{"value":"1","type":"freq","wgtd":null}]},{"value":"ENFERMEDAD","labl":null,"is_missing":null,"stats":[{"value":"4","type":"freq","wgtd":null}]},{"value":"ES ENFERMIZA","labl":null,"is_missing":null,"stats":[{"value":"1","type":"freq","wgtd":null}]},{"value":"ES ENFERMIZA Y LE TOCO SALIRSE DEL HOGAR","labl":null,"is_missing":null,"stats":[{"value":"1","type":"freq","wgtd":null}]},{"value":"ES UNA NI\u00d1A CIEGA","labl":null,"is_missing":null,"stats":[{"value":"1","type":"freq","wgtd":null}]},{"value":"ESPERA QUE LO ADMITAN EN ELHOGAR INFANTIL","labl":null,"is_missing":null,"stats":[{"value":"1","type":"freq","wgtd":null}]},{"value":"ESTA   EN  LA  ESCUELA   EN   GRADO  CERO","labl":null,"is_missing":null,"stats":[{"value":"1","type":"freq","wgtd":null}]},{"value":"ESTA ASISTIENDO A COLEGIO","labl":null,"is_missing":null,"stats":[{"value":"1","type":"freq","wgtd":null}]},{"value":"ESTA ASISTIENDO A PREESCOLAR","labl":null,"is_missing":null,"stats":[{"value":"1","type":"freq","wgtd":null}]},{"value":"ESTA COMO ASISTENTE A LA ESCUELA DE LA VEREDA","labl":null,"is_missing":null,"stats":[{"value":"1","type":"freq","wgtd":null}]},{"value":"ESTA EN ESPERA DEL PROXIMO CICLO LECTIVO","labl":null,"is_missing":null,"stats":[{"value":"1","type":"freq","wgtd":null}]},{"value":"ESTA EN PREJARDIN","labl":null,"is_missing":null,"stats":[{"value":"1","type":"freq","wgtd":null}]},{"value":"ESTA EN PRESCOLAR EN EL NIVEL JARDIN","labl":null,"is_missing":null,"stats":[{"value":"1","type":"freq","wgtd":null}]},{"value":"ESTA EN PROGRAMA DE PRIMERA INFANCIA","labl":null,"is_missing":null,"stats":[{"value":"1","type":"freq","wgtd":null}]},{"value":"ESTA ESPERANDO LA EDAD PARA INGRESAR A LA ESCUELA","labl":null,"is_missing":null,"stats":[{"value":"1","type":"freq","wgtd":null}]},{"value":"ESTA ESTUDIANDO EN GRADO CERO","labl":null,"is_missing":null,"stats":[{"value":"1","type":"freq","wgtd":null}]},{"value":"ESTA ESTUDIANDO EN NIVEL JARDIN","labl":null,"is_missing":null,"stats":[{"value":"1","type":"freq","wgtd":null}]},{"value":"ESTA MATRICULADA EN UN COLEGIO DE PRIMARIA","labl":null,"is_missing":null,"stats":[{"value":"1","type":"freq","wgtd":null}]},{"value":"ESTA MATRICULADO INICIA EL A\u00d1O 2012","labl":null,"is_missing":null,"stats":[{"value":"1","type":"freq","wgtd":null}]},{"value":"ESTABA ENFERMITO DE GRIPA","labl":null,"is_missing":null,"stats":[{"value":"1","type":"freq","wgtd":null}]},{"value":"ESTAN HACIENDO LOS TRAMITES","labl":null,"is_missing":null,"stats":[{"value":"1","type":"freq","wgtd":null}]},{"value":"ESTUDIA AUNQUE NO TENGA EL MINIMO DE EDAD  ESTABLECIDO","labl":null,"is_missing":null,"stats":[{"value":"1","type":"freq","wgtd":null}]},{"value":"FALTA DE DINERO","labl":null,"is_missing":null,"stats":[{"value":"3","type":"freq","wgtd":null}]},{"value":"FALTA DE DOCUMENTOS","labl":null,"is_missing":null,"stats":[{"value":"1","type":"freq","wgtd":null}]},{"value":"H C","labl":null,"is_missing":null,"stats":[{"value":"1","type":"freq","wgtd":null}]},{"value":"HASTA QUE NO CONTROLE ESFINTER","labl":null,"is_missing":null,"stats":[{"value":"1","type":"freq","wgtd":null}]},{"value":"HASTA QUE NO CUMPLA 5 ANOS NO LO RCIBEN","labl":null,"is_missing":null,"stats":[{"value":"1","type":"freq","wgtd":null}]},{"value":"HOGAR COMUITARIO","labl":null,"is_missing":null,"stats":[{"value":"1","type":"freq","wgtd":null}]},{"value":"HOGAR SUSTITUTO LOS VAN ADAR EN ADOPCION","labl":null,"is_missing":null,"stats":[{"value":"1","type":"freq","wgtd":null}]},{"value":"INCAPACIDAD PROCEDIMIENTO QUIRURGICO","labl":null,"is_missing":null,"stats":[{"value":"1","type":"freq","wgtd":null}]},{"value":"INSEGURIDAD POR LA INSTITUCION","labl":null,"is_missing":null,"stats":[{"value":"1","type":"freq","wgtd":null}]},{"value":"JUGAR","labl":null,"is_missing":null,"stats":[{"value":"1","type":"freq","wgtd":null}]},{"value":"LA  MADRE   NO   LE  GUSTA   TENERLO   EN   GUARDERIA NGUARDERIAS","labl":null,"is_missing":null,"stats":[{"value":"1","type":"freq","wgtd":null}]},{"value":"LA ATENCION EN EL JARDIN NO ES BUENA","labl":null,"is_missing":null,"stats":[{"value":"1","type":"freq","wgtd":null}]},{"value":"LA EDAD","labl":null,"is_missing":null,"stats":[{"value":"2","type":"freq","wgtd":null}]},{"value":"LA ESCUELA EXIGE QUE TENGA 5 A\u00d1OS","labl":null,"is_missing":null,"stats":[{"value":"1","type":"freq","wgtd":null}]},{"value":"LA NI\u00d1A NECESITA UN CUIDADO ESPECIAL PORQUE TIENE EL SINDROME DEL DOW","labl":null,"is_missing":null,"stats":[{"value":"1","type":"freq","wgtd":null}]},{"value":"LA NI\u00d1A NO SE ACOSTUMBRO","labl":null,"is_missing":null,"stats":[{"value":"1","type":"freq","wgtd":null}]},{"value":"LA NI\u00d1A SI ASISTE A LA GUARDERIA SOLO POR 5 HORAS","labl":null,"is_missing":null,"stats":[{"value":"1","type":"freq","wgtd":null}]},{"value":"LA SACARON  DEL  COLEGIO","labl":null,"is_missing":null,"stats":[{"value":"1","type":"freq","wgtd":null}]},{"value":"LAS INSTITUCIONES NO LO RESIVEN POR LOS PROBLEMAS DE SALUD QUE TIENE","labl":null,"is_missing":null,"stats":[{"value":"1","type":"freq","wgtd":null}]},{"value":"LE CANCELARON EL CUPO POR INASISTENCIA A PESAR DE TENER EXCUSA MEDICA","labl":null,"is_missing":null,"stats":[{"value":"1","type":"freq","wgtd":null}]},{"value":"LO CONSIDERAN PE\u00d1O Y NO HAY GUARDERIA","labl":null,"is_missing":null,"stats":[{"value":"1","type":"freq","wgtd":null}]},{"value":"MADRE INFORMA QUE LO RETIRO DEL COLEGIO POR DESCUIDO DE PROFESORES","labl":null,"is_missing":null,"stats":[{"value":"1","type":"freq","wgtd":null}]},{"value":"MADRE SUSTITUTA LA CUIDA","labl":null,"is_missing":null,"stats":[{"value":"1","type":"freq","wgtd":null}]},{"value":"MAL ESTADO DE SALUD","labl":null,"is_missing":null,"stats":[{"value":"1","type":"freq","wgtd":null}]},{"value":"MAL SERVICIO DE LAS GUARDERIAS.","labl":null,"is_missing":null,"stats":[{"value":"1","type":"freq","wgtd":null}]},{"value":"MALA ATENCION DE LA PROFESORA","labl":null,"is_missing":null,"stats":[{"value":"1","type":"freq","wgtd":null}]},{"value":"MOTIVOS DE SALUD","labl":null,"is_missing":null,"stats":[{"value":"1","type":"freq","wgtd":null}]},{"value":"MUCHO TRAMITE EXIGEN MUCHOS DOCUMENTOS","labl":null,"is_missing":null,"stats":[{"value":"1","type":"freq","wgtd":null}]},{"value":"NAIDIS VILLAMIL ASISTE 4 HORAS  A UN HOGAR DE BIENESTAR","labl":null,"is_missing":null,"stats":[{"value":"1","type":"freq","wgtd":null}]},{"value":"NECESITA LLEVAR EL CARNET DE SALUD Y DE CRECIMIENTO Y DESARROLLO","labl":null,"is_missing":null,"stats":[{"value":"1","type":"freq","wgtd":null}]},{"value":"NO    TIENE  LA       CARTA    DESPLAZADO","labl":null,"is_missing":null,"stats":[{"value":"1","type":"freq","wgtd":null}]},{"value":"NO   LE   GUSTA","labl":null,"is_missing":null,"stats":[{"value":"1","type":"freq","wgtd":null}]},{"value":"NO  ESTA  REGISTRADO","labl":null,"is_missing":null,"stats":[{"value":"1","type":"freq","wgtd":null}]},{"value":"NO  LA  RECIBEN  POR  LA   EDAD","labl":null,"is_missing":null,"stats":[{"value":"1","type":"freq","wgtd":null}]},{"value":"NO  LE   GUSTA ALA    MADRE  TENERLO   EN  GUADERIA","labl":null,"is_missing":null,"stats":[{"value":"1","type":"freq","wgtd":null}]},{"value":"NO  TENIA  LOS  PAPELES COMPLETOS  Y NO TENIA  PARA  PAGAR LA  PENSION","labl":null,"is_missing":null,"stats":[{"value":"1","type":"freq","wgtd":null}]},{"value":"NO A REALIZADO LOS PAPELES PARA QUE INGRESE A GUARDERIA","labl":null,"is_missing":null,"stats":[{"value":"1","type":"freq","wgtd":null}]},{"value":"NO CONFIA EN NINGUN CENTRO PARA EL CUIDADO","labl":null,"is_missing":null,"stats":[{"value":"1","type":"freq","wgtd":null}]},{"value":"NO EXISTEN EN LA VEREDA","labl":null,"is_missing":null,"stats":[{"value":"1","type":"freq","wgtd":null}]},{"value":"NO HA CONSULTADO PARA SABER SI HAY GUARDERIA CERCA","labl":null,"is_missing":null,"stats":[{"value":"1","type":"freq","wgtd":null}]},{"value":"NO HAN HECHO LAS VUELTAS","labl":null,"is_missing":null,"stats":[{"value":"1","type":"freq","wgtd":null}]},{"value":"NO HAY GUARDERIA","labl":null,"is_missing":null,"stats":[{"value":"1","type":"freq","wgtd":null}]},{"value":"NO HAY HOGAR","labl":null,"is_missing":null,"stats":[{"value":"1","type":"freq","wgtd":null}]},{"value":"NO HAY INSTITUCIONES BUENAS","labl":null,"is_missing":null,"stats":[{"value":"1","type":"freq","wgtd":null}]},{"value":"NO HAY INSTITUCIONES PARA CUIDADO DE INFANTE.","labl":null,"is_missing":null,"stats":[{"value":"1","type":"freq","wgtd":null}]},{"value":"NO HAY JARDIN","labl":null,"is_missing":null,"stats":[{"value":"1","type":"freq","wgtd":null}]},{"value":"NO HAY MAESTROS","labl":null,"is_missing":null,"stats":[{"value":"1","type":"freq","wgtd":null}]},{"value":"NO HAY SERVICIO DE JARDIN","labl":null,"is_missing":null,"stats":[{"value":"1","type":"freq","wgtd":null}]},{"value":"NO LA ACEPTAN POR LA EDAD","labl":null,"is_missing":null,"stats":[{"value":"1","type":"freq","wgtd":null}]},{"value":"NO LA RECIBEN POR LA EDAD EN LA ESCUELA NO LE GUSTA LOS JARDINES","labl":null,"is_missing":null,"stats":[{"value":"1","type":"freq","wgtd":null}]},{"value":"NO LA RECIBIERONPOR LA EDAD","labl":null,"is_missing":null,"stats":[{"value":"1","type":"freq","wgtd":null}]},{"value":"NO LE DA CONFIANZA DEJARLA CON OTRA PERSONA POR LO QUE LE SUCEDIO ANTERIORMENTE","labl":null,"is_missing":null,"stats":[{"value":"1","type":"freq","wgtd":null}]},{"value":"NO LE GUSTA","labl":null,"is_missing":null,"stats":[{"value":"3","type":"freq","wgtd":null}]},{"value":"NO LE GUSTA ASISTIR A LA GUARDERIA","labl":null,"is_missing":null,"stats":[{"value":"1","type":"freq","wgtd":null}]},{"value":"NO LE GUSTA IR POR QUE OTROS NI\u00d1OS LE PEGAN","labl":null,"is_missing":null,"stats":[{"value":"1","type":"freq","wgtd":null}]},{"value":"NO LE GUSTA LA CALIDAD DEL HOGAR COMUNITARIO DEL MUNICIPIO PREFIERE CUIDARLA","labl":null,"is_missing":null,"stats":[{"value":"1","type":"freq","wgtd":null}]},{"value":"NO LE GUSTABA ESTAR EN LA GUARDERIA Y ESTE \u00d1O TUVIERON QUE RETIRARLA","labl":null,"is_missing":null,"stats":[{"value":"1","type":"freq","wgtd":null}]},{"value":"NO LO ACEPTAN EN LOS COLEGIOS HASTA QUE CUMPA LOS 5 A\u00d1OS DE EDAD","labl":null,"is_missing":null,"stats":[{"value":"1","type":"freq","wgtd":null}]},{"value":"NO LO RECIBEN  POR  QUE  ES MENOR  DE  UN  A\u00d1O","labl":null,"is_missing":null,"stats":[{"value":"1","type":"freq","wgtd":null}]},{"value":"NO QUIERE ASISTIR","labl":null,"is_missing":null,"stats":[{"value":"1","type":"freq","wgtd":null}]},{"value":"NO QUISO ASISTIR MAS AL JARDIN Y VA A ENTRAR AL COLEGIO","labl":null,"is_missing":null,"stats":[{"value":"1","type":"freq","wgtd":null}]},{"value":"NO QUISO SEGUIR ESTUDIANDO","labl":null,"is_missing":null,"stats":[{"value":"1","type":"freq","wgtd":null}]},{"value":"NO QUISO VOLVER POR QUE LE CAMBIARON LA PROFESORA","labl":null,"is_missing":null,"stats":[{"value":"1","type":"freq","wgtd":null}]},{"value":"NO QUIZO VOLVER","labl":null,"is_missing":null,"stats":[{"value":"1","type":"freq","wgtd":null}]},{"value":"NO SE ADAPTA AL HOGAR PASA LLORANDO","labl":null,"is_missing":null,"stats":[{"value":"1","type":"freq","wgtd":null}]},{"value":"NO SE ADAPTO","labl":null,"is_missing":null,"stats":[{"value":"1","type":"freq","wgtd":null}]},{"value":"NO SE AOSTUMBRA","labl":null,"is_missing":null,"stats":[{"value":"1","type":"freq","wgtd":null}]},{"value":"NO SE SINTIO BIEN EN EL HOGAR","labl":null,"is_missing":null,"stats":[{"value":"1","type":"freq","wgtd":null}]},{"value":"NO TIENE CONFIANZA EN ESTOS HOGARES EL NI\u00d1O ES MUY INQUIETO","labl":null,"is_missing":null,"stats":[{"value":"1","type":"freq","wgtd":null}]},{"value":"NO TIENE EDAD PARA EL GRADO  PRIMERO","labl":null,"is_missing":null,"stats":[{"value":"1","type":"freq","wgtd":null}]},{"value":"NO TIENE LA EDAD NECESARIA PARA MATRICULARLO EN EL PLANTEL EDUCATIVO  CERCANO","labl":null,"is_missing":null,"stats":[{"value":"1","type":"freq","wgtd":null}]},{"value":"NO TIENE MUCHO TIEMPO DE ESTAR VIVIENDO EN EL MUIIP","labl":null,"is_missing":null,"stats":[{"value":"1","type":"freq","wgtd":null}]},{"value":"NO TIENEN DINERO COMO PAGAR LA PENSION","labl":null,"is_missing":null,"stats":[{"value":"1","type":"freq","wgtd":null}]},{"value":"PERMANECE MUY ENFERMA","labl":null,"is_missing":null,"stats":[{"value":"1","type":"freq","wgtd":null}]},{"value":"PERSONA CON DISTROFIA MUSCULAR Y NO HABLA","labl":null,"is_missing":null,"stats":[{"value":"1","type":"freq","wgtd":null}]},{"value":"POR CAMBIO DE DOMICILIO","labl":null,"is_missing":null,"stats":[{"value":"1","type":"freq","wgtd":null}]},{"value":"POR ENFERMEDAD","labl":null,"is_missing":null,"stats":[{"value":"1","type":"freq","wgtd":null}]},{"value":"POR ENFERMEDAD - EPILEPSIA","labl":null,"is_missing":null,"stats":[{"value":"1","type":"freq","wgtd":null}]},{"value":"POR ENFERMEDAD RESPIRATORIA","labl":null,"is_missing":null,"stats":[{"value":"1","type":"freq","wgtd":null}]},{"value":"POR ESTA MUY PEQUE\u00d1O","labl":null,"is_missing":null,"stats":[{"value":"1","type":"freq","wgtd":null}]},{"value":"POR ESTAR EN UN COLEGIO","labl":null,"is_missing":null,"stats":[{"value":"1","type":"freq","wgtd":null}]},{"value":"POR FALTA DE RECURSOS ECONOMICOS","labl":null,"is_missing":null,"stats":[{"value":"1","type":"freq","wgtd":null}]},{"value":"POR INESTABIIDAD DEL HOGAR","labl":null,"is_missing":null,"stats":[{"value":"1","type":"freq","wgtd":null}]},{"value":"POR LA EDAD","labl":null,"is_missing":null,"stats":[{"value":"1","type":"freq","wgtd":null}]},{"value":"POR LA EDAD AUN NO LA RECIBEN EN EL COLEGIO","labl":null,"is_missing":null,"stats":[{"value":"1","type":"freq","wgtd":null}]},{"value":"POR LA EDAD LO RECIBEN EN ENERO","labl":null,"is_missing":null,"stats":[{"value":"1","type":"freq","wgtd":null}]},{"value":"POR MAL SERVICIO DE LAS GUARDERIAS","labl":null,"is_missing":null,"stats":[{"value":"1","type":"freq","wgtd":null}]},{"value":"POR MAL SERVICIO EN LAS GUARDERIAS.","labl":null,"is_missing":null,"stats":[{"value":"1","type":"freq","wgtd":null}]},{"value":"POR PROBLEMAS DE SALUD","labl":null,"is_missing":null,"stats":[{"value":"2","type":"freq","wgtd":null}]},{"value":"POR PROBLEMAS DE UNA ALERGIA","labl":null,"is_missing":null,"stats":[{"value":"1","type":"freq","wgtd":null}]},{"value":"POR QUE ASISTE AL COLEGIO","labl":null,"is_missing":null,"stats":[{"value":"1","type":"freq","wgtd":null}]},{"value":"POR QUE EL NI\u00d1O  NO SE AMA\u00d1A","labl":null,"is_missing":null,"stats":[{"value":"1","type":"freq","wgtd":null}]},{"value":"POR QUE EN EL HOGAR INFANTIL SE ENFERMA MUCHO","labl":null,"is_missing":null,"stats":[{"value":"1","type":"freq","wgtd":null}]},{"value":"POR QUE LE HAN EXIGIDO MUCHOS REQUISITOS","labl":null,"is_missing":null,"stats":[{"value":"1","type":"freq","wgtd":null}]},{"value":"POR QUE LO CONSIDERA MUY PEQUENO","labl":null,"is_missing":null,"stats":[{"value":"1","type":"freq","wgtd":null}]},{"value":"POR QUE NO HAY TRANSPORTE Y QUEDA DIFII LLLEVARLO","labl":null,"is_missing":null,"stats":[{"value":"1","type":"freq","wgtd":null}]},{"value":"POR QUE NO LE GUSTO EL COLEGIO","labl":null,"is_missing":null,"stats":[{"value":"1","type":"freq","wgtd":null}]},{"value":"POR QUE NO SABE IR AL BA\u00d1O","labl":null,"is_missing":null,"stats":[{"value":"1","type":"freq","wgtd":null}]},{"value":"POR QUE NO TIENE DOCUMENTOS","labl":null,"is_missing":null,"stats":[{"value":"1","type":"freq","wgtd":null}]},{"value":"POR QUE PASA ENFERMO","labl":null,"is_missing":null,"stats":[{"value":"1","type":"freq","wgtd":null}]},{"value":"POR QUE SE EMFERMA CON  FRECUENCIA","labl":null,"is_missing":null,"stats":[{"value":"1","type":"freq","wgtd":null}]},{"value":"POR QUE SU EDUCACION DEBE SER ESPECIAL","labl":null,"is_missing":null,"stats":[{"value":"1","type":"freq","wgtd":null}]},{"value":"POR RECOMENDACION","labl":null,"is_missing":null,"stats":[{"value":"1","type":"freq","wgtd":null}]},{"value":"POR SEGURIDAD","labl":null,"is_missing":null,"stats":[{"value":"1","type":"freq","wgtd":null}]},{"value":"PORQUE ES MUY ENFERMIZO","labl":null,"is_missing":null,"stats":[{"value":"1","type":"freq","wgtd":null}]},{"value":"PORQUE ESTA EN PROCESO DE ADOPCION","labl":null,"is_missing":null,"stats":[{"value":"1","type":"freq","wgtd":null}]},{"value":"PORQUE ESTAN ESPERANDO QUE LO RECIBAN EN EL JARDIN DEL COLEGIO","labl":null,"is_missing":null,"stats":[{"value":"1","type":"freq","wgtd":null}]},{"value":"PORQUE LLEVAN 3 MESES EN BOGOTA","labl":null,"is_missing":null,"stats":[{"value":"1","type":"freq","wgtd":null}]},{"value":"PORQUE NO QUIERE IR AL JARDIN","labl":null,"is_missing":null,"stats":[{"value":"1","type":"freq","wgtd":null}]},{"value":"PORQUE NO TIENE LA EDAD QUE EXIGE LA  INSTITUCION","labl":null,"is_missing":null,"stats":[{"value":"1","type":"freq","wgtd":null}]},{"value":"PORQUE POR LA ESTATURA NO  LO ACEPTARON","labl":null,"is_missing":null,"stats":[{"value":"1","type":"freq","wgtd":null}]},{"value":"PORQUE SE ENFERMA MUY FACILMENTE","labl":null,"is_missing":null,"stats":[{"value":"1","type":"freq","wgtd":null}]},{"value":"PORQUE SE LE PERDIERON LOS PAPELES DE CRECIMIENTO Y DESARROLLO","labl":null,"is_missing":null,"stats":[{"value":"1","type":"freq","wgtd":null}]},{"value":"PORQUE YA ESTA HACISTIENDO AL COLEGIO","labl":null,"is_missing":null,"stats":[{"value":"1","type":"freq","wgtd":null}]},{"value":"PROBLEMAS CON EL PERSONAL DEL JARDIN","labl":null,"is_missing":null,"stats":[{"value":"1","type":"freq","wgtd":null}]},{"value":"PROBLEMAS DE SALUD","labl":null,"is_missing":null,"stats":[{"value":"1","type":"freq","wgtd":null}]},{"value":"RAZONES MEDICAS","labl":null,"is_missing":null,"stats":[{"value":"1","type":"freq","wgtd":null}]},{"value":"RECIBEN DE DOS A\u00d1OS EN ADELANTE","labl":null,"is_missing":null,"stats":[{"value":"1","type":"freq","wgtd":null}]},{"value":"RIESGO DE ORDEN PUBLICO","labl":null,"is_missing":null,"stats":[{"value":"1","type":"freq","wgtd":null}]},{"value":"SALUD","labl":null,"is_missing":null,"stats":[{"value":"2","type":"freq","wgtd":null}]},{"value":"SE CAMBIARON DE RESIDENIA","labl":null,"is_missing":null,"stats":[{"value":"1","type":"freq","wgtd":null}]},{"value":"SE CERRO LA GUARDERIA A LA QUE ASISTIA","labl":null,"is_missing":null,"stats":[{"value":"1","type":"freq","wgtd":null}]},{"value":"SE ENFERMO EN LA ANTERIOR GUARDERIA","labl":null,"is_missing":null,"stats":[{"value":"1","type":"freq","wgtd":null}]},{"value":"SE MUDO DE BARRIO Y DEJO DE ASISTIR","labl":null,"is_missing":null,"stats":[{"value":"1","type":"freq","wgtd":null}]},{"value":"SE TERMINO EL PROGRAMA FUNDAPRE DONDE EL ASISTIA","labl":null,"is_missing":null,"stats":[{"value":"1","type":"freq","wgtd":null}]},{"value":"SI ASISTE A ESCUELA","labl":null,"is_missing":null,"stats":[{"value":"1","type":"freq","wgtd":null}]},{"value":"SI ASISTE A LA GUARDERIA PERO LA MMAYOR PARTE L A PASA EN LA CASA","labl":null,"is_missing":null,"stats":[{"value":"1","type":"freq","wgtd":null}]},{"value":"SI ASISTE A UN HOGAR COMUNITARIO","labl":null,"is_missing":null,"stats":[{"value":"1","type":"freq","wgtd":null}]},{"value":"SI ASISTE A UN JARDIN INFANTIL DEL COLEGIO SAN JOSE, ALLI SOLO ESTA DE 8 A  12","labl":null,"is_missing":null,"stats":[{"value":"1","type":"freq","wgtd":null}]},{"value":"SI ASISTE AL HOGAR PERO SOLO 3 HORAS DIARIAS","labl":null,"is_missing":null,"stats":[{"value":"1","type":"freq","wgtd":null}]},{"value":"SI ESTUDIA  EN EL GRADO PRE JARDIN","labl":null,"is_missing":null,"stats":[{"value":"1","type":"freq","wgtd":null}]},{"value":"SOLO  ASISTE 4 HORAS A LA SEMANA A LA GUARDERIA","labl":null,"is_missing":null,"stats":[{"value":"1","type":"freq","wgtd":null}]},{"value":"SOLO ACUDE AL HOGAR COMUNITARIO TRES HORAS Y MEDIA,DE LUNES A VIERNES","labl":null,"is_missing":null,"stats":[{"value":"1","type":"freq","wgtd":null}]},{"value":"SON MENORES DE UN A\u00d1O","labl":null,"is_missing":null,"stats":[{"value":"1","type":"freq","wgtd":null}]},{"value":"SUFRIO UN ACCIDENTEEN EL HOGAR INFANTI DONDE ASISTIA","labl":null,"is_missing":null,"stats":[{"value":"1","type":"freq","wgtd":null}]},{"value":"TEMPORALMENTE EN LA CASA POR INCIDENTE EN EL JARDIN","labl":null,"is_missing":null,"stats":[{"value":"1","type":"freq","wgtd":null}]},{"value":"TIENE LA ABUELA QUE LA CUIDA EN OTRA VIVIENDA","labl":null,"is_missing":null,"stats":[{"value":"1","type":"freq","wgtd":null}]},{"value":"VA A LA ESCUELA","labl":null,"is_missing":null,"stats":[{"value":"1","type":"freq","wgtd":null}]},{"value":"VA A UN HOGAR COMUNITARIO SOLO TRES HORAS","labl":null,"is_missing":null,"stats":[{"value":"1","type":"freq","wgtd":null}]},{"value":"VA ALA ESCUEA","labl":null,"is_missing":null,"stats":[{"value":"1","type":"freq","wgtd":null}]},{"value":"VACACIONES","labl":null,"is_missing":null,"stats":[{"value":"1","type":"freq","wgtd":null}]},{"value":"YA ESTA EN PREESCOLAR","labl":null,"is_missing":null,"stats":[{"value":"1","type":"freq","wgtd":null}]},{"value":"cambio  de barrio","labl":null,"is_missing":null,"stats":[{"value":"1","type":"freq","wgtd":null}]},{"value":"no le gusta los hogares o jardines","labl":null,"is_missing":null,"stats":[{"value":"1","type":"freq","wgtd":null}]}],"var_codinstr":null,"var_concept":[],"var_format":{"type":"character","schema":"other","category":null,"name":null},"var_notes":null,"var_val_range":{"min":null,"max":null},"fid":"F39","sid":"196","survey_idno":"DANE-DIRPEN-ENCV-2011"}