{"file_id":"F39","vid":"V3085","name":"P8574","var_intrvl":"discrete","var_dcml":"0","var_wgt":null,"var_is_wgt":null,"loc_start_pos":"208","loc_end_pos":"208","loc_width":"1","loc_rec_seg_no":"1","labl":"El hogar: \u00bfpaga al establecimiento alimentaci\u00f3n para_____?","var_imputation":null,"var_security":"El acceso a microdatos y Mam-up se considera como de tratamiento especial respecto a la reserva estad\u00edstica por tanto estar\u00e1 sujeto a la reglamentaci\u00f3n que para el efecto defina el Comit\u00e9 de Aseguramiento de la reserva estad\u00edstica. Resoluci\u00f3n 173 de 2008.","var_resp_unit":"Directo.","var_analysis_unit":null,"var_qstn_preqtxt":"11. Valor Mensual $ __________","var_qstn_qstnlit":"12. El hogar: - \u00bfpaga al establecimiento alimentaci\u00f3n para .....?\n\n1\tS\u00ed\n2\tNo","var_qstn_postqtxt":"12. Valor Mensual $ __________","var_qstn_ivuinstr":"Tenga presente que el valor que se registra aqu\u00ed corresponde a lo que se paga mensualmente por comidas completas y no a la sumatoria de lo que se paga diariamente o espor\u00e1dicamente por los alimentos que el ni\u00f1o recibe en forma gratuita o por un pago simb\u00f3lico, a que hacen referencia las preguntas 15 y 16. \n\nSi el pago por alimentaci\u00f3n se incluye en pago de pensi\u00f3n y no es posible desagregarlos, entonces en \"Valor mensual\" de esta pregunta se escriba c\u00f3digo 98. Si no sabe el valor asigne 99.","var_universe":"Calidad de Vida est\u00e1 conformado por la poblaci\u00f3n civil no institucional residente en todo el territorio nacional.\n\nEste cap\u00edtulo esta dirigido a los ni\u00f1os y ni\u00f1as menores de cinco a\u00f1os.","var_universe_clusion":"I","var_sumstat":[{"value":"2585","type":"vald","wgtd":null},{"value":"5811","type":"invd","wgtd":null}],"var_txt":null,"var_catgry":[{"value":"1","labl":"S\u00ed","is_missing":null,"stats":[{"value":"232","type":"freq","wgtd":null}]},{"value":"2","labl":"No","is_missing":null,"stats":[{"value":"2353","type":"freq","wgtd":null}]},{"value":"Sysmiss","labl":null,"is_missing":"Y","stats":[{"value":"5811","type":"freq","wgtd":null}]}],"var_codinstr":null,"var_concept":[],"var_format":{"type":"numeric","schema":"other","category":null,"name":null},"var_notes":null,"var_val_range":{"min":null,"max":null},"fid":"F39","sid":"196","survey_idno":"DANE-DIRPEN-ENCV-2011"}