{"file_id":"F39","vid":"V3122","name":"P8582S10A1","var_intrvl":"discrete","var_dcml":null,"var_wgt":null,"var_is_wgt":null,"loc_start_pos":"397","loc_end_pos":"476","loc_width":"80","loc_rec_seg_no":"1","labl":"\u00bfCu\u00e1l?","var_imputation":null,"var_security":"El acceso a microdatos y Mam-up se considera como de tratamiento especial respecto a la reserva estad\u00edstica por tanto estar\u00e1 sujeto a la reglamentaci\u00f3n que para el efecto defina el Comit\u00e9 de Aseguramiento de la reserva estad\u00edstica. Resoluci\u00f3n 173 de 2008.","var_resp_unit":"Directo.","var_analysis_unit":null,"var_qstn_preqtxt":"19. \u00bfCu\u00e1les fueron las principales razones para no llevar a ..... a un control de crecimiento y desarrollo?\n\nj. Otra, \u00bfcu\u00e1l?","var_qstn_qstnlit":"19. \u00bfCu\u00e1les fueron las principales razones para no llevar a ..... a un control de crecimiento y desarrollo?\n\nj. \u00bfcu\u00e1l? _____________________","var_qstn_postqtxt":null,"var_qstn_ivuinstr":"Admite varias opciones de respuesta.","var_universe":"Calidad de Vida est\u00e1 conformado por la poblaci\u00f3n civil no institucional residente en todo el territorio nacional.\n\nEste cap\u00edtulo esta dirigido a los ni\u00f1os y ni\u00f1as menores de cinco a\u00f1os.","var_universe_clusion":"I","var_sumstat":[{"value":"169","type":"vald","wgtd":null},{"value":"0","type":"invd","wgtd":null}],"var_txt":null,"var_catgry":[{"value":"A SIDO CAMBIADO DE IPS MUCHAS VECES","labl":null,"is_missing":null,"stats":[{"value":"1","type":"freq","wgtd":null}]},{"value":"AL NO TENER CARNE DE SALUD NO PUEDE ACCEDER AL PROGRAMA","labl":null,"is_missing":null,"stats":[{"value":"1","type":"freq","wgtd":null}]},{"value":"ANTERIORMENTE LO ESTABA PERO CAMBIO DE CIUDAD,ACTUALMENTE ESTA RECIEN VINCULADA","labl":null,"is_missing":null,"stats":[{"value":"1","type":"freq","wgtd":null}]},{"value":"APENAS TIENE LA CITA LA PROXIMA SEMANA","labl":null,"is_missing":null,"stats":[{"value":"1","type":"freq","wgtd":null}]},{"value":"AUN NO LO HAN LLEVADO A CONTROL","labl":null,"is_missing":null,"stats":[{"value":"1","type":"freq","wgtd":null}]},{"value":"AUN NO SE HA CUMPLIDO ELTIEMPO PARA LLEVARLO","labl":null,"is_missing":null,"stats":[{"value":"1","type":"freq","wgtd":null}]},{"value":"BOTO EL CARNET DE VACUNAS","labl":null,"is_missing":null,"stats":[{"value":"1","type":"freq","wgtd":null}]},{"value":"CAMILO ESTA EN TRATAMIENTO CON EL PEDIATRA Y EL HACE EL CONTROL","labl":null,"is_missing":null,"stats":[{"value":"1","type":"freq","wgtd":null}]},{"value":"CERRARON EL PUESTO DE SALUD CERCANO DONDE ASISTIA.","labl":null,"is_missing":null,"stats":[{"value":"1","type":"freq","wgtd":null}]},{"value":"COMO ES PREMATURA, DESDE QUE NACIO LA CONTROLA EL PEDIATRA","labl":null,"is_missing":null,"stats":[{"value":"1","type":"freq","wgtd":null}]},{"value":"COMO NO HA PODIDO AFILIAR A SU BEBE ,NO LO HA LLEVADO A CONTROL DE CRECIMIENTO","labl":null,"is_missing":null,"stats":[{"value":"1","type":"freq","wgtd":null}]},{"value":"CONSIDERA QUE NO LO NECESITA","labl":null,"is_missing":null,"stats":[{"value":"1","type":"freq","wgtd":null}]},{"value":"CONSIDERA QUE SALE MAS COSTOSO QUE PEDIR UNA CITA PARA REBICION","labl":null,"is_missing":null,"stats":[{"value":"1","type":"freq","wgtd":null}]},{"value":"CONSTANTE CAMBIO DE RESIDENCA","labl":null,"is_missing":null,"stats":[{"value":"1","type":"freq","wgtd":null}]},{"value":"CREE QUE SOLO ES PARA NINOS MAS PEQUENOS ELLA YA SABE COMO ALIMENTARLA","labl":null,"is_missing":null,"stats":[{"value":"1","type":"freq","wgtd":null}]},{"value":"CUANDO CUMPLA ELPRIMER MES","labl":null,"is_missing":null,"stats":[{"value":"1","type":"freq","wgtd":null}]},{"value":"DEBE MADRUGAR PARA  SACAR EL TURNO PARA PEDIR LA CITA","labl":null,"is_missing":null,"stats":[{"value":"1","type":"freq","wgtd":null}]},{"value":"DESCUIDO","labl":null,"is_missing":null,"stats":[{"value":"7","type":"freq","wgtd":null}]},{"value":"DESCUIDO DE LA MADRE","labl":null,"is_missing":null,"stats":[{"value":"1","type":"freq","wgtd":null}]},{"value":"DESCUIDO DE LA MAMA","labl":null,"is_missing":null,"stats":[{"value":"1","type":"freq","wgtd":null}]},{"value":"DON EDUARDO MISMO SE ENCARGA DE  CHEQUEAR AL NI\u00d1O A LO UNICO QUE LO LLEVAN ES AL","labl":null,"is_missing":null,"stats":[{"value":"1","type":"freq","wgtd":null}]},{"value":"EL  CARNET  SE LO DIERON  EL MES PASADO","labl":null,"is_missing":null,"stats":[{"value":"1","type":"freq","wgtd":null}]},{"value":"EL CARNET (COMPARTA) QUE TIENE LA NI\u00d1A NO LA ATIENDE EN EL MUNICIPIO","labl":null,"is_missing":null,"stats":[{"value":"1","type":"freq","wgtd":null}]},{"value":"EL CARNET NO LE PERMITE ESE SERVICIO","labl":null,"is_missing":null,"stats":[{"value":"1","type":"freq","wgtd":null}]},{"value":"EL CARNET QUE TIENE SOLO LA ATIENDEN POR URGENCIAS PARA CITAS MEDICAS NO LACUBRE","labl":null,"is_missing":null,"stats":[{"value":"1","type":"freq","wgtd":null}]},{"value":"EL CARNET QUE TIENEN NO CUBRE ESA CITA SOLO CUBRE URGENCIAS","labl":null,"is_missing":null,"stats":[{"value":"1","type":"freq","wgtd":null}]},{"value":"EL NI\u00d1O NO LO HAN REGISTRADO  Y PARA SU CONTROL LE PIDEN ESTE DOCUMENTO","labl":null,"is_missing":null,"stats":[{"value":"1","type":"freq","wgtd":null}]},{"value":"EL PASAJE ES MUY COSTOSO","labl":null,"is_missing":null,"stats":[{"value":"1","type":"freq","wgtd":null}]},{"value":"EL PRIMER CONTROL ES EL 14 DE OCTUBRE","labl":null,"is_missing":null,"stats":[{"value":"1","type":"freq","wgtd":null}]},{"value":"EL PUEDLO ES MUY LEJO","labl":null,"is_missing":null,"stats":[{"value":"1","type":"freq","wgtd":null}]},{"value":"EN EL JARDIN AL CUAL ASISTE LO ATIENDEN","labl":null,"is_missing":null,"stats":[{"value":"1","type":"freq","wgtd":null}]},{"value":"EN ESPERA DE LA SOLUCION DEL SEGURO","labl":null,"is_missing":null,"stats":[{"value":"1","type":"freq","wgtd":null}]},{"value":"ENTIDAD DE SALUD   HAN LLEGADO A LA COMUNIDAD","labl":null,"is_missing":null,"stats":[{"value":"1","type":"freq","wgtd":null}]},{"value":"ESTA DESVINCULADO DE LA ARS","labl":null,"is_missing":null,"stats":[{"value":"1","type":"freq","wgtd":null}]},{"value":"ESTA DIRECTAMENTE REMITA CON EL ESPECIALISTA","labl":null,"is_missing":null,"stats":[{"value":"1","type":"freq","wgtd":null}]},{"value":"ESTA EN ESPERA DE LA PRIMER CITA ESTE MES","labl":null,"is_missing":null,"stats":[{"value":"1","type":"freq","wgtd":null}]},{"value":"ESTA EN TRAMITE PARA EL CARNET DE CAPRECOM","labl":null,"is_missing":null,"stats":[{"value":"1","type":"freq","wgtd":null}]},{"value":"ESTA EN TRAMITES DE SOLICITUD DE CARNET DE SALUD","labl":null,"is_missing":null,"stats":[{"value":"1","type":"freq","wgtd":null}]},{"value":"ESTA GRANDE","labl":null,"is_missing":null,"stats":[{"value":"1","type":"freq","wgtd":null}]},{"value":"ESTA HACIENDO TRAMITES  PARA INGRESARLO AL PROGRAMA","labl":null,"is_missing":null,"stats":[{"value":"1","type":"freq","wgtd":null}]},{"value":"ESTA MUY LEJOS EL CENTRO DE ATENCION","labl":null,"is_missing":null,"stats":[{"value":"1","type":"freq","wgtd":null}]},{"value":"ESTA RECIEN AFILIADA","labl":null,"is_missing":null,"stats":[{"value":"1","type":"freq","wgtd":null}]},{"value":"ESTABA AFILIADA EN LA CIUDAD EN QUE VIVIA , ACTUALMENTE ESTA RECIEN AFILIADA NO","labl":null,"is_missing":null,"stats":[{"value":"1","type":"freq","wgtd":null}]},{"value":"ESTABA EN LA ESPERA DEL CARNE","labl":null,"is_missing":null,"stats":[{"value":"1","type":"freq","wgtd":null}]},{"value":"ESTABA SIN SALUD PORQUE AL PAPA LO SACARON DEL TRABAJO","labl":null,"is_missing":null,"stats":[{"value":"1","type":"freq","wgtd":null}]},{"value":"ESTAN RECIEN LLEGADO AL MUNICIPIO","labl":null,"is_missing":null,"stats":[{"value":"1","type":"freq","wgtd":null}]},{"value":"ESTUVIERON DE VIAJE","labl":null,"is_missing":null,"stats":[{"value":"1","type":"freq","wgtd":null}]},{"value":"FALTA   DE DINERO","labl":null,"is_missing":null,"stats":[{"value":"1","type":"freq","wgtd":null}]},{"value":"FALTA  DE  DINERO","labl":null,"is_missing":null,"stats":[{"value":"1","type":"freq","wgtd":null}]},{"value":"FALTA DE DINERO PARA LOS DESPLAZAMIENTOS","labl":null,"is_missing":null,"stats":[{"value":"1","type":"freq","wgtd":null}]},{"value":"FALTA DE MOTIVACION","labl":null,"is_missing":null,"stats":[{"value":"1","type":"freq","wgtd":null}]},{"value":"FALTA DE TIEMPO","labl":null,"is_missing":null,"stats":[{"value":"2","type":"freq","wgtd":null}]},{"value":"FLOJERA DE MADRUGAR  PARA SACAR LA CITA","labl":null,"is_missing":null,"stats":[{"value":"1","type":"freq","wgtd":null}]},{"value":"HACE POCO OBTUVO EL CARNET DE SALUD DEL NI\u00d1O.","labl":null,"is_missing":null,"stats":[{"value":"1","type":"freq","wgtd":null}]},{"value":"HASTA  LOS DOS MESES SE LLEVA","labl":null,"is_missing":null,"stats":[{"value":"1","type":"freq","wgtd":null}]},{"value":"LA AFILIACION NO ESTA LISTA","labl":null,"is_missing":null,"stats":[{"value":"1","type":"freq","wgtd":null}]},{"value":"LA CONSULTA ES PARA EL 7 DE ESTE MES","labl":null,"is_missing":null,"stats":[{"value":"1","type":"freq","wgtd":null}]},{"value":"LA ENTIDAD DE SALUD HA IDO A LA COMUNIDAD A REALIZAR BRIGADAS DE SALUD","labl":null,"is_missing":null,"stats":[{"value":"1","type":"freq","wgtd":null}]},{"value":"LA ENTIDAD DE SALUD VIENE A LA COMUNIDAD A REAIZAR BRIGADAS DE SALUD","labl":null,"is_missing":null,"stats":[{"value":"1","type":"freq","wgtd":null}]},{"value":"LA ENTIDAD EN LA CUAL ESTA VINCULADA NO PRESTA ESTE SERVICIO","labl":null,"is_missing":null,"stats":[{"value":"1","type":"freq","wgtd":null}]},{"value":"LA EPS NO TIENE DISPONBLIIDAD DE CITAS","labl":null,"is_missing":null,"stats":[{"value":"1","type":"freq","wgtd":null}]},{"value":"LA LLEVAN A CONTROL DE PEDIATRIA EN LA EPS DONE ESTA AFILIADA SIN PAGAR UN PESO","labl":null,"is_missing":null,"stats":[{"value":"1","type":"freq","wgtd":null}]},{"value":"LA MADRE MURIO Y ESTA POR AHORA CON LA ABUELA","labl":null,"is_missing":null,"stats":[{"value":"1","type":"freq","wgtd":null}]},{"value":"LA MADRE NO SE ENCONTRABA CON EL NI\u00d1O EN ESTE MUNICIPIO","labl":null,"is_missing":null,"stats":[{"value":"1","type":"freq","wgtd":null}]},{"value":"LA MAMA CONSIDERAN QUE YA PASO LA EDAD PARA DICHO CONTROL","labl":null,"is_missing":null,"stats":[{"value":"1","type":"freq","wgtd":null}]},{"value":"LA MAMA DICE QUE POR ESTAR ENFERMA NO HA TENIDO TIEMPO.","labl":null,"is_missing":null,"stats":[{"value":"1","type":"freq","wgtd":null}]},{"value":"LA MAMA LA  LLEVA AL PEDIATRA PARTICULAR","labl":null,"is_missing":null,"stats":[{"value":"1","type":"freq","wgtd":null}]},{"value":"LA MAMA SE ENCUENTRA INPACITADA POR CESAREA","labl":null,"is_missing":null,"stats":[{"value":"1","type":"freq","wgtd":null}]},{"value":"LA PRIMERA CITA ES A LOS TRES MESES DE EDAD.","labl":null,"is_missing":null,"stats":[{"value":"1","type":"freq","wgtd":null}]},{"value":"LA TIENE EL PROXIMO MES","labl":null,"is_missing":null,"stats":[{"value":"1","type":"freq","wgtd":null}]},{"value":"LE ORDENARON QUE LA LLEVARAN DESPUES DE LOS CINCO A\u00d1OS","labl":null,"is_missing":null,"stats":[{"value":"1","type":"freq","wgtd":null}]},{"value":"LO LLEVA A MEDICO PARTICULAR","labl":null,"is_missing":null,"stats":[{"value":"1","type":"freq","wgtd":null}]},{"value":"LO LLEVA AL PADRIATA","labl":null,"is_missing":null,"stats":[{"value":"1","type":"freq","wgtd":null}]},{"value":"LO LLEVA AL PEDIATRA","labl":null,"is_missing":null,"stats":[{"value":"1","type":"freq","wgtd":null}]},{"value":"LO LLEVAN A PEDIATRA","labl":null,"is_missing":null,"stats":[{"value":"1","type":"freq","wgtd":null}]},{"value":"LO LLEVAN A UN PEDIATRA PARTICULAR","labl":null,"is_missing":null,"stats":[{"value":"1","type":"freq","wgtd":null}]},{"value":"NO   TIENE   NINGUNA   EMPRESA   DE   SALUD","labl":null,"is_missing":null,"stats":[{"value":"1","type":"freq","wgtd":null}]},{"value":"NO  HAY  UN UESTO DESALUD SERCA","labl":null,"is_missing":null,"stats":[{"value":"1","type":"freq","wgtd":null}]},{"value":"NO  SE  ENCUENTRA  EL  MEDICO  ENCARGADO  DE ESA  PARTE","labl":null,"is_missing":null,"stats":[{"value":"1","type":"freq","wgtd":null}]},{"value":"NO CONSIDERA QUE ES NECESARIO Y TIENE SUS VACUNAS AL DIA","labl":null,"is_missing":null,"stats":[{"value":"1","type":"freq","wgtd":null}]},{"value":"NO ESTA AFILIADO A SEGURIDAD SOCIAL","labl":null,"is_missing":null,"stats":[{"value":"1","type":"freq","wgtd":null}]},{"value":"NO ESTA EN EL PROGRAMA DE CRECIMIENTO Y DESARROLLO","labl":null,"is_missing":null,"stats":[{"value":"1","type":"freq","wgtd":null}]},{"value":"NO ESTA REGISTRADA","labl":null,"is_missing":null,"stats":[{"value":"1","type":"freq","wgtd":null}]},{"value":"NO ESTA REGISTRADO","labl":null,"is_missing":null,"stats":[{"value":"2","type":"freq","wgtd":null}]},{"value":"NO HA HECHO LAS DILIGENCIAS","labl":null,"is_missing":null,"stats":[{"value":"1","type":"freq","wgtd":null}]},{"value":"NO HA REALIZADO  CAMBIO  DE IPS","labl":null,"is_missing":null,"stats":[{"value":"1","type":"freq","wgtd":null}]},{"value":"NO HA SACADO TIEMPO","labl":null,"is_missing":null,"stats":[{"value":"1","type":"freq","wgtd":null}]},{"value":"NO HA TENIDO TIEMPO","labl":null,"is_missing":null,"stats":[{"value":"1","type":"freq","wgtd":null}]},{"value":"NO HAY EL PROGRAMA","labl":null,"is_missing":null,"stats":[{"value":"1","type":"freq","wgtd":null}]},{"value":"NO HAY SENTRO DESALUD SERCA","labl":null,"is_missing":null,"stats":[{"value":"1","type":"freq","wgtd":null}]},{"value":"NO HAYSENTROS DE  SAUD  SERCA","labl":null,"is_missing":null,"stats":[{"value":"1","type":"freq","wgtd":null}]},{"value":"NO HUBO  PERSONA  QUE LA LLEVARA  PORQUE LA  JEFE DEL HOGAR ETABA EN CONVALECENC","labl":null,"is_missing":null,"stats":[{"value":"1","type":"freq","wgtd":null}]},{"value":"NO LA HABIAN ACTIVADO EN EL SISTEMA HASTA HACE UNA SEMAN PUDO PEDIR UNA CITA SE","labl":null,"is_missing":null,"stats":[{"value":"1","type":"freq","wgtd":null}]},{"value":"NO LA HAN INSCRITO","labl":null,"is_missing":null,"stats":[{"value":"1","type":"freq","wgtd":null}]},{"value":"NO LA LLEVO PORQUE EL HOSPITAL ESTABA EN PARO  Y SOLO SE ESTABA ATENDIENDO URGEN","labl":null,"is_missing":null,"stats":[{"value":"1","type":"freq","wgtd":null}]},{"value":"NO LE INFORMARON QUE DEVERIA LLEVARLO A CRECIMIENTO Y DESARROLLO","labl":null,"is_missing":null,"stats":[{"value":"1","type":"freq","wgtd":null}]},{"value":"NO LE TENIA CARNET","labl":null,"is_missing":null,"stats":[{"value":"1","type":"freq","wgtd":null}]},{"value":"NO LEAN  INFORMADO  SI  ESTA YA ENELCISTEMA","labl":null,"is_missing":null,"stats":[{"value":"1","type":"freq","wgtd":null}]},{"value":"NO LO HA PODIDO INSCRIBIR EN EL PROGRAMA POR DESCUIDO","labl":null,"is_missing":null,"stats":[{"value":"1","type":"freq","wgtd":null}]},{"value":"NO LO HAN INCLUIDO EN FAMILIAS EN ACCION","labl":null,"is_missing":null,"stats":[{"value":"1","type":"freq","wgtd":null}]},{"value":"NO LO HAN INGRESADO","labl":null,"is_missing":null,"stats":[{"value":"1","type":"freq","wgtd":null}]},{"value":"NO LO HAN SOLICITADO","labl":null,"is_missing":null,"stats":[{"value":"1","type":"freq","wgtd":null}]},{"value":"NO PUEDE SER ATENDIDA POR FALTA DE CARNET","labl":null,"is_missing":null,"stats":[{"value":"1","type":"freq","wgtd":null}]},{"value":"NO SE ACORDO DE LA CITA Y LA PERDIO","labl":null,"is_missing":null,"stats":[{"value":"1","type":"freq","wgtd":null}]},{"value":"NO SE ENCUETRA UNCENTRO DE SALUD SERCANO","labl":null,"is_missing":null,"stats":[{"value":"1","type":"freq","wgtd":null}]},{"value":"NO SE SINTIO AGUSTO CON EL SERVICIO POR TANTO DESIDIO NO LLEVARLO MAS A  ESTA EN","labl":null,"is_missing":null,"stats":[{"value":"1","type":"freq","wgtd":null}]},{"value":"NO TIENE CARNET SI NO UNA CARTA Y NO SE LA ACEPTAN","labl":null,"is_missing":null,"stats":[{"value":"1","type":"freq","wgtd":null}]},{"value":"NO TIENE DOUMENTOS -REGISTRO","labl":null,"is_missing":null,"stats":[{"value":"1","type":"freq","wgtd":null}]},{"value":"NO TIENE FECHA PROGRAMADA EN ESTE A\u00d1O","labl":null,"is_missing":null,"stats":[{"value":"1","type":"freq","wgtd":null}]},{"value":"NO TIENE PLATA PARA PAGAR PASAJES","labl":null,"is_missing":null,"stats":[{"value":"1","type":"freq","wgtd":null}]},{"value":"NO TIENE PLATA PARA PAGAR TRANSPORTE","labl":null,"is_missing":null,"stats":[{"value":"1","type":"freq","wgtd":null}]},{"value":"NO TIENE REGISTRO","labl":null,"is_missing":null,"stats":[{"value":"1","type":"freq","wgtd":null}]},{"value":"NO TIENE REGISTRO CIVIL","labl":null,"is_missing":null,"stats":[{"value":"2","type":"freq","wgtd":null}]},{"value":"NO TIENE REGISTRO CIVIL DE NACIMIENTO","labl":null,"is_missing":null,"stats":[{"value":"1","type":"freq","wgtd":null}]},{"value":"NO TIENE REGISTRO CIVIL, NO TIENE CARNET DE SALUD POR ESO NO ESTA EN UN CONTROL","labl":null,"is_missing":null,"stats":[{"value":"1","type":"freq","wgtd":null}]},{"value":"NO TIENE SEGURIDAD SOCIAL EN SALUD","labl":null,"is_missing":null,"stats":[{"value":"2","type":"freq","wgtd":null}]},{"value":"NO TIENE SERICIO MEDICO","labl":null,"is_missing":null,"stats":[{"value":"1","type":"freq","wgtd":null}]},{"value":"NO TIENEN CERTEZA DE PIRQUE NO LO LLEVAN","labl":null,"is_missing":null,"stats":[{"value":"1","type":"freq","wgtd":null}]},{"value":"NOHAY  CENTRO DESALUD","labl":null,"is_missing":null,"stats":[{"value":"1","type":"freq","wgtd":null}]},{"value":"PEDI LA CITA Y NO ME LA DIERON","labl":null,"is_missing":null,"stats":[{"value":"1","type":"freq","wgtd":null}]},{"value":"PEDIATRA PARTICULAR","labl":null,"is_missing":null,"stats":[{"value":"1","type":"freq","wgtd":null}]},{"value":"PEDIHATRA PARTICULAR","labl":null,"is_missing":null,"stats":[{"value":"1","type":"freq","wgtd":null}]},{"value":"PERDIO LA CITA","labl":null,"is_missing":null,"stats":[{"value":"1","type":"freq","wgtd":null}]},{"value":"POR DESCUIDO","labl":null,"is_missing":null,"stats":[{"value":"3","type":"freq","wgtd":null}]},{"value":"POR FALTA DE DOCUMENTO","labl":null,"is_missing":null,"stats":[{"value":"1","type":"freq","wgtd":null}]},{"value":"POR FLOJERA DE SACAR CITA","labl":null,"is_missing":null,"stats":[{"value":"1","type":"freq","wgtd":null}]},{"value":"POR OCUPACIONES DEL HOGAR","labl":null,"is_missing":null,"stats":[{"value":"1","type":"freq","wgtd":null}]},{"value":"POR QUE CAMBIO DE RESIDENCIA","labl":null,"is_missing":null,"stats":[{"value":"1","type":"freq","wgtd":null}]},{"value":"POR QUE EL CARNET ES DE OTRO MUNICIPIO","labl":null,"is_missing":null,"stats":[{"value":"1","type":"freq","wgtd":null}]},{"value":"POR QUE NO TENIA CARNET  DE  SALUD","labl":null,"is_missing":null,"stats":[{"value":"1","type":"freq","wgtd":null}]},{"value":"POR QUE NO TIENE CARNE DE SALUD","labl":null,"is_missing":null,"stats":[{"value":"1","type":"freq","wgtd":null}]},{"value":"POR QUE NO TIENE EL MES CUMPLIDO DE NACIDA","labl":null,"is_missing":null,"stats":[{"value":"1","type":"freq","wgtd":null}]},{"value":"PORQUE EL CONTROL SE LO HACE LA MAMA EN LA CASA","labl":null,"is_missing":null,"stats":[{"value":"1","type":"freq","wgtd":null}]},{"value":"PORQUE HASTA HACE POCO ESTA AFILIADO","labl":null,"is_missing":null,"stats":[{"value":"1","type":"freq","wgtd":null}]},{"value":"PORQUE LAS ENFERMERAS VIENEN A LA CASA","labl":null,"is_missing":null,"stats":[{"value":"1","type":"freq","wgtd":null}]},{"value":"PORQUE LOS ENFERMEROS VIENEN A LA CASA","labl":null,"is_missing":null,"stats":[{"value":"1","type":"freq","wgtd":null}]},{"value":"PORQUE NO LA PUDIERON INGRESAR PORQUE SE ENFERMO","labl":null,"is_missing":null,"stats":[{"value":"1","type":"freq","wgtd":null}]},{"value":"PORQUE NO TIENE CARNET DEL SISBEN","labl":null,"is_missing":null,"stats":[{"value":"1","type":"freq","wgtd":null}]},{"value":"PREFIERE LLEVARLO A UN PEDIATRA PARTICULAR","labl":null,"is_missing":null,"stats":[{"value":"1","type":"freq","wgtd":null}]},{"value":"PROBLEMAS DETRANSPORTE","labl":null,"is_missing":null,"stats":[{"value":"1","type":"freq","wgtd":null}]},{"value":"SE DEMORRON EN ENTREGAR EL CONTROL DE REGISTRO","labl":null,"is_missing":null,"stats":[{"value":"1","type":"freq","wgtd":null}]},{"value":"SE ESTAN TRASLADANDO A OTRA EPS","labl":null,"is_missing":null,"stats":[{"value":"1","type":"freq","wgtd":null}]},{"value":"SE LE OLVIDO LA FECHA Y NO LA LLEVO MAS","labl":null,"is_missing":null,"stats":[{"value":"1","type":"freq","wgtd":null}]},{"value":"SE REALIZO HASTA AHORA LA AFILIACION","labl":null,"is_missing":null,"stats":[{"value":"1","type":"freq","wgtd":null}]},{"value":"SOLO LO VE ES EL PEDIATRA","labl":null,"is_missing":null,"stats":[{"value":"1","type":"freq","wgtd":null}]},{"value":"SU PADRE ES MEDICO","labl":null,"is_missing":null,"stats":[{"value":"1","type":"freq","wgtd":null}]},{"value":"TIENE LA CITA EN UN MES","labl":null,"is_missing":null,"stats":[{"value":"1","type":"freq","wgtd":null}]},{"value":"TIENE PROBLEMAS CON EL REGISTRO Y AUN NO HA PODIDO INICIAR LOS TRAMITES DE LA EP","labl":null,"is_missing":null,"stats":[{"value":"1","type":"freq","wgtd":null}]},{"value":"TIENE SOLO 15 DIAS","labl":null,"is_missing":null,"stats":[{"value":"1","type":"freq","wgtd":null}]},{"value":"TODABIA  NO HA INICIADO ELPROCESO","labl":null,"is_missing":null,"stats":[{"value":"1","type":"freq","wgtd":null}]},{"value":"TODAVIA NO LO HAN CITADO","labl":null,"is_missing":null,"stats":[{"value":"1","type":"freq","wgtd":null}]},{"value":"TODAVIA NO TIENE CARNET DE SALUD.","labl":null,"is_missing":null,"stats":[{"value":"1","type":"freq","wgtd":null}]},{"value":"VISITA NORMALMENTE A UN MEDICO PARTICULAR","labl":null,"is_missing":null,"stats":[{"value":"1","type":"freq","wgtd":null}]},{"value":"VIVIMOS MUY LEJO DEL PUEDLO","labl":null,"is_missing":null,"stats":[{"value":"1","type":"freq","wgtd":null}]},{"value":"YA PASO DEL A\u00d1O","labl":null,"is_missing":null,"stats":[{"value":"1","type":"freq","wgtd":null}]},{"value":"la eps no lo atiende por tramites de cambio de municipio","labl":null,"is_missing":null,"stats":[{"value":"1","type":"freq","wgtd":null}]},{"value":"no tiene  carnet","labl":null,"is_missing":null,"stats":[{"value":"1","type":"freq","wgtd":null}]}],"var_codinstr":null,"var_concept":[],"var_format":{"type":"character","schema":"other","category":null,"name":null},"var_notes":null,"var_val_range":{"min":null,"max":null},"fid":"F39","sid":"196","survey_idno":"DANE-DIRPEN-ENCV-2011"}